{"id":729,"date":"2026-07-27T13:52:28","date_gmt":"2026-07-27T13:52:28","guid":{"rendered":"https:\/\/holding.wackler.dev.lichtblick.io\/?page_id=729"},"modified":"2026-07-28T14:33:03","modified_gmt":"2026-07-28T14:33:03","slug":"avento-matching-von-vakanzen-mit-bestehenden-profilen","status":"publish","type":"page","link":"https:\/\/www.wackler-group.de\/holding\/hinweispflichten\/avento-matching-von-vakanzen-mit-bestehenden-profilen\/","title":{"rendered":"Matching von Vakanzen mit bestehenden Profilen"},"content":{"rendered":"\n<section style=\"padding-bottom:var(--wp--preset--spacing--48-48)\" class=\"wp-block-lb-section-text-gutenberg\">\n    <div class=\"container\">\n        <div class=\"section__body\">\n            \n\n<h1 class=\"wp-block-heading\">Avento Personal GmbH &#8211; Talentpool \/ Bewerberdaten<br>(talent360 \/ Talentpool)<\/h1>\n\n\n\n<p class=\"has-subline-m-font-size wp-block-paragraph\">Hinweispflicht nach Art. 13 \/ 14 der EU-DSGVO<\/p>\n\n        <\/div>\n    <\/div>\n<\/section>\n\n\n\n<section style=\"padding-top:var(--wp--preset--spacing--32-32);padding-bottom:var(--wp--preset--spacing--32-32)\" class=\"wp-block-lb-section-text-gutenberg\">\n    <div class=\"container\">\n        <div class=\"section__body\">\n            \n\n<h2 class=\"wp-block-heading\">Angaben zum Verantwortlichen<\/h2>\n\n\n\n<p class=\"wp-block-paragraph\"><strong>Verantwortlicher gem\u00e4\u00df Artikel 4 Abs. 7 EU-DSGVO<\/strong><\/p>\n\n\n\n<p class=\"wp-block-paragraph\">Avento Personal GmbH, Chemnitzer Stra\u00dfe 36, 09247 Chemnitz<\/p>\n\n\n\n<p class=\"wp-block-paragraph\"><strong>Datenschutzbeauftragter<\/strong><\/p>\n\n\n\n<p class=\"wp-block-paragraph\">Mirko Tasch, 08142-420 50 10,&nbsp;<a href=\"https:\/\/www.wackler-group.de\/hinweispflichten\/kommunikation-mit-interessenten-\/-kunden\/#\" target=\"_blank\" rel=\"noreferrer noopener\">datenschutz(@)wackler-group(.)de<\/a><\/p>\n\n        <\/div>\n    <\/div>\n<\/section>\n\n\n\n<section style=\"padding-top:var(--wp--preset--spacing--32-32);padding-bottom:var(--wp--preset--spacing--32-32)\" class=\"wp-block-lb-section-text-gutenberg\">\n    <div class=\"container\">\n        <div class=\"section__body\">\n            \n\n<h2 class=\"wp-block-heading\"><strong>Zweck und Rechtsgrundlage<\/strong><\/h2>\n\n\n\n<p class=\"wp-block-paragraph\"><strong>Zweck der Verarbeitung<\/strong><br>Wir nutzen in unserem Bewerbermanagementsystem talent360 eine Matching-Funktion, um offene Vakanzen\/Anfragen mit bereits vorhandenen Kandidatenprofilen abzugleichen. Ziel ist es,<\/p>\n\n\n\n<ul style=\"margin-bottom:var(--wp--preset--spacing--0)\" class=\"wp-block-list\">\n<li>geeignete Kandidat:innen f\u00fcr eine Vakanz schneller zu identifizieren,<\/li>\n\n\n\n<li>den Auswahlprozess effizient zu gestalten,<\/li>\n\n\n\n<li>Doppelansprachen zu vermeiden und<\/li>\n\n\n\n<li>passende Einsatzm\u00f6glichkeiten\/Vermittlungen bzw. Bewerbungsprozesse vorzubereiten.<\/li>\n<\/ul>\n\n\n\n<p class=\"wp-block-paragraph\">Das Matching dient als Unterst\u00fctzung unserer Recruiter\/Disposition und ersetzt keine menschliche Entscheidung.<\/p>\n\n\n\n<p class=\"wp-block-paragraph\"><strong>Rechtsgrundlage der Verarbeitung<\/strong><\/p>\n\n\n\n<ul class=\"wp-block-list\">\n<li>Art. 6 Abs. 1 lit. b EU-DSGVO i. V. m. \u00a7 26 Abs. 1 BDSG\u2028soweit das Matching f\u00fcr vorvertragliche Ma\u00dfnahmen im Rahmen eines Bewerbungs-\/Vermittlungs-\/Einsatzprozesses erforderlich ist (z. B. zur Vorbereitung konkreter Interviews\/Vorstellungen).<\/li>\n\n\n\n<li>erg\u00e4nzend Art. 6 Abs. 1 lit. f EU-DSGVO (berechtigtes Interesse)\u2028an einer effizienten, konsistenten und nachvollziehbaren Kandidatensuche, an der Qualit\u00e4tssicherung des Recruiting-Prozesses sowie an der Reduzierung manueller Aufw\u00e4nde.<\/li>\n\n\n\n<li>Besondere Kategorien personenbezogener Daten (Art. 9 EU-DSGVO):\u2028Sofern solche Daten betroffen w\u00e4ren, erfolgt deren Nutzung f\u00fcr Matching grunds\u00e4tzlich nicht bzw. nur, wenn dies im Einzelfall erforderlich ist und eine passende Rechtsgrundlage vorliegt (z. B. \u00a7 26 Abs. 3 BDSG oder ausdr\u00fcckliche Einwilligung).<\/li>\n<\/ul>\n\n\n\n<p class=\"wp-block-paragraph\"><strong>Herkunft der Daten<\/strong><br>Erhoben beim Betroffenen&nbsp;(z. B. durch Bewerbung, Upload, E-Mail, Formular, Active-Sourcing-Kontakt nach Bereitstellung Ihrer Daten) bzw. \u00fcber Bewerbungsplattformen (z.B. Indeed, Jobboerse) bei Mitarbeitenden&nbsp;aus zvoove PDL.<\/p>\n\n        <\/div>\n    <\/div>\n<\/section>\n\n\n\n<section style=\"padding-top:var(--wp--preset--spacing--32-32);padding-bottom:var(--wp--preset--spacing--32-32)\" class=\"wp-block-lb-section-text-gutenberg\">\n    <div class=\"container\">\n        <div class=\"section__body\">\n            \n\n<h2 class=\"wp-block-heading\">Datenkategorien, betroffene Personengruppen, Empf\u00e4nger, Auslandstransfer<\/h2>\n\n\n\n<p class=\"wp-block-paragraph\"><strong>Datenkategorien<\/strong><\/p>\n\n\n\n<ul class=\"wp-block-list\">\n<li>Stammdaten\/Kontaktdaten&nbsp;(z. B. Name, E-Mail, Telefon, Adresse optional)<\/li>\n\n\n\n<li>Bewerbungs- und Profildaten&nbsp;(z. B. Lebenslauf, Qualifikationen, Berufserfahrung, Zeugnisse, Skills)<\/li>\n\n\n\n<li>Pr\u00e4ferenz- und Verf\u00fcgbarkeitsdaten&nbsp;(z. B. Eintrittstermin, Gehaltsvorstellung optional, Wunschregion, Arbeitszeitmodelle)<\/li>\n\n\n\n<li>Kommunikations- und Prozessdaten&nbsp;(z. B. Korrespondenz, Notizen, Status im Talentpool)<\/li>\n\n\n\n<li>Besondere Kategorien personenbezogener Daten (Art. 9 EU-DSGVO):\u2028Solche Daten verarbeiten wir grunds\u00e4tzlich nur, wenn Sie diese selbst ausdr\u00fccklich mitteilen und eine entsprechende Rechtsgrundlage vorliegt.<\/li>\n<\/ul>\n\n\n\n<p class=\"wp-block-paragraph\"><strong>Betroffene Personengruppen<\/strong><br>Kandidaten<\/p>\n\n\n\n<p class=\"wp-block-paragraph\"><strong>Empf\u00e4nger von Daten<\/strong><br>Intern:&nbsp;Personalabteilung\/Recruiting, zust\u00e4ndige Fachabteilungen, Vorgesetzte (nur bei Bedarf), Gesch\u00e4ftsf\u00fchrung (nur bei Bedarf)<br>Extern:&nbsp;Wackler Holding SE als zentraler Dienstleister f\u00fcr die Tochterunternehmen (Auftragsverarbeitung nach Art. 28 EU-DSGVO) sowie ggf. Unterauftragnehmer der Wackler Holding SE im Rahmen des Plattformbetriebs (talent369), jeweils auf vertraglicher Grundlage.<\/p>\n\n\n\n<p class=\"wp-block-paragraph\"><strong>Auslandstransfer<\/strong><br>Es findet in der Regel kein Transfer von Daten au\u00dferhalb&nbsp;der EU statt. Ggf. werden SaaS- \/ Cloud-L\u00f6sungen von&nbsp;US-Dienstleistern beim Verantwortlichen eingesetzt.<br>Mit diesen Dienstleistern bestehen entsprechende&nbsp;vertragliche Regelungen wie die EU-Standard-Vertragsklauseln.<\/p>\n\n        <\/div>\n    <\/div>\n<\/section>\n\n\n\n<section style=\"padding-top:var(--wp--preset--spacing--32-32)\" class=\"wp-block-lb-section-text-gutenberg\">\n    <div class=\"container\">\n        <div class=\"section__body\">\n            \n\n<h2 class=\"wp-block-heading\">Zus\u00e4tzliche Informationen<\/h2>\n\n\n\n<p class=\"wp-block-paragraph\"><strong>Dauer der Speicherung<\/strong><br>Ihre Daten speichern wir bis zum Widerruf Ihrer Einwilligung, l\u00e4ngstens jedoch f\u00fcr 24 Monate ab Aufnahme bei Speicherung im talentpool bzw. 6 Monate nach Abschluss des Bewerbungsverfahrens und bei Mitarbeitenden bis zum Ende der gesetzlichen Aufbewahrungsfristen im Besch\u00e4ftigungsverh\u00e4ltnis.<\/p>\n\n\n\n<p class=\"wp-block-paragraph\"><strong>Recht auf Auskunft, Berichtigung, L\u00f6schung, Einschr\u00e4nkung, Daten\u00fcbertragbarkeit<\/strong><br>Sie haben jederzeit das Recht Ihre Betroffenenrechte gegen\u00fcber dem Verantwortlichen wahrzunehmen.<\/p>\n\n\n\n<p class=\"wp-block-paragraph\"><strong>Recht auf Widerspruch \/ Widerruf<\/strong><br>Sie k\u00f6nnen jederzeit der Verarbeitung Ihrer Daten widersprechen bzw. bei einer Einwilligung diese widerrufen. Bitte senden Sie eine E-Mail an: datenschutz@wackler-group.de<\/p>\n\n\n\n<p class=\"wp-block-paragraph\"><strong>Beschwerde bei einer Aufsichtsbeh\u00f6rde<\/strong><br>Sie haben jederzeit das Recht eine Beschwerde bei einer Aufsichtsbeh\u00f6rde f\u00fcr den Datenschutz einzureichen.<\/p>\n\n\n\n<p class=\"wp-block-paragraph\"><strong>M\u00f6gliche Folgen der Nicht-Bereitstellung der Daten.<\/strong><br>Das Zustandekommen des Vertrages steht unter der aufschiebenden Bedingung der Bereitstellung der personenbezogenen Daten f\u00fcr die Durchf\u00fchrung des Vertrages.<\/p>\n\n\n\n<p class=\"wp-block-paragraph\"><strong>Bestehen einer automatisierten Entscheidungsfindung, einschlie\u00dflich Profiling gem\u00e4\u00df Art. 22 Abs. 1, 4:<\/strong><br>Es findet keine ausschlie\u00dflich automatisierte Entscheidungsfindung im Sinne des Art. 22 EU-DSGVO statt. Entscheidungen werden durch Personen getroffen.<br>Die Zuordnung und Einordnung der Kandidatendaten zu Vakanzen erfolgt mit Hilfe einer KI in talent360. Eine schlussendliche Entscheidungsfindung erfolgt durch eine nat\u00fcrliche Person.<\/p>\n\n        <\/div>\n    <\/div>\n<\/section>\n","protected":false},"excerpt":{"rendered":"","protected":false},"author":1,"featured_media":0,"parent":457,"menu_order":0,"comment_status":"closed","ping_status":"closed","template":"template-privacy","meta":{"_acf_changed":false,"footnotes":""},"class_list":["post-729","page","type-page","status-publish","hentry"],"acf":[],"ase":null,"_links":{"self":[{"href":"https:\/\/www.wackler-group.de\/holding\/wp-json\/wp\/v2\/pages\/729","targetHints":{"allow":["GET"]}}],"collection":[{"href":"https:\/\/www.wackler-group.de\/holding\/wp-json\/wp\/v2\/pages"}],"about":[{"href":"https:\/\/www.wackler-group.de\/holding\/wp-json\/wp\/v2\/types\/page"}],"author":[{"embeddable":true,"href":"https:\/\/www.wackler-group.de\/holding\/wp-json\/wp\/v2\/users\/1"}],"replies":[{"embeddable":true,"href":"https:\/\/www.wackler-group.de\/holding\/wp-json\/wp\/v2\/comments?post=729"}],"version-history":[{"count":0,"href":"https:\/\/www.wackler-group.de\/holding\/wp-json\/wp\/v2\/pages\/729\/revisions"}],"up":[{"embeddable":true,"href":"https:\/\/www.wackler-group.de\/holding\/wp-json\/wp\/v2\/pages\/457"}],"wp:attachment":[{"href":"https:\/\/www.wackler-group.de\/holding\/wp-json\/wp\/v2\/media?parent=729"}],"curies":[{"name":"wp","href":"https:\/\/api.w.org\/{rel}","templated":true}]}}