{"id":707,"date":"2026-07-27T13:07:28","date_gmt":"2026-07-27T13:07:28","guid":{"rendered":"https:\/\/holding.wackler.dev.lichtblick.io\/?page_id=707"},"modified":"2026-07-28T14:50:27","modified_gmt":"2026-07-28T14:50:27","slug":"gemeinsame-verantwortlichkeit-avento-arbeitnehmerueberlassung","status":"publish","type":"page","link":"https:\/\/www.wackler-group.de\/holding\/hinweispflichten\/gemeinsame-verantwortlichkeit-avento-arbeitnehmerueberlassung\/","title":{"rendered":"Gemeinsame Verantwortlichkeit der Avento Personal GmbH bei Arbeitnehmer\u00fcberlassung"},"content":{"rendered":"\n<section style=\"padding-bottom:var(--wp--preset--spacing--48-48)\" class=\"wp-block-lb-section-text-gutenberg\">\n    <div class=\"container\">\n        <div class=\"section__body\">\n            \n\n<h1 class=\"wp-block-heading\">Informationen zur gemeinsamen Verantwortlichkeit nach Art. 26 Abs. 2 S. 2 der EU-DSGVO<\/h1>\n\n        <\/div>\n    <\/div>\n<\/section>\n\n\n\n<section style=\"padding-top:var(--wp--preset--spacing--32-32);padding-bottom:var(--wp--preset--spacing--32-32)\" class=\"wp-block-lb-section-text-gutenberg\">\n    <div class=\"container\">\n        <div class=\"section__body\">\n            \n\n<h2 class=\"wp-block-heading\">Was ist der Grund f\u00fcr die gemeinsame Verantwortlichkeit?<\/h2>\n\n\n\n<p class=\"wp-block-paragraph\">Bei der Arbeitnehmer\u00fcberlassung arbeitet die Avento Personal GmbH mit verschiedenen Kunden eng zusammen. Dies betrifft auch die Verarbeitung Ihrer pers\u00f6nlichen Daten. Die Parteien haben gemeinsam die Reihenfolge der Verarbeitung dieser Daten in den einzelnen Prozessabschnitten festgelegt. Sie sind daher innerhalb der nachfolgend beschriebenen Prozessabschnitte gemeinsam f\u00fcr den Schutz Ihrer personenbezogenen Daten verantwortlich (Art. 26 DSGVO).<\/p>\n\n        <\/div>\n    <\/div>\n<\/section>\n\n\n\n<section style=\"padding-top:var(--wp--preset--spacing--32-32);padding-bottom:var(--wp--preset--spacing--32-32)\" class=\"wp-block-lb-section-text-gutenberg\">\n    <div class=\"container\">\n        <div class=\"section__body\">\n            \n\n<h2 class=\"wp-block-heading\">F\u00fcr welche Prozessabschnitte besteht eine gemeinsame Verantwortlichkeit?<\/h2>\n\n\n\n<figure class=\"wp-block-table is-style-table-2\"><table class=\"has-fixed-layout\"><thead><tr><th class=\"has-text-align-left\" data-align=\"left\">Verarbeitungst\u00e4tigkeit \/ Zweck<\/th><th class=\"has-text-align-left\" data-align=\"left\">Verantwortlich allein (Art. 4 Nr. 7 DSGVO) bzw. gemeinsam (Art. 26 DSGVO)<\/th><th class=\"has-text-align-left\" data-align=\"left\">Prim\u00e4r verantwortlich f\u00fcr Betroffenenrechte nach Art. 12-21 DSGVO<\/th><\/tr><\/thead><tbody><tr><td class=\"has-text-align-left\" data-align=\"left\">Erhebung von Stamm-, Qualifikations- und Referenzdaten der Leiharbeiter<\/td><td class=\"has-text-align-left\" data-align=\"left\">Personaldienstleister<\/td><td class=\"has-text-align-left\" data-align=\"left\">Personaldienstleister<\/td><\/tr><tr><td class=\"has-text-align-left\" data-align=\"left\">Personalverwaltung<\/td><td class=\"has-text-align-left\" data-align=\"left\">Personaldienstleister<\/td><td class=\"has-text-align-left\" data-align=\"left\">Personaldienstleister<\/td><\/tr><tr><td class=\"has-text-align-left\" data-align=\"left\">Lohn- und Gehaltsabrechnung<\/td><td class=\"has-text-align-left\" data-align=\"left\">Personaldienstleister<\/td><td class=\"has-text-align-left\" data-align=\"left\">Personaldienstleister<\/td><\/tr><tr><td class=\"has-text-align-left\" data-align=\"left\">Meldung an Beh\u00f6rden (z.B. Schwerbehindertenquote)<\/td><td class=\"has-text-align-left\" data-align=\"left\">Personaldienstleister<\/td><td class=\"has-text-align-left\" data-align=\"left\">Personaldienstleister<\/td><\/tr><tr><td class=\"has-text-align-left\" data-align=\"left\">\u00dcbermittlung und Speicherung von Stamm-, Qualifikations- und Referenzdaten der Leiharbeiter (soweit erforderlich f\u00fcr Arbeitseinsatz)<\/td><td class=\"has-text-align-left\" data-align=\"left\">gemeinsam<\/td><td class=\"has-text-align-left\" data-align=\"left\">Kundenunternehmen<\/td><\/tr><tr><td class=\"has-text-align-left\" data-align=\"left\">Abrechnung zwischen Ver- und Entleiher<\/td><td class=\"has-text-align-left\" data-align=\"left\">gemeinsam<\/td><td class=\"has-text-align-left\" data-align=\"left\">Personaldienstleister<\/td><\/tr><tr><td class=\"has-text-align-left\" data-align=\"left\">Einrichtung der Zugangsdaten am Computer<\/td><td class=\"has-text-align-left\" data-align=\"left\">Kundenunternehmen<\/td><td class=\"has-text-align-left\" data-align=\"left\">Kundenunternehmen<\/td><\/tr><tr><td class=\"has-text-align-left\" data-align=\"left\">Beurteilung Entleiher betr. Arbeitsleistung, \u00dcbermittlung an Verleiher<\/td><td class=\"has-text-align-left\" data-align=\"left\">gemeinsam<\/td><td class=\"has-text-align-left\" data-align=\"left\">Personaldienstleister<\/td><\/tr><\/tbody><\/table><\/figure>\n\n        <\/div>\n    <\/div>\n<\/section>\n\n\n\n<section style=\"padding-top:var(--wp--preset--spacing--32-32);padding-bottom:var(--wp--preset--spacing--32-32)\" class=\"wp-block-lb-section-text-gutenberg\">\n    <div class=\"container\">\n        <div class=\"section__body\">\n            \n\n<h2 class=\"wp-block-heading\">Was haben die Parteien vereinbart?<\/h2>\n\n\n\n<p class=\"wp-block-paragraph\">Im Rahmen ihrer gemeinsamen datenschutzrechtlichen Verantwortlichkeit haben die Avento Personal GmbH und die Kundenunternehmen vereinbart, wer von ihnen welche Pflichten nach der DSGVO erf\u00fcllt. Dies betrifft insbesondere die Wahrnehmung der Rechte der betroffenen Personen und die Erf\u00fcllung der Informationspflichten gem\u00e4\u00df den Artikeln 13 und 14 DSGVO.<\/p>\n\n\n\n<p class=\"wp-block-paragraph\">Diese Vereinbarung ist notwendig, da nach dem Vorgesagten personenbezogene Daten in unterschiedlichen Prozessabschnitten und Systemen verarbeitet werden, die entweder von der Avento Personal GmbH und dem jeweiligen Kundenunternehmen betrieben werden. Details ergeben sich aus der vorstehenden Tabelle.<\/p>\n\n        <\/div>\n    <\/div>\n<\/section>\n\n\n\n<section style=\"padding-top:var(--wp--preset--spacing--32-32)\" class=\"wp-block-lb-section-text-gutenberg\">\n    <div class=\"container\">\n        <div class=\"section__body\">\n            \n\n<h2 class=\"wp-block-heading\">Was bedeutet das f\u00fcr Betroffene?<\/h2>\n\n\n\n<p class=\"wp-block-paragraph\">Auch wenn eine gemeinsame Verantwortlichkeit besteht, erf\u00fcllen die Parteien die datenschutzrechtlichen Pflichten entsprechend ihrer jeweiligen Zust\u00e4ndigkeiten f\u00fcr die einzelnen Prozessabschnitte wie folgt:<\/p>\n\n\n\n<ul class=\"wp-block-list\">\n<li>Im Rahmen der gemeinsamen Verantwortlichkeit ist jede Partei f\u00fcr ihren Bereich verarbeiteten personenbezogenen Daten zust\u00e4ndig.<\/li>\n\n\n\n<li>Avento Personal GmbH bzw. das jeweiligen Kundenunternehmen machen den betroffenen Personen die gem\u00e4\u00df Art. 13 und 14 DSGVO erforderlichen Informationen in pr\u00e4ziser, transparenter, verst\u00e4ndlicher und leicht zug\u00e4nglicher Form in einer klaren und einfachen Sprache unentgeltlich zug\u00e4nglich, soweit sie nach dem Vorgesagten alleine verantwortlich sind. Hierbei l\u00e4sst jede Partei der anderen Partei s\u00e4mtliche daf\u00fcr notwendigen Informationen aus ihrem Wirkungsbereich zukommen.<\/li>\n\n\n\n<li>Die Parteien informieren sich unverz\u00fcglich gegenseitig \u00fcber von Betroffenen geltend gemachte Rechtspositionen. Sie stellen einander s\u00e4mtliche f\u00fcr die Beantwortung von Auskunftsersuchen notwendigen Informationen zur Verf\u00fcgung.<\/li>\n\n\n\n<li>Datenschutzrechte k\u00f6nnen sowohl bei Avento Personal GmbH und dem jeweiligen Kundenunternehmen geltend gemacht werden. Betroffene erhalten die Auskunft grunds\u00e4tzlich aber von der Stelle, die nach der vorgesagten Tabelle zust\u00e4ndig ist.<\/li>\n<\/ul>\n\n        <\/div>\n    <\/div>\n<\/section>\n","protected":false},"excerpt":{"rendered":"","protected":false},"author":1,"featured_media":0,"parent":457,"menu_order":0,"comment_status":"closed","ping_status":"closed","template":"template-privacy","meta":{"_acf_changed":false,"footnotes":""},"class_list":["post-707","page","type-page","status-publish","hentry"],"acf":[],"ase":null,"_links":{"self":[{"href":"https:\/\/www.wackler-group.de\/holding\/wp-json\/wp\/v2\/pages\/707","targetHints":{"allow":["GET"]}}],"collection":[{"href":"https:\/\/www.wackler-group.de\/holding\/wp-json\/wp\/v2\/pages"}],"about":[{"href":"https:\/\/www.wackler-group.de\/holding\/wp-json\/wp\/v2\/types\/page"}],"author":[{"embeddable":true,"href":"https:\/\/www.wackler-group.de\/holding\/wp-json\/wp\/v2\/users\/1"}],"replies":[{"embeddable":true,"href":"https:\/\/www.wackler-group.de\/holding\/wp-json\/wp\/v2\/comments?post=707"}],"version-history":[{"count":0,"href":"https:\/\/www.wackler-group.de\/holding\/wp-json\/wp\/v2\/pages\/707\/revisions"}],"up":[{"embeddable":true,"href":"https:\/\/www.wackler-group.de\/holding\/wp-json\/wp\/v2\/pages\/457"}],"wp:attachment":[{"href":"https:\/\/www.wackler-group.de\/holding\/wp-json\/wp\/v2\/media?parent=707"}],"curies":[{"name":"wp","href":"https:\/\/api.w.org\/{rel}","templated":true}]}}