{"id":703,"date":"2026-07-27T12:56:17","date_gmt":"2026-07-27T12:56:17","guid":{"rendered":"https:\/\/holding.wackler.dev.lichtblick.io\/?page_id=703"},"modified":"2026-08-25T10:57:32","modified_gmt":"2026-08-25T10:57:32","slug":"bewerberverfahren-referenzen","status":"publish","type":"page","link":"https:\/\/www.wackler-group.de\/holding\/hinweispflichten\/bewerberverfahren-referenzen\/","title":{"rendered":"Bewerberverfahren \u2013 Referenzen"},"content":{"rendered":"\n<section style=\"padding-bottom:var(--wp--preset--spacing--48-48)\" class=\"wp-block-lb-section-text-gutenberg\">\n    <div class=\"container\">\n        <div class=\"section__body\">\n            \n\n<h1 class=\"wp-block-heading\">Bewerberverfahren \u2013 Referenzen<\/h1>\n\n\n\n<p class=\"has-subline-m-font-size wp-block-paragraph\">Informationspflicht bei der Erhebung von personenbezogenen Daten bei der betroffenen Person (Art. 13 der EU-DSGVO) und bei Dritten (Art. 14 der EU-DSGVO).<\/p>\n\n        <\/div>\n    <\/div>\n<\/section>\n\n\n\n<section style=\"padding-top:var(--wp--preset--spacing--32-32);padding-bottom:var(--wp--preset--spacing--32-32)\" class=\"wp-block-lb-section-text-gutenberg\">\n    <div class=\"container\">\n        <div class=\"section__body\">\n            \n\n<h2 class=\"wp-block-heading\">Angaben zum Verantwortlichen<\/h2>\n\n\n\n<p class=\"wp-block-paragraph\"><strong>Verantwortlicher gem\u00e4\u00df Artikel 4 Abs. 7 EU-DSGVO<\/strong><\/p>\n\n\n\n<p class=\"wp-block-paragraph\">Wackler Holding SE, Schatzbogen 39, 81829 M\u00fcnchen<\/p>\n\n\n\n<p class=\"wp-block-paragraph\"><strong>Datenschutzbeauftragter<\/strong><\/p>\n\n\n\n<p class=\"wp-block-paragraph\">Mirko Tasch, 08142-420 50 10,&nbsp;<a href=\"https:\/\/www.wackler-group.de\/hinweispflichten\/kommunikation-mit-interessenten-\/-kunden\/#\" target=\"_blank\" rel=\"noreferrer noopener\">datenschutz(@)wackler-group(.)de<\/a><\/p>\n\n        <\/div>\n    <\/div>\n<\/section>\n\n\n\n<section style=\"padding-top:var(--wp--preset--spacing--32-32);padding-bottom:var(--wp--preset--spacing--32-32)\" class=\"wp-block-lb-section-text-gutenberg\">\n    <div class=\"container\">\n        <div class=\"section__body\">\n            \n\n<h2 class=\"wp-block-heading\"><strong>Zweck und Rechtsgrundlage<\/strong><\/h2>\n\n\n\n<p class=\"wp-block-paragraph\"><strong>Zweck der Verarbeitung\u2028<\/strong><br>Es wird dem Bewerber die M\u00f6glichkeit gegeben in einem Tool Referenzen anzugeben, die Fragen \u00fcber den Bewerber beantworten und die vom Verantwortlichen kontaktiert werden k\u00f6nnen<\/p>\n\n\n\n<p class=\"wp-block-paragraph\"><strong>Rechtsgrundlage<\/strong><br>Art. 6 Abs. 1a \u2013 Einwilligung<\/p>\n\n        <\/div>\n    <\/div>\n<\/section>\n\n\n\n<section style=\"padding-top:var(--wp--preset--spacing--32-32);padding-bottom:var(--wp--preset--spacing--32-32)\" class=\"wp-block-lb-section-text-gutenberg\">\n    <div class=\"container\">\n        <div class=\"section__body\">\n            \n\n<h2 class=\"wp-block-heading\">Datenkategorien, betroffene Personengruppen, Empf\u00e4nger, Ausland<\/h2>\n\n\n\n<p class=\"wp-block-paragraph\"><strong>Datenkategorien<\/strong><br>Bewerber (Name, Vorname, Email-Adresse), &nbsp;Referenzgeber (Name, Vorname, Email-Adresse, Handy-Nummer, Facebook\/LinkedIn-Login zur Verifizierung), Beziehungsstatus, Bewertungsdaten der Referenz<\/p>\n\n\n\n<p class=\"wp-block-paragraph\"><strong>Betroffene Personengruppen<\/strong><br>Bewerber f\u00fcr F\u00fchrungspositionen, Referenzgeber<\/p>\n\n\n\n<p class=\"wp-block-paragraph\"><strong>Empf\u00e4nger<\/strong><br>Intern: Personalabteilung, Vorgesetzte<br>Extern: RefApp, Tochterunternehmen soweit die Position diese betreffen<\/p>\n\n\n\n<p class=\"wp-block-paragraph\"><strong>Ausland<\/strong><br>Es findet keine Speicherung der Daten au\u00dferhalb der EU statt<\/p>\n\n        <\/div>\n    <\/div>\n<\/section>\n\n\n\n<section style=\"padding-top:var(--wp--preset--spacing--32-32)\" class=\"wp-block-lb-section-text-gutenberg\">\n    <div class=\"container\">\n        <div class=\"section__body\">\n            \n\n<h2 class=\"wp-block-heading\">Zus\u00e4tzliche Informationen<\/h2>\n\n\n\n<p class=\"wp-block-paragraph\"><strong>Dauer der Speicherung<\/strong><br>Die Speicherung erlischt 6 Monate nach Beendigung des Bewerbungsverfahrens<\/p>\n\n\n\n<p class=\"wp-block-paragraph\"><strong>Recht auf Auskunft, Berichtigung, L\u00f6schung, Einschr\u00e4nkung, Daten\u00fcbertragbarkeit<\/strong><br>Sie haben jederzeit das Recht Ihre Betroffenen-Rechte gegen\u00fcber dem Verantwortlichen wahrzunehmen<\/p>\n\n\n\n<p class=\"wp-block-paragraph\"><strong>Recht auf Widerspruch \/ Widerruf<\/strong><br>Sie haben das Recht jederzeit eine Beschwerde bei einer Aufsichtsbeh\u00f6rde einzureichen.<br>Ihre zust\u00e4ndige Aufsichtsbeh\u00f6rde finden Sie unter:<br><a href=\"https:\/\/www.bfdi.bund.de\/DE\/Infothek\/Anschriften_Links\/AufsBehoerdFuerDenNichtOeffBereich\/AufsichtsbehoerdenNichtOeffBereich_liste.html\" target=\"_blank\" rel=\"noopener\">https:\/\/www.bfdi.bund.de\/DE\/Infothek\/Anschriften_Links\/AufsBehoerdFuerDenNichtOeffBereich\/AufsichtsbehoerdenNichtOeffBereich_liste.html<\/a><\/p>\n\n\n\n<p class=\"wp-block-paragraph\"><strong>Beschwerde bei einer Aufsichtsbeh\u00f6rde<\/strong><br>Eine Nicht-Bereitstellung von Referenzen bzw. eine Nicht-Abgabe von Referenzen durch Referenzgeber hat keine negativen Folgen f\u00fcr den Betroffenen<\/p>\n\n\n\n<p class=\"wp-block-paragraph\"><strong>M\u00f6gliche Folgen der Nicht-Bereitstellung<\/strong>\u2028<br>Es findet kein automatisiertes Profiling statt<\/p>\n\n        <\/div>\n    <\/div>\n<\/section>\n","protected":false},"excerpt":{"rendered":"","protected":false},"author":1,"featured_media":0,"parent":457,"menu_order":0,"comment_status":"closed","ping_status":"closed","template":"template-privacy","meta":{"_acf_changed":false,"footnotes":""},"class_list":["post-703","page","type-page","status-publish","hentry"],"acf":[],"ase":null,"_links":{"self":[{"href":"https:\/\/www.wackler-group.de\/holding\/wp-json\/wp\/v2\/pages\/703","targetHints":{"allow":["GET"]}}],"collection":[{"href":"https:\/\/www.wackler-group.de\/holding\/wp-json\/wp\/v2\/pages"}],"about":[{"href":"https:\/\/www.wackler-group.de\/holding\/wp-json\/wp\/v2\/types\/page"}],"author":[{"embeddable":true,"href":"https:\/\/www.wackler-group.de\/holding\/wp-json\/wp\/v2\/users\/1"}],"replies":[{"embeddable":true,"href":"https:\/\/www.wackler-group.de\/holding\/wp-json\/wp\/v2\/comments?post=703"}],"version-history":[{"count":0,"href":"https:\/\/www.wackler-group.de\/holding\/wp-json\/wp\/v2\/pages\/703\/revisions"}],"up":[{"embeddable":true,"href":"https:\/\/www.wackler-group.de\/holding\/wp-json\/wp\/v2\/pages\/457"}],"wp:attachment":[{"href":"https:\/\/www.wackler-group.de\/holding\/wp-json\/wp\/v2\/media?parent=703"}],"curies":[{"name":"wp","href":"https:\/\/api.w.org\/{rel}","templated":true}]}}