{"id":668,"date":"2026-07-27T11:57:18","date_gmt":"2026-07-27T11:57:18","guid":{"rendered":"https:\/\/holding.wackler.dev.lichtblick.io\/?page_id=668"},"modified":"2026-07-28T14:02:23","modified_gmt":"2026-07-28T14:02:23","slug":"videoueberwachung","status":"publish","type":"page","link":"https:\/\/www.wackler-group.de\/holding\/hinweispflichten\/videoueberwachung\/","title":{"rendered":"Video\u00fcberwachung"},"content":{"rendered":"\n<section style=\"padding-bottom:var(--wp--preset--spacing--48-48)\" class=\"wp-block-lb-section-text-gutenberg\">\n    <div class=\"container\">\n        <div class=\"section__body\">\n            \n\n<h1 class=\"wp-block-heading\">Hinweispflicht nach Art. 13 EU-DSGVO \u2013 Video\u00fcberwachung bei der Wackler-Gruppe<\/h1>\n\n        <\/div>\n    <\/div>\n<\/section>\n\n\n\n<section style=\"padding-top:var(--wp--preset--spacing--32-32);padding-bottom:var(--wp--preset--spacing--32-32)\" class=\"wp-block-lb-section-text-gutenberg\">\n    <div class=\"container\">\n        <div class=\"section__body\">\n            \n\n<h2 class=\"wp-block-heading\">Angaben zum Verantwortlichen<\/h2>\n\n\n\n<p class=\"wp-block-paragraph\"><strong>Verantwortlicher gem\u00e4\u00df Art. 4 Abs. 7 EU-DSGVO \/<br>Vertreter gem\u00e4\u00df Art. 4 Abs. 17 EU-DSGVO<\/strong><\/p>\n\n\n\n<p class=\"wp-block-paragraph\">Wackler Holding SE<br>Schatzbogen 39<br>81829 M\u00fcnchen<br>E-Mail: <a href=\"mailto:service@wackler-group.de\">service(@)wackler-group(.)de<\/a><br><br>Vertretungsberechtigter Vorstand: Peter Blenke<br><br>Aufsichtsratsvorsitzender: Friedrich P. Wackler<\/p>\n\n\n\n<p class=\"wp-block-paragraph\">Datenschutzbeauftragter<\/p>\n\n\n\n<p class=\"wp-block-paragraph\">Mirko Tasch, 08142-420 50 10,&nbsp;<a href=\"https:\/\/www.wackler-group.de\/hinweispflichten\/kommunikation-mit-interessenten-\/-kunden\/#\" target=\"_blank\" rel=\"noreferrer noopener\">datenschutz(@)wackler-group(.)de<\/a><\/p>\n\n        <\/div>\n    <\/div>\n<\/section>\n\n\n\n<section style=\"padding-top:var(--wp--preset--spacing--32-32);padding-bottom:var(--wp--preset--spacing--32-32)\" class=\"wp-block-lb-section-text-gutenberg\">\n    <div class=\"container\">\n        <div class=\"section__body\">\n            \n\n<h2 class=\"wp-block-heading\">Zweck und Rechtsgrundlage<\/h2>\n\n\n\n<p class=\"wp-block-paragraph\"><strong>Zweck der Verarbeitung<\/strong><br>Es findet in verschiedenen Geb\u00e4uden der Wackler-Gruppe eine Video\u00fcberwachung zum Schutz des Eigentums sowie zur Aufkl\u00e4rung und Pr\u00e4vention von Straftaten statt.<\/p>\n\n\n\n<p class=\"wp-block-paragraph\"><strong>Rechtsgrundlage<\/strong><br>Art. 6 Abs. 1f \u2013 berechtigtes Interesse<\/p>\n\n        <\/div>\n    <\/div>\n<\/section>\n\n\n\n<section style=\"padding-top:var(--wp--preset--spacing--32-32);padding-bottom:var(--wp--preset--spacing--32-32)\" class=\"wp-block-lb-section-text-gutenberg\">\n    <div class=\"container\">\n        <div class=\"section__body\">\n            \n\n<h2 class=\"wp-block-heading\">Datenkategorien, betroffene Personengruppen, Empf\u00e4nger, Ausland<\/h2>\n\n\n\n<p class=\"wp-block-paragraph\"><strong>Datenkategorien<\/strong><br>Videoaufnahmen<\/p>\n\n\n\n<p class=\"wp-block-paragraph\"><strong>Betroffene Personengruppen<\/strong><br>Mitarbeiter, Kunden, Interessenten, Besucher, Dienstleister<\/p>\n\n\n\n<p class=\"wp-block-paragraph\"><strong>Empf\u00e4nger<\/strong><br>IT, Facility Management, ggf. Polizeibeh\u00f6rden<\/p>\n\n\n\n<p class=\"wp-block-paragraph\"><strong>Ausland<\/strong><br>Es findet keine Speicherung der Daten au\u00dferhalb der EU statt.<\/p>\n\n        <\/div>\n    <\/div>\n<\/section>\n\n\n\n<section style=\"padding-top:var(--wp--preset--spacing--32-32)\" class=\"wp-block-lb-section-text-gutenberg\">\n    <div class=\"container\">\n        <div class=\"section__body\">\n            \n\n<h2 class=\"wp-block-heading\">Zus\u00e4tzliche Informationen<\/h2>\n\n\n\n<p class=\"wp-block-paragraph\"><strong>Dauer der Speicherung<\/strong><br>120 Stunden<\/p>\n\n\n\n<p class=\"wp-block-paragraph\"><strong>Recht auf Auskunft, Berichtigung, L\u00f6schung, Einschr\u00e4nkung, Daten\u00fcbertragbarkeit<\/strong><br>Sie haben jederzeit das Recht Ihre Betroffenenrechte gegen\u00fcber dem Verantwortlichen wahrzunehmen.<\/p>\n\n\n\n<p class=\"wp-block-paragraph\"><strong>Recht auf Widerspruch \/ Widerruf<\/strong><br>Sie k\u00f6nnen jederzeit der Verarbeitung Ihrer Daten widersprechen, sofern diese auf Basis von Artikel 6 Abs. 1 e oder f DSGVO erfolgt. Sofern die Verarbeitung auf Basis Ihrer Einwilligung erfolgt, k\u00f6nnen Sie diese jederzeit widerrufen. Bitte senden Sie dazu eine E-Mail an:&nbsp;service(@)wackler-group(.)de<\/p>\n\n\n\n<p class=\"wp-block-paragraph\"><strong>Beschwerde bei einer Aufsichtsbeh\u00f6rde<\/strong><br>Sie haben das Recht jederzeit eine Beschwerde bei einer Datenschutzaufsichtsbeh\u00f6rde einzureichen.<\/p>\n\n\n\n<p class=\"wp-block-paragraph\"><strong>M\u00f6gliche Folgen der Nicht-Bereitstellung<\/strong><br>Sie k\u00f6nnen die video\u00fcberwachten Bereiche der Wackler-Gruppe nicht betreten.<\/p>\n\n\n\n<p class=\"wp-block-paragraph\"><strong>Profiling<\/strong><br>Zur Begr\u00fcndung und Durchf\u00fchrung der Gesch\u00e4ftsbeziehung nutzen wir grunds\u00e4tzlich keine ausschlie\u00dflich automatisierte Entscheidungsfindung oder ein Pro\ufb01ling im Sinne des Art. 22 DSGVO.<\/p>\n\n        <\/div>\n    <\/div>\n<\/section>\n","protected":false},"excerpt":{"rendered":"","protected":false},"author":1,"featured_media":0,"parent":457,"menu_order":0,"comment_status":"closed","ping_status":"closed","template":"template-privacy","meta":{"_acf_changed":false,"footnotes":""},"class_list":["post-668","page","type-page","status-publish","hentry"],"acf":[],"ase":null,"_links":{"self":[{"href":"https:\/\/www.wackler-group.de\/holding\/wp-json\/wp\/v2\/pages\/668","targetHints":{"allow":["GET"]}}],"collection":[{"href":"https:\/\/www.wackler-group.de\/holding\/wp-json\/wp\/v2\/pages"}],"about":[{"href":"https:\/\/www.wackler-group.de\/holding\/wp-json\/wp\/v2\/types\/page"}],"author":[{"embeddable":true,"href":"https:\/\/www.wackler-group.de\/holding\/wp-json\/wp\/v2\/users\/1"}],"replies":[{"embeddable":true,"href":"https:\/\/www.wackler-group.de\/holding\/wp-json\/wp\/v2\/comments?post=668"}],"version-history":[{"count":0,"href":"https:\/\/www.wackler-group.de\/holding\/wp-json\/wp\/v2\/pages\/668\/revisions"}],"up":[{"embeddable":true,"href":"https:\/\/www.wackler-group.de\/holding\/wp-json\/wp\/v2\/pages\/457"}],"wp:attachment":[{"href":"https:\/\/www.wackler-group.de\/holding\/wp-json\/wp\/v2\/media?parent=668"}],"curies":[{"name":"wp","href":"https:\/\/api.w.org\/{rel}","templated":true}]}}