{"id":390,"date":"2026-07-21T12:21:48","date_gmt":"2026-07-21T12:21:48","guid":{"rendered":"https:\/\/holding.wackler.dev.lichtblick.io\/?page_id=390"},"modified":"2026-08-26T10:49:06","modified_gmt":"2026-08-26T10:49:06","slug":"soziale-verantwortung","status":"publish","type":"page","link":"https:\/\/www.wackler-group.de\/holding\/nachhaltigkeit\/soziale-verantwortung\/","title":{"rendered":"Soziale Verantwortung"},"content":{"rendered":"\n<section class=\"align wp-block-lb-hero-section\">\n    <div class=\"section__body\">\n        <div class=\"container\">\n            <div class=\"section-content\">\n                                    <h1 class=\"section-content__title headline-xl\">\n                        Der Mensch im Mittelpunkt unseres Handelns.                    <\/h1>\n                                                    <p class=\"section-content__text copy-l\">\n                        Als Traditionsunternehmen tragen wir Verantwortung f\u00fcr \u00fcber 8.300 Mitarbeitende. Wir f\u00f6rdern ein Arbeitsumfeld, das von Vielfalt, Wertsch\u00e4tzung und kontinuierlicher Weiterentwicklung gepr\u00e4gt ist, um gemeinsam eine lebenswerte Zukunft zu gestalten.                    <\/p>\n                                            <\/div>\n        <\/div>\n                    <picture class=\"background-image\">\n                                    <source srcset=\"https:\/\/www.wackler-group.de\/holding\/wp-content\/uploads\/sites\/2\/2026\/07\/Soziale-Verantwortung-1.webp\"\n                            media=\"(max-width: 991px)\"\/>\n                                <img loading=\"lazy\" decoding=\"async\" width=\"2560\" height=\"1393\" src=\"https:\/\/www.wackler-group.de\/holding\/wp-content\/uploads\/sites\/2\/2026\/07\/image-4-scaled.webp\" class=\"attachment-full size-full\" alt=\"Verschiedene Menschen l\u00e4cheln und umarmen sich im Freien.\" srcset=\"https:\/\/www.wackler-group.de\/holding\/wp-content\/uploads\/sites\/2\/2026\/07\/image-4-scaled.webp 2560w, https:\/\/www.wackler-group.de\/holding\/wp-content\/uploads\/sites\/2\/2026\/07\/image-4-664x361.webp 664w, https:\/\/www.wackler-group.de\/holding\/wp-content\/uploads\/sites\/2\/2026\/07\/image-4-1360x740.webp 1360w, https:\/\/www.wackler-group.de\/holding\/wp-content\/uploads\/sites\/2\/2026\/07\/image-4-300x163.webp 300w\" sizes=\"(max-width: 2560px) 100vw, 2560px\" \/>            <\/picture>\n            <\/div>\n    <\/section>\n\n\n<section class=\"align wp-block-lb-text-feature\">\n    <div class=\"container container--small\">\n        <div class=\"section__body\">\n            <div class=\"section__column section__column-text\">\n                                    <p class=\"section__pretitle section-title-m\">\n                        Soziale Veratnwortung                    <\/p>\n                                                    <h2 class=\"section__title headline-l\">\n                        Unsere Kultur der Wertsch\u00e4tzung und Entwicklung.                    <\/h2>\n                                            <\/div>\n            <div class=\"section__column section__column-features\">\n                                    <div class=\"section__rte copy-m\">\n                        <p>Unsere Leistungen sind personalintensiv. Unser Erfolg steht und f\u00e4llt mit den Menschen bei Wackler. Wir sind \u00fcberzeugt, dass ein faires, respektvolles Miteinander die Basis f\u00fcr eine langfristige, nachhaltige Zusammenarbeit und Unternehmensentwicklung ist.\u2028Unsere Mitarbeitenden sind die wichtigste Ressource. Die Vereinbarkeit von Familie und Beruf ist ein zentraler Faktor und damit treibender Impuls bei unseren Entscheidungen \u2013 genauso wie die Aus- und Weiterbildung und die Einhaltung des Gleichbehandlungsgrundsatzes. Wir \u00fcbernehmen soziale Verantwortung nicht nur im Unternehmen und f\u00f6rdern soziale Projekte.<\/p>\n                    <\/div>\n                                            <\/div>\n        <\/div>\n    <\/div>\n<\/section>\n\n\n<section class=\"align wp-block-lb-media-text\">\n    <div class=\"container\">\n        <div class=\"section__body normal\">\n            <div class=\"section__column is-media\">\n                <div class=\"section__media is-ratio-4-3\">\n                                            <div class=\"section__image\">\n                            <img decoding=\"async\" width=\"933\" height=\"700\" src=\"https:\/\/www.wackler-group.de\/holding\/wp-content\/uploads\/sites\/2\/2026\/08\/Humor-hilft-Heilen.jpg\" class=\"attachment-full size-full\" alt=\"Kinder lernen bei Erste-Hilfe-Training, wie man bei Notf\u00e4llen hilft.\" loading=\"lazy\" srcset=\"https:\/\/www.wackler-group.de\/holding\/wp-content\/uploads\/sites\/2\/2026\/08\/Humor-hilft-Heilen.jpg 933w, https:\/\/www.wackler-group.de\/holding\/wp-content\/uploads\/sites\/2\/2026\/08\/Humor-hilft-Heilen-664x498.jpg 664w, https:\/\/www.wackler-group.de\/holding\/wp-content\/uploads\/sites\/2\/2026\/08\/Humor-hilft-Heilen-300x225.jpg 300w\" sizes=\"(max-width: 933px) 100vw, 933px\" \/>                        <\/div>\n                                    <\/div>\n            <\/div>\n            <div class=\"section__column is-content\">\n                                    <p class=\"section__pretitle section-title-m\">\n                        Soziales Engagement                    <\/p>\n                                                    <h2 class=\"section__title headline-l\">\n                        Unterst\u00fctzung von \u201eHumor Hilft Heilen\u201c                    <\/h2>\n                                                    <div class=\"section__rte copy-m\">\n                        <p>Nachhaltigkeit umfasst neben \u00f6kologischen auch soziale Aspekte. Mit der Unterst\u00fctzung der Stiftung \u201eHumor Hilft Heilen\u201c engagieren wir uns f\u00fcr mehr Menschlichkeit im Gesundheitswesen. Durch Klinikclowns, Trainings f\u00fcr Pflegekr\u00e4fte und wissenschaftliche Begleitung bringt die Initiative Lebensfreude in Krankenh\u00e4user, Pflegeeinrichtungen und Hospize. Unsere Mitarbeiter*innen k\u00f6nnen sich aktiv beteiligen, indem sie spenden \u2013 Wackler verdoppelt jeden Beitrag. So schaffen wir gemeinsam positive Wirkung.<\/p>\n                    <\/div>\n                                            <\/div>\n        <\/div>\n<\/section>\n\n\n<section class=\"align wp-block-lb-media-text has-background has-container-fill-bright-background-color\">\n    <div class=\"container\">\n        <div class=\"section__body reversed\">\n            <div class=\"section__column is-media\">\n                <div class=\"section__media is-ratio-4-3\">\n                                            <div class=\"section__image\">\n                            <img decoding=\"async\" width=\"1288\" height=\"978\" src=\"https:\/\/www.wackler-group.de\/holding\/wp-content\/uploads\/sites\/2\/2026\/07\/image_1.webp\" class=\"attachment-full size-full\" alt=\"Menschen bei einem Meeting, das Nachhaltigkeit und Geb\u00e4udereinigung thematisiert.\" loading=\"lazy\" srcset=\"https:\/\/www.wackler-group.de\/holding\/wp-content\/uploads\/sites\/2\/2026\/07\/image_1.webp 1288w, https:\/\/www.wackler-group.de\/holding\/wp-content\/uploads\/sites\/2\/2026\/07\/image_1-664x504.webp 664w, https:\/\/www.wackler-group.de\/holding\/wp-content\/uploads\/sites\/2\/2026\/07\/image_1-300x228.webp 300w\" sizes=\"(max-width: 1288px) 100vw, 1288px\" \/>                        <\/div>\n                                    <\/div>\n            <\/div>\n            <div class=\"section__column is-content\">\n                                    <p class=\"section__pretitle section-title-m\">\n                        Wackler Akademie                    <\/p>\n                                                    <h2 class=\"section__title headline-l\">\n                        Personalentwicklung in der Wackler Group                    <\/h2>\n                                                    <div class=\"section__rte copy-m\">\n                        <p>Unsere Mitarbeitenden sind unser wichtigstes Gut und wesentlich f\u00fcr unseren Erfolg als Dienstleistungsunternehmen \u2013 ganz nach unserem Werteversprechen: Der Mensch im Mittelpunkt. Die Wackler-Akademie bietet genau die Werkzeuge, die unsere F\u00fchrungskr\u00e4fte und Mitarbeitenden brauchen, um sowohl fachlich als auch pers\u00f6nlich zu wachsen<\/p>\n                    <\/div>\n                                            <\/div>\n        <\/div>\n<\/section>\n\n\n<section class=\"align wp-block-lb-text-feature\">\n    <div class=\"container container--small\">\n        <div class=\"section__body\">\n            <div class=\"section__column section__column-text\">\n                                    <p class=\"section__pretitle section-title-m\">\n                        Unsere Unternehmenskultur                    <\/p>\n                                                    <h2 class=\"section__title headline-l\">\n                        Integrit\u00e4t und Verantwortung im Unternehmen                    <\/h2>\n                                            <\/div>\n            <div class=\"section__column section__column-features\">\n                                                    <div class=\"section__features\">\n                        <ul class=\"checkmark-list\">\n<li><span class=\"checkmark-list__text\"><strong>Fairer, respektvoller famil\u00e4rer Umgang miteinander<\/strong><\/span><\/li>\n<li><span class=\"checkmark-list__text\"><strong><span class=\"checkmark-list__text\">Aus- und Weiterbildungsprogramme in der hauseigenen Wackler-Akademie<\/span><\/strong><\/span><\/li>\n<li><span class=\"checkmark-list__text\"><strong>Individuelle F\u00f6rderung\/Schulungskonzept durch pers\u00f6nlichen und direkten Austausch mit dem\/der Vorgesetzten<\/strong><\/span><\/li>\n<li><span class=\"checkmark-list__text\"><strong>Gelebte Chancengleichheit &amp; Vielfalt: <\/strong>Erfolgreiche Integration von Mitarbeitende aus 101 Nationen sowie eine hohe Frauenquote (69 % gesamt, 58 % in F\u00fchrungspositionen) f\u00fcr eine von Respekt gepr\u00e4gte Unternehmenskultur.<\/span><\/li>\n<li><span class=\"checkmark-list__text\"><strong>Faire und gleichberechtige Entlohnung \u2013 klare Lohnstruktur angepasst an Aufgaben und Qualifikationen<\/strong><\/span><\/li>\n<li><span class=\"checkmark-list__text\"><strong>Ma\u00dfnahmen zur besseren Work-Life-Balance: <\/strong>Flexwork-Angebote in Absprache<\/span><\/li>\n<\/ul>\n                    <\/div>\n                            <\/div>\n        <\/div>\n    <\/div>\n<\/section>\n\n\n<section class=\"align wp-block-lb-media-text\">\n    <div class=\"container\">\n        <div class=\"section__body reversed\">\n            <div class=\"section__column is-media\">\n                <div class=\"section__media is-ratio-4-3\">\n                                            <div class=\"section__image\">\n                            <img decoding=\"async\" width=\"1288\" height=\"978\" src=\"https:\/\/www.wackler-group.de\/holding\/wp-content\/uploads\/sites\/2\/2026\/07\/wiederbelebung.webp\" class=\"attachment-full size-full\" alt=\"Menschen \u00fcben Erste-Hilfe an einer CPR-Puppe in einem Kursraum.\" loading=\"lazy\" srcset=\"https:\/\/www.wackler-group.de\/holding\/wp-content\/uploads\/sites\/2\/2026\/07\/wiederbelebung.webp 1288w, https:\/\/www.wackler-group.de\/holding\/wp-content\/uploads\/sites\/2\/2026\/07\/wiederbelebung-664x504.webp 664w, https:\/\/www.wackler-group.de\/holding\/wp-content\/uploads\/sites\/2\/2026\/07\/wiederbelebung-300x228.webp 300w\" sizes=\"(max-width: 1288px) 100vw, 1288px\" \/>                        <\/div>\n                                    <\/div>\n            <\/div>\n            <div class=\"section__column is-content\">\n                                    <p class=\"section__pretitle section-title-m\">\n                        Arbeitsschutz &amp; Pr\u00e4vention                    <\/p>\n                                                    <h2 class=\"section__title headline-l\">\n                        Gesundheit und Sicherheit geht vor                    <\/h2>\n                                                    <div class=\"section__rte copy-m\">\n                        <p>Sicherheitsrisiken und ungeschultes Personal gef\u00e4hrden den reibungslosen Ablauf in Ihren Immobilien. Als Traditionsunternehmen seit 1909 \u00fcberlassen wir die Sicherheit unserer Teams nicht dem Zufall. Wackler arbeitet nach den strengsten internationalen Standards f\u00fcr Arbeits- und Gesundheitsschutz. Durch pr\u00e4ventive Ma\u00dfnahmen und kontinuierliche Schulungen minimieren wir das Unfallrisiko vor Ort systematisch. Das garantiert Ihnen maximale operative Zuverl\u00e4ssigkeit, Rechtssicherheit und gesunde, motivierte Einsatzkr\u00e4fte auf Ihren Fl\u00e4chen.<\/p>\n<ul class=\"checkmark-list\">\n<li><span class=\"checkmark-list__text\"><strong>Betriebliches Gesundheitsmanagements (BGM)<\/strong> mit pr\u00e4ventiven Ma\u00dfnahmen und gesundheitsf\u00f6rdernden Angeboten in Kooperation mit unserem Beirat f\u00fcr Betriebliches Gesndheitsmanagement, Prof. Dr. med. Weidringer<\/span><\/li>\n<li><span class=\"checkmark-list__text\"><strong>Gesundheits- und Sicherheitsleistungen f\u00fcr die Mitarbeitenden<\/strong> auf Basis ISO 45001 Standard f\u00fcr Arbeitsschutzmanagement<\/span><\/li>\n<li><span class=\"checkmark-list__text\"><strong>J\u00e4hrliche Arbeitssicherheitsunterweisungen f\u00fcr unsere operativen Mitarbeitenden<\/strong> und die j\u00e4hrliche Unterweisung f\u00fcr Angestellte<\/span><\/li>\n<li><span class=\"checkmark-list__text\"><strong>Sicherheits-, Gesundheits- und Umweltschutzmanagement nach dem Standard des SCCP<\/strong> (Sicherheits-Certifikat-Contraktoren-Petrochemie) \u2013 ein weltweit anerkanntes kombiniertes Management-System zur Vermeidung und Reduzierung von Arbeitsunf\u00e4llen im Industriebereich<\/span><\/li>\n<li><span class=\"checkmark-list__text\"><strong><span class=\"checkmark-list__text\">Arbeitsschutzschulungen<\/span><\/strong><\/span><\/li>\n<li><span class=\"checkmark-list__text\"><strong>Regem\u00e4\u00dfige Gesundheitstage<\/strong> an unseren Hauptstandorten in Kooperation mit Krankenkassen<\/span><\/li>\n<\/ul>\n                    <\/div>\n                                                    <div class=\"section__buttons button-group\">\n                                                                                                <\/div>\n                            <\/div>\n        <\/div>\n<\/section>\n\n\n<section class=\"align wp-block-lb-media-text\">\n    <div class=\"container\">\n        <div class=\"section__body normal\">\n            <div class=\"section__column is-media\">\n                <div class=\"section__media is-ratio-4-3\">\n                                            <div class=\"section__image\">\n                            <img decoding=\"async\" width=\"1288\" height=\"978\" src=\"https:\/\/www.wackler-group.de\/holding\/wp-content\/uploads\/sites\/2\/2026\/07\/lieferfahrer-in-lkw.webp\" class=\"attachment-full size-full\" alt=\"L\u00e4chelnder Fahrer im LKW-Fahrerkabine, Geb\u00e4udedienstleistungen im Fokus.\" loading=\"lazy\" srcset=\"https:\/\/www.wackler-group.de\/holding\/wp-content\/uploads\/sites\/2\/2026\/07\/lieferfahrer-in-lkw.webp 1288w, https:\/\/www.wackler-group.de\/holding\/wp-content\/uploads\/sites\/2\/2026\/07\/lieferfahrer-in-lkw-664x504.webp 664w, https:\/\/www.wackler-group.de\/holding\/wp-content\/uploads\/sites\/2\/2026\/07\/lieferfahrer-in-lkw-300x228.webp 300w\" sizes=\"(max-width: 1288px) 100vw, 1288px\" \/>                        <\/div>\n                                    <\/div>\n            <\/div>\n            <div class=\"section__column is-content\">\n                                    <p class=\"section__pretitle section-title-m\">\n                        Integrit\u00e4t &amp; Partnerschaft                    <\/p>\n                                                    <h2 class=\"section__title headline-l\">\n                        Verantwortung gegen\u00fcber Kunden, Partnern und Gesellschaft                    <\/h2>\n                                                    <div class=\"section__rte copy-m\">\n                        <p>Wir handeln verantwortungsbewusst auch gegen\u00fcber unseren Kunden, Partnern und unserer Gesellschaft. Wir respektieren die Individualit\u00e4t eines jeden Menschen. Wir sch\u00e4tzen die internationale und damit verbunden kulturelle Vielfalt in unserem Unternehmen und in unserer Gesellschaft. Kunden, Lieferanten sind Partner auf Augenh\u00f6he \u2013 die Basis: gegenseitiger Respekt, Anerkennung, Fairness und Vertrauen.<\/p>\n<ul class=\"checkmark-list\">\n<li><span class=\"checkmark-list__text\"><strong>\u201eSaubere\u201c Lieferketten (BGM)<\/strong><\/span><\/li>\n<li><span class=\"checkmark-list__text\"><strong>Wir verhalten uns gem\u00e4\u00df geltendem Recht und achten unsere Compliance-Richtlinien<\/strong><\/span><\/li>\n<li><span class=\"checkmark-list__text\"><strong>Verantwortungsbewusstes Marketing<\/strong><\/span><\/li>\n<li><span class=\"checkmark-list__text\"><strong>Wir unterst\u00fctzen soziale Spendenprojekte<\/strong><\/span><\/li>\n<li><span class=\"checkmark-list__text\"><strong><span class=\"checkmark-list__text\">Wir bevorzugen mittelst\u00e4ndische regionale und europaweite Partner-Unternehmen, die selbst nachhaltig arbeiten<\/span><\/strong><\/span><\/li>\n<\/ul>\n                    <\/div>\n                                                    <div class=\"section__buttons button-group\">\n                                                                                                <\/div>\n                            <\/div>\n        <\/div>\n<\/section>\n\n\n<section class=\"align wp-block-lb-media-text has-background has-container-bg-blue-dark-background-color\">\n    <div class=\"container\">\n        <div class=\"section__body reversed\">\n            <div class=\"section__column is-media\">\n                <div class=\"section__media is-ratio-4-3\">\n                                            <div class=\"section__image\">\n                            <img decoding=\"async\" width=\"1288\" height=\"996\" src=\"https:\/\/www.wackler-group.de\/holding\/wp-content\/uploads\/sites\/2\/2026\/07\/Mann-mit-Tablet.webp\" class=\"attachment-full size-full\" alt=\"Gesch\u00e4ftsmann mit Tablet bei Geb\u00e4udereinigung und Facility Management.\" loading=\"lazy\" srcset=\"https:\/\/www.wackler-group.de\/holding\/wp-content\/uploads\/sites\/2\/2026\/07\/Mann-mit-Tablet.webp 1288w, https:\/\/www.wackler-group.de\/holding\/wp-content\/uploads\/sites\/2\/2026\/07\/Mann-mit-Tablet-664x513.webp 664w, https:\/\/www.wackler-group.de\/holding\/wp-content\/uploads\/sites\/2\/2026\/07\/Mann-mit-Tablet-300x232.webp 300w\" sizes=\"(max-width: 1288px) 100vw, 1288px\" \/>                        <\/div>\n                                    <\/div>\n            <\/div>\n            <div class=\"section__column is-content\">\n                                    <p class=\"section__pretitle section-title-m\">\n                        Presse, News &amp; Blog                    <\/p>\n                                                    <h2 class=\"section__title headline-l\">\n                        Einblicke aus der Praxis                    <\/h2>\n                                                    <div class=\"section__rte copy-m\">\n                        <p>Entwicklungen erkennen, Innovationen verstehen und Trends einordnen: Hier finden Sie Neuigkeiten aus der Wackler Group sowie interessante Beitr\u00e4ge und Einblicke in die Themen, die unsere Kunden und M\u00e4rkte bewegen.<\/p>\n                    <\/div>\n                                                    <div class=\"section__buttons button-group\">\n                                                                                    <a class=\"section__buttons-link button-primary button-primary--arrow\" href=\"https:\/\/www.wackler-group.de\/holding\/news-und-presse\/\" >\n                                    <span class=\"button__text\">Zu News &amp; Presse<\/span>\n                                <\/a>\n                                                                        <\/div>\n                            <\/div>\n        <\/div>\n<\/section>\n\n\n\n\n<section class=\"align wp-block-lb-faq\">\n    <div class=\"container container--narrow\">\n        <div class=\"section__body\">\n                            <div class=\"section__header\">\n                                            <h2 class=\"section__title headline-l\">\n                            Unser Engagement                        <\/h2>\n                                                        <\/div>\n            \n                            <ul class=\"section__faq-list js-faq-accordion\">\n                                            <li class=\"section__faq-item\">\n                            <h3 class=\"section__faq-item__inner\">\n                                <button class=\"section__faq-trigger\" type=\"button\" aria-expanded=\"false\" aria-expanded=\"false\" id=\"faq-button-2\" aria-controls=\"faq-content-1\">\n                                    <span class=\"section__faq-question headline-xs-2\">\n                                        Allianz f\u00fcr nachhaltiges Wirtschaften: B.A.U.M. e.V.                                    <\/span>\n                                    <span class=\"section__faq-icon\" aria-hidden=\"true\">\n                                        <svg width=\"23\" height=\"14\" viewBox=\"0 0 23 14\" fill=\"none\" xmlns=\"http:\/\/www.w3.org\/2000\/svg\">\n                                            <path fill-rule=\"evenodd\" clip-rule=\"evenodd\" d=\"M0.791733 0.792133L0 1.5844L5.74187 7.32627L11.4837 13.0681L17.2256 7.32627L22.9675 1.5844L22.1757 0.792133L21.384 0L16.4339 4.95L11.4837 9.90013L6.5336 4.95L1.58347 0L0.791733 0.792133Z\" fill=\"currentColor\"\/>\n                                        <\/svg>\n                                    <\/span>\n                                <\/button>\n                            <\/h3>\n                            <div class=\"section__faq-content\" role=\"region\" id=\"faq-content-1\" aria-labelledby=\"faq-button-2\" aria-hidden=\"true\">\n                                                                    <div class=\"section__faq-answer copy-m\">\n                                        Als aktives Mitglied im Bundesdeutschen Arbeitskreis f\u00fcr Umweltbewusstes Management e.V. (B.A.U.M.) b\u00fcndeln wir \u00f6konomische, \u00f6kologische und soziale Verantwortung. Mit weit \u00fcber 500 Mitgliedern ist B.A.U.M. das gr\u00f6\u00dfte Unternehmensnetzwerk f\u00fcr nachhaltiges Wirtschaften in Europa. F\u00fcr Sie bedeutet das: Wir setzen erprobte, zukunftssichere Best Practices direkt in Ihren Objekten um.                                    <\/div>\n                                                            <\/div>\n                        <\/li>\n                                            <li class=\"section__faq-item\">\n                            <h3 class=\"section__faq-item__inner\">\n                                <button class=\"section__faq-trigger\" type=\"button\" aria-expanded=\"false\" aria-expanded=\"false\" id=\"faq-button-4\" aria-controls=\"faq-content-3\">\n                                    <span class=\"section__faq-question headline-xs-2\">\n                                        Globale Verantwortung: Allianz f\u00fcr Entwicklung und Klima                                    <\/span>\n                                    <span class=\"section__faq-icon\" aria-hidden=\"true\">\n                                        <svg width=\"23\" height=\"14\" viewBox=\"0 0 23 14\" fill=\"none\" xmlns=\"http:\/\/www.w3.org\/2000\/svg\">\n                                            <path fill-rule=\"evenodd\" clip-rule=\"evenodd\" d=\"M0.791733 0.792133L0 1.5844L5.74187 7.32627L11.4837 13.0681L17.2256 7.32627L22.9675 1.5844L22.1757 0.792133L21.384 0L16.4339 4.95L11.4837 9.90013L6.5336 4.95L1.58347 0L0.791733 0.792133Z\" fill=\"currentColor\"\/>\n                                        <\/svg>\n                                    <\/span>\n                                <\/button>\n                            <\/h3>\n                            <div class=\"section__faq-content\" role=\"region\" id=\"faq-content-3\" aria-labelledby=\"faq-button-4\" aria-hidden=\"true\">\n                                                                    <div class=\"section__faq-answer copy-m\">\n                                        Nachhaltigkeit h\u00f6rt f\u00fcr uns nicht an der Grundst\u00fccksgrenze auf. Als Unterst\u00fctzer der Allianz f\u00fcr Entwicklung und Klima engagieren wir uns f\u00fcr messbaren Klimaschutz und nachhaltige Entwicklung. Durch dieses Engagement st\u00e4rken wir die ESG-Bilanz unserer gesamten Unternehmensgruppe \u2013 und sichern damit auch die Scope-3-Anforderungen im Einkauf unserer Kunden rechtssicher ab.                                    <\/div>\n                                                            <\/div>\n                        <\/li>\n                                            <li class=\"section__faq-item\">\n                            <h3 class=\"section__faq-item__inner\">\n                                <button class=\"section__faq-trigger\" type=\"button\" aria-expanded=\"false\" aria-expanded=\"false\" id=\"faq-button-6\" aria-controls=\"faq-content-5\">\n                                    <span class=\"section__faq-question headline-xs-2\">\n                                        Exzellenz im Mittelstand: Klimaschutz-Unternehmen e.V.                                    <\/span>\n                                    <span class=\"section__faq-icon\" aria-hidden=\"true\">\n                                        <svg width=\"23\" height=\"14\" viewBox=\"0 0 23 14\" fill=\"none\" xmlns=\"http:\/\/www.w3.org\/2000\/svg\">\n                                            <path fill-rule=\"evenodd\" clip-rule=\"evenodd\" d=\"M0.791733 0.792133L0 1.5844L5.74187 7.32627L11.4837 13.0681L17.2256 7.32627L22.9675 1.5844L22.1757 0.792133L21.384 0L16.4339 4.95L11.4837 9.90013L6.5336 4.95L1.58347 0L0.791733 0.792133Z\" fill=\"currentColor\"\/>\n                                        <\/svg>\n                                    <\/span>\n                                <\/button>\n                            <\/h3>\n                            <div class=\"section__faq-content\" role=\"region\" id=\"faq-content-5\" aria-labelledby=\"faq-button-6\" aria-hidden=\"true\">\n                                                                    <div class=\"section__faq-answer copy-m\">\n                                        Wir geh\u00f6ren zur bundesweiten Vorreiterinitiative Klimaschutz-Unternehmen e.V. \u2013 einem Netzwerk aus Firmen aller Branchen, die sich freiwillig zu messbaren Klima- und Energieeffizienzielen verpflichten. Diese Auszeichnung durch das Bundesumweltministerium und die DIHK ist Ihr Beleg daf\u00fcr, dass wir beim Thema Ressourceneinsparung nicht nur mitreden, sondern als Vorreiter vorangehen.                                    <\/div>\n                                                            <\/div>\n                        <\/li>\n                                            <li class=\"section__faq-item\">\n                            <h3 class=\"section__faq-item__inner\">\n                                <button class=\"section__faq-trigger\" type=\"button\" aria-expanded=\"false\" aria-expanded=\"false\" id=\"faq-button-8\" aria-controls=\"faq-content-7\">\n                                    <span class=\"section__faq-question headline-xs-2\">\n                                        Messbarer Klimaschutz: Wirtschaft pro Klima                                    <\/span>\n                                    <span class=\"section__faq-icon\" aria-hidden=\"true\">\n                                        <svg width=\"23\" height=\"14\" viewBox=\"0 0 23 14\" fill=\"none\" xmlns=\"http:\/\/www.w3.org\/2000\/svg\">\n                                            <path fill-rule=\"evenodd\" clip-rule=\"evenodd\" d=\"M0.791733 0.792133L0 1.5844L5.74187 7.32627L11.4837 13.0681L17.2256 7.32627L22.9675 1.5844L22.1757 0.792133L21.384 0L16.4339 4.95L11.4837 9.90013L6.5336 4.95L1.58347 0L0.791733 0.792133Z\" fill=\"currentColor\"\/>\n                                        <\/svg>\n                                    <\/span>\n                                <\/button>\n                            <\/h3>\n                            <div class=\"section__faq-content\" role=\"region\" id=\"faq-content-7\" aria-labelledby=\"faq-button-8\" aria-hidden=\"true\">\n                                                                    <div class=\"section__faq-answer copy-m\">\n                                        \u00dcber das Netzwerk \u201eWirtschaft pro Klima\u201c bekennen wir uns \u00f6ffentlich zu konkreten Ma\u00dfnahmen f\u00fcr eine CO\u2082-reduzierte Wirtschaft. Wir belassen es nicht bei Absichtserkl\u00e4rungen: Durch unseren wissenschaftlich validierten SBTi-Net-Zero-Pfad und kontinuierliche Prozessoptimierung machen wir den \u00f6kologischen Fu\u00dfabdruck Ihrer Immobilien transparent und zukunftsf\u00e4hig.                                    <\/div>\n                                                            <\/div>\n                        <\/li>\n                                    <\/ul>\n            \n                    <\/div>\n    <\/div>\n<\/section>\n\n\n<section class=\"align wp-block-lb-cross-link-tabs\">\n    <div class=\"container\">\n        <div class=\"section__body\">\n            <div class=\"section__row section__row-text\">\n                                    <p class=\"section__pretitle section-title-m\">\n                        Weitere Informationen                    <\/p>\n                                                    <h2 class=\"section__title headline-l\">\n                        Weitere Themen, die Sie interessieren k\u00f6nnen                    <\/h2>\n                            <\/div>\n                            <div class=\"section__row section__row-cards\">\n                    <div class=\"cards\">\n                                                                                                                <a class=\"cards-item\" href=\"https:\/\/www.wackler-group.de\/holding\/ueber-wackler\/geschaeftsleitung\/\" aria-label=\"Gesch\u00e4ftsleitung\">\n                                                            <div class=\"cards-item__content\">\n                                                                            <h3 class=\"cards-item__title headline-ms\">\n                                            Gesch\u00e4ftsleitung                                        <\/h3>\n                                                                                                                <div class=\"cards-item__text copy-m\">\n                                            Erleben Sie Geb\u00e4udereinigung, die weiterdenkt, live vor Ort und tauschen Sie sich mit unseren Spezialisten \u00fcber modernste Technologien aus.                                        <\/div>\n                                                                    <\/div>\n                                                                    <span class=\"cards-item__arrow\" aria-hidden=\"true\"><\/span>\n                                                                                            <\/a>\n                                                                                                                                            <a class=\"cards-item\" href=\"https:\/\/www.wackler-group.de\/holding\/ueber-wackler\/qualitaet-und-engagement\/\" aria-label=\"Qualit\u00e4t &amp; Engagement\">\n                                                            <div class=\"cards-item__content\">\n                                                                            <h3 class=\"cards-item__title headline-ms\">\n                                            Qualit\u00e4t &amp; Engagement                                        <\/h3>\n                                                                                                                <div class=\"cards-item__text copy-m\">\n                                            8 Zertifikate und EcoVadis Platin: Entdecken Sie unsere gepr\u00fcften Standards f\u00fcr Ihre Sicherheit.                                        <\/div>\n                                                                    <\/div>\n                                                                    <span class=\"cards-item__arrow\" aria-hidden=\"true\"><\/span>\n                                                                                            <\/a>\n                                                                                                                                            <a class=\"cards-item\" href=\"https:\/\/www.wackler-group.de\/holding\/ueber-wackler\/historie\/\" aria-label=\"Historie\">\n                                                            <div class=\"cards-item__content\">\n                                                                            <h3 class=\"cards-item__title headline-ms\">\n                                            Historie                                        <\/h3>\n                                                                                                                <div class=\"cards-item__text copy-m\">\n                                            Seit 117 Jahren am Markt: Finden Sie heraus, warum uns Marktf\u00fchrer vertrauen.                                        <\/div>\n                                                                    <\/div>\n                                                                    <span class=\"cards-item__arrow\" aria-hidden=\"true\"><\/span>\n                                                                                            <\/a>\n                                                                        <\/div>\n                <\/div>\n                    <\/div>\n    <\/div>\n<\/section>\n","protected":false},"excerpt":{"rendered":"","protected":false},"author":1,"featured_media":0,"parent":386,"menu_order":0,"comment_status":"closed","ping_status":"closed","template":"","meta":{"_acf_changed":false,"footnotes":""},"class_list":["post-390","page","type-page","status-publish","hentry"],"acf":[],"ase":null,"_links":{"self":[{"href":"https:\/\/www.wackler-group.de\/holding\/wp-json\/wp\/v2\/pages\/390","targetHints":{"allow":["GET"]}}],"collection":[{"href":"https:\/\/www.wackler-group.de\/holding\/wp-json\/wp\/v2\/pages"}],"about":[{"href":"https:\/\/www.wackler-group.de\/holding\/wp-json\/wp\/v2\/types\/page"}],"author":[{"embeddable":true,"href":"https:\/\/www.wackler-group.de\/holding\/wp-json\/wp\/v2\/users\/1"}],"replies":[{"embeddable":true,"href":"https:\/\/www.wackler-group.de\/holding\/wp-json\/wp\/v2\/comments?post=390"}],"version-history":[{"count":0,"href":"https:\/\/www.wackler-group.de\/holding\/wp-json\/wp\/v2\/pages\/390\/revisions"}],"up":[{"embeddable":true,"href":"https:\/\/www.wackler-group.de\/holding\/wp-json\/wp\/v2\/pages\/386"}],"wp:attachment":[{"href":"https:\/\/www.wackler-group.de\/holding\/wp-json\/wp\/v2\/media?parent=390"}],"curies":[{"name":"wp","href":"https:\/\/api.w.org\/{rel}","templated":true}]}}