{"id":388,"date":"2026-07-21T12:21:35","date_gmt":"2026-07-21T12:21:35","guid":{"rendered":"https:\/\/holding.wackler.dev.lichtblick.io\/?page_id=388"},"modified":"2026-08-26T10:49:33","modified_gmt":"2026-08-26T10:49:33","slug":"oekologische-verantwortung","status":"publish","type":"page","link":"https:\/\/www.wackler-group.de\/holding\/nachhaltigkeit\/oekologische-verantwortung\/","title":{"rendered":"\u00d6kologische Verantwortung"},"content":{"rendered":"\n<section class=\"align wp-block-lb-hero-section\">\n    <div class=\"section__body\">\n        <div class=\"container\">\n            <div class=\"section-content\">\n                                    <h1 class=\"section-content__title headline-xl\">\n                        Unser Weg zu Net-Zero.                    <\/h1>\n                                                    <p class=\"section-content__text copy-l\">\n                        Wir warten nicht auf den Wandel, wir gestalten ihn. Mit wissenschaftsbasierten Zielen und einer Strategie, die \u00fcber den Standard hinausgeht.                    <\/p>\n                                            <\/div>\n        <\/div>\n                    <picture class=\"background-image\">\n                                    <source srcset=\"https:\/\/www.wackler-group.de\/holding\/wp-content\/uploads\/sites\/2\/2026\/07\/oekologische-verantwortung-3.webp\"\n                            media=\"(max-width: 991px)\"\/>\n                                <img loading=\"lazy\" decoding=\"async\" width=\"1920\" height=\"1045\" src=\"https:\/\/www.wackler-group.de\/holding\/wp-content\/uploads\/sites\/2\/2026\/07\/oekologische-verantwortung-2.webp\" class=\"attachment-full size-full\" alt=\"Berglandschaft mit Nebel und gr\u00fcnen W\u00e4ldern im Morgenlicht.\" srcset=\"https:\/\/www.wackler-group.de\/holding\/wp-content\/uploads\/sites\/2\/2026\/07\/oekologische-verantwortung-2.webp 1920w, https:\/\/www.wackler-group.de\/holding\/wp-content\/uploads\/sites\/2\/2026\/07\/oekologische-verantwortung-2-664x361.webp 664w, https:\/\/www.wackler-group.de\/holding\/wp-content\/uploads\/sites\/2\/2026\/07\/oekologische-verantwortung-2-1360x740.webp 1360w, https:\/\/www.wackler-group.de\/holding\/wp-content\/uploads\/sites\/2\/2026\/07\/oekologische-verantwortung-2-300x163.webp 300w\" sizes=\"(max-width: 1920px) 100vw, 1920px\" \/>            <\/picture>\n            <\/div>\n    <\/section>\n\n\n<section class=\"align wp-block-lb-text-feature\">\n    <div class=\"container container--small\">\n        <div class=\"section__body\">\n            <div class=\"section__column section__column-text\">\n                                    <p class=\"section__pretitle section-title-m\">\n                        \u00d6kologische Verantwortung                    <\/p>\n                                                    <h2 class=\"section__title headline-l\">\n                        Seit \u00fcber 15 Jahren ist Nachhaltigkeit fester Bestandteil unserer Unternehmenspolitik.                     <\/h2>\n                                            <\/div>\n            <div class=\"section__column section__column-features\">\n                                    <div class=\"section__rte copy-m\">\n                        <p>Heute mehr denn je m\u00fcssen wir Verantwortung \u00fcbernehmen und aktiv zum Umwelt- und Klimaschutz beitragen. Bereits 2009 starteten wir mit nachhaltiger Geb\u00e4udereinigung, die heute unser Standard ist. Seitdem treiben wir technologische und \u00f6kologische Innovationen voran \u2013 mit eigener Robotik-Tochter, Beratung f\u00fcr nachhaltige Transformation und ESG-Software. Wir arbeiten auf Basis von Umwelt- und Energiemanagement-Systemen und entwickeln kontinuierlich Ma\u00dfnahmen zur Reduktion der CO\u2082-Emissionen bei uns und bei unseren Kunden.<\/p>\n                    <\/div>\n                                            <\/div>\n        <\/div>\n    <\/div>\n<\/section>\n\n\n<section class=\"align wp-block-lb-media-text has-background has-container-fill-bright-background-color\">\n    <div class=\"container\">\n        <div class=\"section__body normal\">\n            <div class=\"section__column is-media\">\n                <div class=\"section__media is-ratio-4-3\">\n                                            <div class=\"section__image\">\n                            <img decoding=\"async\" width=\"1288\" height=\"978\" src=\"https:\/\/www.wackler-group.de\/holding\/wp-content\/uploads\/sites\/2\/2026\/07\/Windraeder.webp\" class=\"attachment-full size-full\" alt=\"Windkraftanlagen zur nachhaltigen Energieerzeugung in der Natur.\" loading=\"lazy\" srcset=\"https:\/\/www.wackler-group.de\/holding\/wp-content\/uploads\/sites\/2\/2026\/07\/Windraeder.webp 1288w, https:\/\/www.wackler-group.de\/holding\/wp-content\/uploads\/sites\/2\/2026\/07\/Windraeder-664x504.webp 664w, https:\/\/www.wackler-group.de\/holding\/wp-content\/uploads\/sites\/2\/2026\/07\/Windraeder-300x228.webp 300w\" sizes=\"(max-width: 1288px) 100vw, 1288px\" \/>                        <\/div>\n                                    <\/div>\n            <\/div>\n            <div class=\"section__column is-content\">\n                                    <p class=\"section__pretitle section-title-m\">\n                        Netto-Null-Emisssionen                    <\/p>\n                                                    <h2 class=\"section__title headline-l\">\n                        Unser Weg zu Netto-Null-Emissionen                    <\/h2>\n                                                    <div class=\"section__rte copy-m\">\n                        <p>Die Wackler Group verfolgt konsequent ihren \u201eGr\u00fcnen Weg\u201c und hat sich durch die Validierung ihrer Klimaziele durch die Science Based Targets initiative (SBTi) klar zur Erreichung von Netto-Null-Emissionen bis 2045 verpflichtet. Die SBTi hat die kurz- und langfristigen CO\u2082-Reduktionsziele des Unternehmens als wissenschaftsbasiert anerkannt. Damit bekennt sich Wackler zur Einhaltung des 1,5 \u00b0C-Ziels des Pariser Klimaabkommens und erf\u00fcllt den international anerkannten Net-Zero-Standard. Die Validierung durch die SBTi unterstreicht Wacklers Engagement f\u00fcr Nachhaltigkeit und seine Vorreiterrolle im Bereich klimafreundlicher Dienstleistungen.<\/p>\n                    <\/div>\n                                            <\/div>\n        <\/div>\n<\/section>\n\n\n<section class=\"align wp-block-lb-text-feature\">\n    <div class=\"container container--small\">\n        <div class=\"section__body\">\n            <div class=\"section__column section__column-text\">\n                                    <p class=\"section__pretitle section-title-m\">\n                        Unser Weg zur CO\u2082-Neutralit\u00e4t                    <\/p>\n                                                    <h2 class=\"section__title headline-l\">\n                        Ma\u00dfnahmen zur Reduktion der CO\u2082-Emissionen                    <\/h2>\n                                            <\/div>\n            <div class=\"section__column section__column-features\">\n                                                    <div class=\"section__features\">\n                        <ul class=\"checkmark-list\">\n<li><span class=\"checkmark-list__text\"><strong>Nachhaltiges Reinigungs-Konzept GREEN CLEAN als Service-Standard f\u00fcr alle Kunden<\/strong><\/span><\/li>\n<li><span class=\"checkmark-list__text\"><strong><span class=\"checkmark-list__text\">Investition in naturbasierte Klimaschutzprojekte, wie das&nbsp;Waldumbauprojekt Sch\u00f6neiche<\/span><\/strong><\/span><\/li>\n<li><span class=\"checkmark-list__text\"><strong>Stetiger Ausbau des Fuhrparks auf Hybrid- bzw. Elektrofahrzeuge<\/strong><\/span><\/li>\n<li><span class=\"checkmark-list__text\"><strong>100 % Strom aus erneuerbaren Energien<\/strong><\/span><\/li>\n<li><span class=\"checkmark-list__text\"><strong>Gr\u00fcndung der ConClimate GmbH, Beratungsunternehmen f\u00fcr nachhaltige Transformation, der Substain GmbH, Anbieter von Software f\u00fcr ale ESG-Anforderungen und der RoboPlanet GmbH f\u00fcr integrative Robotikl\u00f6sungen<\/strong><\/span><\/li>\n<li><span class=\"checkmark-list__text\"><strong>Schulungen f\u00fcr Mitarbeitende zu Klima- und Umweltschutz<\/strong><\/span><\/li>\n<\/ul>\n                    <\/div>\n                            <\/div>\n        <\/div>\n    <\/div>\n<\/section>\n\n\n<section class=\"align wp-block-lb-media-text\">\n    <div class=\"container\">\n        <div class=\"section__body reversed\">\n            <div class=\"section__column is-media\">\n                <div class=\"section__media is-ratio-4-3\">\n                                            <div class=\"section__image\">\n                            <img decoding=\"async\" width=\"1288\" height=\"978\" src=\"https:\/\/www.wackler-group.de\/holding\/wp-content\/uploads\/sites\/2\/2026\/07\/Vortrag.webp\" class=\"attachment-full size-full\" alt=\"Gesch\u00e4ftsleute bei einer Besprechung im Konferenzraum.\" loading=\"lazy\" srcset=\"https:\/\/www.wackler-group.de\/holding\/wp-content\/uploads\/sites\/2\/2026\/07\/Vortrag.webp 1288w, https:\/\/www.wackler-group.de\/holding\/wp-content\/uploads\/sites\/2\/2026\/07\/Vortrag-664x504.webp 664w, https:\/\/www.wackler-group.de\/holding\/wp-content\/uploads\/sites\/2\/2026\/07\/Vortrag-300x228.webp 300w\" sizes=\"(max-width: 1288px) 100vw, 1288px\" \/>                        <\/div>\n                                    <\/div>\n            <\/div>\n            <div class=\"section__column is-content\">\n                                    <p class=\"section__pretitle section-title-m\">\n                        Vorreiterrolle einnehmen                    <\/p>\n                                                    <h2 class=\"section__title headline-l\">\n                        Unsere \u00dcberzeugung teilen                    <\/h2>\n                                                    <div class=\"section__rte copy-m\">\n                        <p>Neben den Leistungen, Umwelt- und Klimaschutz im eigenen Unternehmen zu forcieren, haben wir uns entschieden, auch eine st\u00e4rkere Multiplikatoren Rolle f\u00fcr das Thema Klimaschutz einzunehmen. Wir sind davon \u00fcberzeugt, dass jeder Schritt z\u00e4hlt und wir so viele Mitstreiter wie m\u00f6glich mobilisieren sollten, um den kommenden Generationen eine lebenswerte Zukunft zu erm\u00f6glichen. Als Wackler Group haben wir die Chance, branchen\u00fcbergreifend unsere Erfahrungen und Impulse an die Kundschaft, Mitarbeitende und Partnerunternehmen weiterzugeben und andere Akteure von den Chancen nachhaltigen Wirtschaftens zu \u00fcberzeugen.<\/p>\n<ul class=\"checkmark-list\">\n<li><span class=\"checkmark-list__text\"><strong>Schulungen und Seminare f\u00fcr Mitarbeitende des Unternehmens<\/strong><\/span><\/li>\n<li><span class=\"checkmark-list__text\"><strong>Interne Ausbildung zum &#8222;Fachwirt CSR und Klimaschutz&#8220;<\/strong><\/span><\/li>\n<li><span class=\"checkmark-list__text\"><strong>Aktive Pflege von Netzwerke und Mitgliedschaften<\/strong><\/span><\/li>\n<li><span class=\"checkmark-list__text\"><strong>Herausgabe 2 Klimab\u00fccher von Peter Blenke, CEO und Vorstandsvorsitzender der Wackler Holding SE<\/strong><\/span><\/li>\n<li><span class=\"checkmark-list__text\"><strong>Einladung externer Klima- und Umweltexperten zu Veranstaltungen<\/strong><\/span><\/li>\n<li><span class=\"checkmark-list__text\"><strong>Ver\u00f6ffentlichung der freiwilligen und j\u00e4hrlichen Nachhaltigkeitsberichte der Wackler Group<\/strong><\/span><\/li>\n<\/ul>\n                    <\/div>\n                                                    <div class=\"section__buttons button-group\">\n                                                                                                <\/div>\n                            <\/div>\n        <\/div>\n<\/section>\n\n\n<section class=\"align wp-block-lb-media-text\">\n    <div class=\"container\">\n        <div class=\"section__body normal\">\n            <div class=\"section__column is-media\">\n                <div class=\"section__media is-ratio-4-3\">\n                                            <div class=\"section__image\">\n                            <img decoding=\"async\" width=\"1288\" height=\"978\" src=\"https:\/\/www.wackler-group.de\/holding\/wp-content\/uploads\/sites\/2\/2026\/07\/E-Ladesaeule.webp\" class=\"attachment-full size-full\" alt=\"Ladestation f\u00fcr Elektroautos mit Ladekabel und Parkplatz im Hintergrund.\" loading=\"lazy\" srcset=\"https:\/\/www.wackler-group.de\/holding\/wp-content\/uploads\/sites\/2\/2026\/07\/E-Ladesaeule.webp 1288w, https:\/\/www.wackler-group.de\/holding\/wp-content\/uploads\/sites\/2\/2026\/07\/E-Ladesaeule-664x504.webp 664w, https:\/\/www.wackler-group.de\/holding\/wp-content\/uploads\/sites\/2\/2026\/07\/E-Ladesaeule-300x228.webp 300w\" sizes=\"(max-width: 1288px) 100vw, 1288px\" \/>                        <\/div>\n                                    <\/div>\n            <\/div>\n            <div class=\"section__column is-content\">\n                                    <p class=\"section__pretitle section-title-m\">\n                        Nachhaltiges Flottenmanagement                    <\/p>\n                                                    <h2 class=\"section__title headline-l\">\n                        Mobilit\u00e4tsmanagement                    <\/h2>\n                                                    <div class=\"section__rte copy-m\">\n                        <p>Bereits 2011 wurde Wackler vom Referat f\u00fcr Arbeit und Wirtschaft der Landeshauptstadt M\u00fcnchen f\u00fcr die erfolgreiche Teilnahme am Programm \u201eBetriebliches Mobilit\u00e4tsmanagement M\u00fcnchen (BMM)\u201d ausgezeichnet. Seitdem hat sich viel bei uns getan. Wir sind bundesweit aktiv und in unseren Kerngesch\u00e4ftsfeldern auf ein hohes Ma\u00df an Individualmobilit\u00e4t angewiesen. Die Reduktion unserer fuhrparkbedingten CO2-Emissionen nimmt folglich den gr\u00f6\u00dften Stellenwert ein.<\/p>\n<ul class=\"checkmark-list\">\n<li><span class=\"checkmark-list__text\"><strong>Etablieren eines Mobilit\u00e4ts(-management)beauftragten zur Koordination aller Fragen rund um die Mobilit\u00e4t<\/strong><\/span><\/li>\n<li><span class=\"checkmark-list__text\"><strong>Bereitstellung einer Elektroladeinfrastuktur an den Unternehmensstandorten<\/strong><\/span><\/li>\n<li><span class=\"checkmark-list__text\"><strong>Einf\u00fchrung von \u00f6kologischen Auswahlkriterien beim Einkauf der Firmenfahrzeuge<\/strong><\/span><\/li>\n<li><span class=\"checkmark-list__text\"><strong>\u00d6kologische Bewertungen im Prozess der firmeninternen Fahrzeugvergabe<\/strong><\/span><\/li>\n<li><span class=\"checkmark-list__text\"><strong>Umsetzung von Sprit-Spar-Trainings f\u00fcr Mitarbeitende, um bei der Fahrzeugnutzung umweltfreundlicher zu agieren<\/strong><\/span><\/li>\n<li><span class=\"checkmark-list__text\"><strong>Einf\u00fchrung einer Routenoptimierung, um die Energieverbr\u00e4uche bei Einsatzfahrten zu senken<\/strong><\/span><\/li>\n<li><span class=\"checkmark-list__text\"><strong>Stetiger Ausbau der Fahrzeugflotte auf  E- bzw. alternative Antriebsm\u00f6glichkeiten<\/strong><\/span><\/li>\n<\/ul>\n                    <\/div>\n                                                    <div class=\"section__buttons button-group\">\n                                                                                                <\/div>\n                            <\/div>\n        <\/div>\n<\/section>\n\n\n<section class=\"align wp-block-lb-media-text has-background has-container-fill-bright-background-color\">\n    <div class=\"container\">\n        <div class=\"section__body reversed\">\n            <div class=\"section__column is-media\">\n                <div class=\"section__media is-ratio-4-3\">\n                                            <div class=\"section__image\">\n                            <img decoding=\"async\" width=\"1244\" height=\"928\" src=\"https:\/\/www.wackler-group.de\/holding\/wp-content\/uploads\/sites\/2\/2026\/07\/65d7a416527c26b41b1f1a8f8058ce49264c22dd.webp\" class=\"attachment-full size-full\" alt=\"Grafik mit Umweltzielen: Vermeiden, Reduzieren, Sch\u00fctzen.\" loading=\"lazy\" srcset=\"https:\/\/www.wackler-group.de\/holding\/wp-content\/uploads\/sites\/2\/2026\/07\/65d7a416527c26b41b1f1a8f8058ce49264c22dd.webp 1244w, https:\/\/www.wackler-group.de\/holding\/wp-content\/uploads\/sites\/2\/2026\/07\/65d7a416527c26b41b1f1a8f8058ce49264c22dd-664x495.webp 664w, https:\/\/www.wackler-group.de\/holding\/wp-content\/uploads\/sites\/2\/2026\/07\/65d7a416527c26b41b1f1a8f8058ce49264c22dd-300x224.webp 300w\" sizes=\"(max-width: 1244px) 100vw, 1244px\" \/>                        <\/div>\n                                    <\/div>\n            <\/div>\n            <div class=\"section__column is-content\">\n                                    <p class=\"section__pretitle section-title-m\">\n                        Umweltfreundliches Reinigungsservice                    <\/p>\n                                                    <h2 class=\"section__title headline-l\">\n                        GREEN CLEAN: die nachhaltige Geb\u00e4ude-reinigung, ohne Mehrkosten                    <\/h2>\n                                                    <div class=\"section__rte copy-m\">\n                        <p>Wir m\u00f6chten unsere Kunden dabei unterst\u00fctzen, aktiv den Klima- und Umweltschutz voranzutreiben. Deshalb ist unser umweltfreundlicher Reinigungsservice GREEN CLEAN seit 2023 unser neuer Service-Standard. Das Service-Upgrade ist dabei mit keinerlei Mehrkosten f\u00fcr Bestands- und Neukunden verbunden \u2013 diese tr\u00e4gt Wackler selbst. <\/p>\n                    <\/div>\n                                                    <div class=\"section__buttons button-group\">\n                                                                                    <a class=\"section__buttons-link button-primary button-primary--arrow\" href=\"https:\/\/www.wackler-group.de\/leistungen\/green-clean\/\"  target=\"_blank\" rel=\"noopener noreferrer\">\n                                    <span class=\"button__text\">Mehr \u00fcber GREEN CLEAN erfahren<\/span>\n                                <\/a>\n                                                                        <\/div>\n                            <\/div>\n        <\/div>\n<\/section>\n\n\n\n<section class=\"align wp-block-lb-slider-logo\">\n    <div class=\"container\">\n        <div class=\"section__body\">\n                                        <div class=\"section__info\">\n                    <p class=\"section__title headline-s\">Auszeichnungen &amp; Engagement<\/p>\n                <\/div>\n                                        <div class=\"section__slider\">\n                    <div class=\"logo-wrapper logo-wrapper--few\">\n                        <div class=\"logo-wrapper__inner\">\n                            <div class=\"js-logo-slider swiper\">\n                                <div class=\"swiper-wrapper\">\n                                                                            <div class=\"swiper-slide\">\n                                            <div class=\"logo-item\">\n                                                <img loading=\"lazy\" decoding=\"async\" width=\"320\" height=\"320\" src=\"https:\/\/www.wackler-group.de\/holding\/wp-content\/uploads\/sites\/2\/2026\/07\/B.A.U.M.png\" class=\"attachment-full size-full\" alt=\"B.A.U.M. Logo mit Geb\u00e4udereinigungs-Icon.\" srcset=\"https:\/\/www.wackler-group.de\/holding\/wp-content\/uploads\/sites\/2\/2026\/07\/B.A.U.M.png 320w, https:\/\/www.wackler-group.de\/holding\/wp-content\/uploads\/sites\/2\/2026\/07\/B.A.U.M-300x300.png 300w\" sizes=\"(max-width: 320px) 100vw, 320px\" \/>                                            <\/div>\n                                        <\/div>\n                                                                            <div class=\"swiper-slide\">\n                                            <div class=\"logo-item\">\n                                                <img loading=\"lazy\" decoding=\"async\" width=\"256\" height=\"256\" src=\"https:\/\/www.wackler-group.de\/holding\/wp-content\/uploads\/sites\/2\/2026\/07\/Der-Mittelstand.png\" class=\"attachment-full size-full\" alt=\"Logo der Wackler Service Group mit Fokus auf Geb\u00e4udedienstleistungen.\" \/>                                            <\/div>\n                                        <\/div>\n                                                                            <div class=\"swiper-slide\">\n                                            <div class=\"logo-item\">\n                                                <img loading=\"lazy\" decoding=\"async\" width=\"320\" height=\"320\" src=\"https:\/\/www.wackler-group.de\/holding\/wp-content\/uploads\/sites\/2\/2026\/07\/Ecovadis.png\" class=\"attachment-full size-full\" alt=\"Ecovadis Platin-Siegel f\u00fcr nachhaltige Geb\u00e4udedienstleistungen.\" srcset=\"https:\/\/www.wackler-group.de\/holding\/wp-content\/uploads\/sites\/2\/2026\/07\/Ecovadis.png 320w, https:\/\/www.wackler-group.de\/holding\/wp-content\/uploads\/sites\/2\/2026\/07\/Ecovadis-300x300.png 300w\" sizes=\"(max-width: 320px) 100vw, 320px\" \/>                                            <\/div>\n                                        <\/div>\n                                                                            <div class=\"swiper-slide\">\n                                            <div class=\"logo-item\">\n                                                <img loading=\"lazy\" decoding=\"async\" width=\"320\" height=\"320\" src=\"https:\/\/www.wackler-group.de\/holding\/wp-content\/uploads\/sites\/2\/2026\/07\/GVP.png\" class=\"attachment-full size-full\" alt=\"Logo des Gesamtverbands der Personaldienstleister GVP.\" srcset=\"https:\/\/www.wackler-group.de\/holding\/wp-content\/uploads\/sites\/2\/2026\/07\/GVP.png 320w, https:\/\/www.wackler-group.de\/holding\/wp-content\/uploads\/sites\/2\/2026\/07\/GVP-300x300.png 300w\" sizes=\"(max-width: 320px) 100vw, 320px\" \/>                                            <\/div>\n                                        <\/div>\n                                                                            <div class=\"swiper-slide\">\n                                            <div class=\"logo-item\">\n                                                <img loading=\"lazy\" decoding=\"async\" width=\"320\" height=\"320\" src=\"https:\/\/www.wackler-group.de\/holding\/wp-content\/uploads\/sites\/2\/2026\/07\/Science-Based-Target.png\" class=\"attachment-full size-full\" alt=\"Logo der Science Based Targets Initiative f\u00fcr nachhaltige Klimaziele.\" srcset=\"https:\/\/www.wackler-group.de\/holding\/wp-content\/uploads\/sites\/2\/2026\/07\/Science-Based-Target.png 320w, https:\/\/www.wackler-group.de\/holding\/wp-content\/uploads\/sites\/2\/2026\/07\/Science-Based-Target-300x300.png 300w\" sizes=\"(max-width: 320px) 100vw, 320px\" \/>                                            <\/div>\n                                        <\/div>\n                                                                    <\/div>\n                            <\/div>\n                        <\/div>\n                    <\/div>\n                <\/div>\n            \n                            <div class=\"section__buttons\">\n                    <a href=\"https:\/\/www.wackler-group.de\/holding\/ueber-wackler\/qualitaet-und-engagement\/#awards\"\n                       class=\"button-primary button-primary--arrow\" >\n                        <span class=\"button__text\">Alle ansehen<\/span>\n                    <\/a>\n                <\/div>\n                    <\/div>\n    <\/div>\n<\/section>\n\n\n<section class=\"align wp-block-lb-faq\">\n    <div class=\"container container--narrow\">\n        <div class=\"section__body\">\n                            <div class=\"section__header\">\n                                            <h2 class=\"section__title headline-l\">\n                            Unser Engagement                        <\/h2>\n                                                        <\/div>\n            \n                            <ul class=\"section__faq-list js-faq-accordion\">\n                                            <li class=\"section__faq-item\">\n                            <h3 class=\"section__faq-item__inner\">\n                                <button class=\"section__faq-trigger\" type=\"button\" aria-expanded=\"false\" aria-expanded=\"false\" id=\"faq-button-2\" aria-controls=\"faq-content-1\">\n                                    <span class=\"section__faq-question headline-xs-2\">\n                                        Umwelt-Partner: B.A.U.M.                                    <\/span>\n                                    <span class=\"section__faq-icon\" aria-hidden=\"true\">\n                                        <svg width=\"23\" height=\"14\" viewBox=\"0 0 23 14\" fill=\"none\" xmlns=\"http:\/\/www.w3.org\/2000\/svg\">\n                                            <path fill-rule=\"evenodd\" clip-rule=\"evenodd\" d=\"M0.791733 0.792133L0 1.5844L5.74187 7.32627L11.4837 13.0681L17.2256 7.32627L22.9675 1.5844L22.1757 0.792133L21.384 0L16.4339 4.95L11.4837 9.90013L6.5336 4.95L1.58347 0L0.791733 0.792133Z\" fill=\"currentColor\"\/>\n                                        <\/svg>\n                                    <\/span>\n                                <\/button>\n                            <\/h3>\n                            <div class=\"section__faq-content\" role=\"region\" id=\"faq-content-1\" aria-labelledby=\"faq-button-2\" aria-hidden=\"true\">\n                                                                    <div class=\"section__faq-answer copy-m\">\n                                        Wir sind Mitglied im Bundesdeutschen Arbeitskreis f\u00fcr Umweltbewusstes Management e.V. (B.A.U.M.) und arbeiten seit Jahren im blick auf \u00f6konomische, \u00f6kologische und soziale Fragen eng mit dem Verband zusammen. B.A.U.M. ist mit weit \u00fcber 500 Mitgliedern das gr\u00f6\u00dfte Unternehmensnetzwerk f\u00fcr nachhaltiges Wirtschaften in Europa.                                    <\/div>\n                                                            <\/div>\n                        <\/li>\n                                            <li class=\"section__faq-item\">\n                            <h3 class=\"section__faq-item__inner\">\n                                <button class=\"section__faq-trigger\" type=\"button\" aria-expanded=\"false\" aria-expanded=\"false\" id=\"faq-button-4\" aria-controls=\"faq-content-3\">\n                                    <span class=\"section__faq-question headline-xs-2\">\n                                        Wir sind Unterst\u00fctzer: Allianz f\u00fcr Entwicklung und Klima                                    <\/span>\n                                    <span class=\"section__faq-icon\" aria-hidden=\"true\">\n                                        <svg width=\"23\" height=\"14\" viewBox=\"0 0 23 14\" fill=\"none\" xmlns=\"http:\/\/www.w3.org\/2000\/svg\">\n                                            <path fill-rule=\"evenodd\" clip-rule=\"evenodd\" d=\"M0.791733 0.792133L0 1.5844L5.74187 7.32627L11.4837 13.0681L17.2256 7.32627L22.9675 1.5844L22.1757 0.792133L21.384 0L16.4339 4.95L11.4837 9.90013L6.5336 4.95L1.58347 0L0.791733 0.792133Z\" fill=\"currentColor\"\/>\n                                        <\/svg>\n                                    <\/span>\n                                <\/button>\n                            <\/h3>\n                            <div class=\"section__faq-content\" role=\"region\" id=\"faq-content-3\" aria-labelledby=\"faq-button-4\" aria-hidden=\"true\">\n                                                                    <div class=\"section__faq-answer copy-m\">\n                                        Wir richten uns nach Ihrem Betrieb: Reinigung vor Arbeitsbeginn, in der Pause oder nach Feierabend \u2014 Ihr Zeitplan ist unser Plan.                                    <\/div>\n                                                            <\/div>\n                        <\/li>\n                                            <li class=\"section__faq-item\">\n                            <h3 class=\"section__faq-item__inner\">\n                                <button class=\"section__faq-trigger\" type=\"button\" aria-expanded=\"false\" aria-expanded=\"false\" id=\"faq-button-6\" aria-controls=\"faq-content-5\">\n                                    <span class=\"section__faq-question headline-xs-2\">\n                                        Wir sind Mitglied in der bundesweiten Vorreiterinitiative Klimaschutz  Unternehmen e.V.                                    <\/span>\n                                    <span class=\"section__faq-icon\" aria-hidden=\"true\">\n                                        <svg width=\"23\" height=\"14\" viewBox=\"0 0 23 14\" fill=\"none\" xmlns=\"http:\/\/www.w3.org\/2000\/svg\">\n                                            <path fill-rule=\"evenodd\" clip-rule=\"evenodd\" d=\"M0.791733 0.792133L0 1.5844L5.74187 7.32627L11.4837 13.0681L17.2256 7.32627L22.9675 1.5844L22.1757 0.792133L21.384 0L16.4339 4.95L11.4837 9.90013L6.5336 4.95L1.58347 0L0.791733 0.792133Z\" fill=\"currentColor\"\/>\n                                        <\/svg>\n                                    <\/span>\n                                <\/button>\n                            <\/h3>\n                            <div class=\"section__faq-content\" role=\"region\" id=\"faq-content-5\" aria-labelledby=\"faq-button-6\" aria-hidden=\"true\">\n                                                                    <div class=\"section__faq-answer copy-m\">\n                                        Ja, das empfehlen wir sogar. Starten Sie mit einem Standort, testen Sie Qualit\u00e4t und Zusammenarbeit \u2014 und weiten Sie dann aus.                                    <\/div>\n                                                            <\/div>\n                        <\/li>\n                                            <li class=\"section__faq-item\">\n                            <h3 class=\"section__faq-item__inner\">\n                                <button class=\"section__faq-trigger\" type=\"button\" aria-expanded=\"false\" aria-expanded=\"false\" id=\"faq-button-8\" aria-controls=\"faq-content-7\">\n                                    <span class=\"section__faq-question headline-xs-2\">\n                                        Umwelt-Partner: Wirtschaft pro Klima                                    <\/span>\n                                    <span class=\"section__faq-icon\" aria-hidden=\"true\">\n                                        <svg width=\"23\" height=\"14\" viewBox=\"0 0 23 14\" fill=\"none\" xmlns=\"http:\/\/www.w3.org\/2000\/svg\">\n                                            <path fill-rule=\"evenodd\" clip-rule=\"evenodd\" d=\"M0.791733 0.792133L0 1.5844L5.74187 7.32627L11.4837 13.0681L17.2256 7.32627L22.9675 1.5844L22.1757 0.792133L21.384 0L16.4339 4.95L11.4837 9.90013L6.5336 4.95L1.58347 0L0.791733 0.792133Z\" fill=\"currentColor\"\/>\n                                        <\/svg>\n                                    <\/span>\n                                <\/button>\n                            <\/h3>\n                            <div class=\"section__faq-content\" role=\"region\" id=\"faq-content-7\" aria-labelledby=\"faq-button-8\" aria-hidden=\"true\">\n                                                                    <div class=\"section__faq-answer copy-m\">\n                                        \u00dcber strukturierte Qualit\u00e4tsprotokolle gem\u00e4\u00df ISO 9001. Ihr Ansprechpartner f\u00fchrt regelm\u00e4\u00dfige Begehungen durch und ist jederzeit erreichbar.                                    <\/div>\n                                                            <\/div>\n                        <\/li>\n                                    <\/ul>\n            \n                    <\/div>\n    <\/div>\n<\/section>\n\n\n<section class=\"align wp-block-lb-cross-link-tabs\">\n    <div class=\"container\">\n        <div class=\"section__body\">\n            <div class=\"section__row section__row-text\">\n                                    <p class=\"section__pretitle section-title-m\">\n                        Weitere Informationen                    <\/p>\n                                                    <h2 class=\"section__title headline-l\">\n                        Weitere Themen, die Sie interessieren k\u00f6nnen                    <\/h2>\n                            <\/div>\n                            <div class=\"section__row section__row-cards\">\n                    <div class=\"cards\">\n                                                                                                                <a class=\"cards-item\" href=\"https:\/\/www.wackler-group.de\/holding\/ueber-wackler\/geschaeftsleitung\/\" aria-label=\"Gesch\u00e4ftsleitung\">\n                                                            <div class=\"cards-item__content\">\n                                                                            <h3 class=\"cards-item__title headline-ms\">\n                                            Gesch\u00e4ftsleitung                                        <\/h3>\n                                                                                                                <div class=\"cards-item__text copy-m\">\n                                            Erleben Sie Geb\u00e4udereinigung, die weiterdenkt, live vor Ort und tauschen Sie sich mit unseren Spezialisten \u00fcber modernste Technologien aus.                                        <\/div>\n                                                                    <\/div>\n                                                                    <span class=\"cards-item__arrow\" aria-hidden=\"true\"><\/span>\n                                                                                            <\/a>\n                                                                                                                                            <a class=\"cards-item\" href=\"https:\/\/www.wackler-group.de\/holding\/ueber-wackler\/qualitaet-und-engagement\/\" aria-label=\"Qualit\u00e4t &amp; Engagement\">\n                                                            <div class=\"cards-item__content\">\n                                                                            <h3 class=\"cards-item__title headline-ms\">\n                                            Qualit\u00e4t &amp; Engagement                                        <\/h3>\n                                                                                                                <div class=\"cards-item__text copy-m\">\n                                            8 Zertifikate und EcoVadis Platin: Entdecken Sie unsere gepr\u00fcften Standards f\u00fcr Ihre Sicherheit.                                        <\/div>\n                                                                    <\/div>\n                                                                    <span class=\"cards-item__arrow\" aria-hidden=\"true\"><\/span>\n                                                                                            <\/a>\n                                                                                                                                            <a class=\"cards-item\" href=\"https:\/\/www.wackler-group.de\/holding\/ueber-wackler\/historie\/\" aria-label=\"Historie\">\n                                                            <div class=\"cards-item__content\">\n                                                                            <h3 class=\"cards-item__title headline-ms\">\n                                            Historie                                        <\/h3>\n                                                                                                                <div class=\"cards-item__text copy-m\">\n                                            Seit 117 Jahren am Markt: Finden Sie heraus, warum uns Marktf\u00fchrer vertrauen.                                        <\/div>\n                                                                    <\/div>\n                                                                    <span class=\"cards-item__arrow\" aria-hidden=\"true\"><\/span>\n                                                                                            <\/a>\n                                                                        <\/div>\n                <\/div>\n                    <\/div>\n    <\/div>\n<\/section>\n","protected":false},"excerpt":{"rendered":"","protected":false},"author":1,"featured_media":0,"parent":386,"menu_order":0,"comment_status":"closed","ping_status":"closed","template":"","meta":{"_acf_changed":false,"footnotes":""},"class_list":["post-388","page","type-page","status-publish","hentry"],"acf":[],"ase":null,"_links":{"self":[{"href":"https:\/\/www.wackler-group.de\/holding\/wp-json\/wp\/v2\/pages\/388","targetHints":{"allow":["GET"]}}],"collection":[{"href":"https:\/\/www.wackler-group.de\/holding\/wp-json\/wp\/v2\/pages"}],"about":[{"href":"https:\/\/www.wackler-group.de\/holding\/wp-json\/wp\/v2\/types\/page"}],"author":[{"embeddable":true,"href":"https:\/\/www.wackler-group.de\/holding\/wp-json\/wp\/v2\/users\/1"}],"replies":[{"embeddable":true,"href":"https:\/\/www.wackler-group.de\/holding\/wp-json\/wp\/v2\/comments?post=388"}],"version-history":[{"count":0,"href":"https:\/\/www.wackler-group.de\/holding\/wp-json\/wp\/v2\/pages\/388\/revisions"}],"up":[{"embeddable":true,"href":"https:\/\/www.wackler-group.de\/holding\/wp-json\/wp\/v2\/pages\/386"}],"wp:attachment":[{"href":"https:\/\/www.wackler-group.de\/holding\/wp-json\/wp\/v2\/media?parent=388"}],"curies":[{"name":"wp","href":"https:\/\/api.w.org\/{rel}","templated":true}]}}