{"id":386,"date":"2026-07-21T12:21:19","date_gmt":"2026-07-21T12:21:19","guid":{"rendered":"https:\/\/holding.wackler.dev.lichtblick.io\/?page_id=386"},"modified":"2026-08-26T10:48:30","modified_gmt":"2026-08-26T10:48:30","slug":"nachhaltigkeit","status":"publish","type":"page","link":"https:\/\/www.wackler-group.de\/holding\/nachhaltigkeit\/","title":{"rendered":"Nachhaltigkeit"},"content":{"rendered":"\n<section class=\"align wp-block-lb-hero-section\">\n    <div class=\"section__body\">\n        <div class=\"container\">\n            <div class=\"section-content\">\n                                    <h1 class=\"section-content__title headline-xl\">\n                        Nachhaltigkeit. Weniger Pflicht. Mehr Verantwortung                    <\/h1>\n                                                    <p class=\"section-content__text copy-l\">\n                        Nachhaltigkeit ist in der Wackler Group tief verankert. Unsere Verantwortung als Unternehmen, Partner und Arbeitgeber nehmen wir ernst \u2013 Nachhaltigkeit bestimmt deshalb alle Aspekte unseres Handelns.                    <\/p>\n                                            <\/div>\n        <\/div>\n                    <picture class=\"background-image\">\n                                    <source srcset=\"https:\/\/www.wackler-group.de\/holding\/wp-content\/uploads\/sites\/2\/2026\/07\/Nachhaltigkeit-2.webp\"\n                            media=\"(max-width: 991px)\"\/>\n                                <img loading=\"lazy\" decoding=\"async\" width=\"1920\" height=\"1045\" src=\"https:\/\/www.wackler-group.de\/holding\/wp-content\/uploads\/sites\/2\/2026\/07\/tablet-bedienung-vor-gruenem-hintergrund.webp\" class=\"attachment-full size-full\" alt=\"Person nutzt Tablet f\u00fcr Geb\u00e4udereinigung und Facility Management.\" srcset=\"https:\/\/www.wackler-group.de\/holding\/wp-content\/uploads\/sites\/2\/2026\/07\/tablet-bedienung-vor-gruenem-hintergrund.webp 1920w, https:\/\/www.wackler-group.de\/holding\/wp-content\/uploads\/sites\/2\/2026\/07\/tablet-bedienung-vor-gruenem-hintergrund-664x361.webp 664w, https:\/\/www.wackler-group.de\/holding\/wp-content\/uploads\/sites\/2\/2026\/07\/tablet-bedienung-vor-gruenem-hintergrund-1360x740.webp 1360w, https:\/\/www.wackler-group.de\/holding\/wp-content\/uploads\/sites\/2\/2026\/07\/tablet-bedienung-vor-gruenem-hintergrund-300x163.webp 300w\" sizes=\"(max-width: 1920px) 100vw, 1920px\" \/>            <\/picture>\n            <\/div>\n    <\/section>\n\n\n<section class=\"align wp-block-lb-text-feature\">\n    <div class=\"container container--small\">\n        <div class=\"section__body\">\n            <div class=\"section__column section__column-text\">\n                                    <p class=\"section__pretitle section-title-m\">\n                        Nachhaltigkeit in der Wackler Group                    <\/p>\n                                                    <h2 class=\"section__title headline-l\">\n                        \u00d6kologische, soziale und \u00f6konomische Verantwortung.                    <\/h2>\n                                            <\/div>\n            <div class=\"section__column section__column-features\">\n                                    <div class=\"section__rte copy-m\">\n                        <p>Nachhaltigkeit ist ein zentraler Bestandteil unseres unternehmerischen Handelns. Wir setzen uns ein f\u00fcr den Schutz von Klima und Umwelt, f\u00fcr faire Arbeitsbedingungen sowie f\u00fcr Transparenz und Integrit\u00e4t in unserem Handeln.<\/p>\n<p>Unsere Entscheidungen und Ma\u00dfnahmen orientieren sich an den Sustainable Development Goals (SDGs) der Vereinten Nationen. So verbinden wir \u00f6kologische, soziale und wirtschaftliche Verantwortung und leisten einen aktiven Beitrag zu den globalen Nachhaltigkeitszielen.<\/p>\n                    <\/div>\n                                            <\/div>\n        <\/div>\n    <\/div>\n<\/section>\n\n\n<section class=\"align wp-block-lb-media-text has-background has-container-fill-bright-background-color\">\n    <div class=\"container\">\n        <div class=\"section__body normal\">\n            <div class=\"section__column is-media\">\n                <div class=\"section__media is-ratio-4-3\">\n                                            <div class=\"section__image\">\n                            <img decoding=\"async\" width=\"1288\" height=\"978\" src=\"https:\/\/www.wackler-group.de\/holding\/wp-content\/uploads\/sites\/2\/2026\/07\/image-2.webp\" class=\"attachment-full size-full\" alt=\"Waldlandschaft mit Nebel und Bergen im Hintergrund.\" loading=\"lazy\" srcset=\"https:\/\/www.wackler-group.de\/holding\/wp-content\/uploads\/sites\/2\/2026\/07\/image-2.webp 1288w, https:\/\/www.wackler-group.de\/holding\/wp-content\/uploads\/sites\/2\/2026\/07\/image-2-664x504.webp 664w, https:\/\/www.wackler-group.de\/holding\/wp-content\/uploads\/sites\/2\/2026\/07\/image-2-300x228.webp 300w\" sizes=\"(max-width: 1288px) 100vw, 1288px\" \/>                        <\/div>\n                                    <\/div>\n            <\/div>\n            <div class=\"section__column is-content\">\n                                    <p class=\"section__pretitle section-title-m\">\n                        \u00d6kologische Verantwortung                    <\/p>\n                                                    <h2 class=\"section__title headline-l\">\n                        Den \u00f6kologischen Fu\u00dfabdruck minimieren                    <\/h2>\n                                                    <div class=\"section__rte copy-m\">\n                        <p>Nachhaltiges \u00f6kologisches Denken bestimmt alle Bereiche unserer Unternehmensgruppe. Wir setzen uns  aktiv f\u00fcr Klima- und Umweltschutz ein: mit SBTi-validierten Klimazielen und umweltschonenden Services, die schon heute die Standards von morgen erf\u00fcllen Auf dem Weg zu Net-Zero optimieren wir daher kontinuierlich unsere Serviceangebote und Organisationsprozesse.<\/p>\n                    <\/div>\n                                                    <div class=\"section__buttons button-group\">\n                                                                                    <a class=\"section__buttons-link button-primary button-primary--arrow\" href=\"https:\/\/www.wackler-group.de\/holding\/nachhaltigkeit\/oekologische-verantwortung\/\" >\n                                    <span class=\"button__text\">Mehr erfahren<\/span>\n                                <\/a>\n                                                                        <\/div>\n                            <\/div>\n        <\/div>\n<\/section>\n\n\n<section class=\"align wp-block-lb-media-text\">\n    <div class=\"container\">\n        <div class=\"section__body reversed\">\n            <div class=\"section__column is-media\">\n                <div class=\"section__media is-ratio-4-3\">\n                                            <div class=\"section__image\">\n                            <img decoding=\"async\" width=\"1920\" height=\"1045\" src=\"https:\/\/www.wackler-group.de\/holding\/wp-content\/uploads\/sites\/2\/2026\/07\/Soziale-Verantwortung-2.webp\" class=\"attachment-full size-full\" alt=\"Gruppe von Menschen beim freundlichen Treffen im Park.\" loading=\"lazy\" srcset=\"https:\/\/www.wackler-group.de\/holding\/wp-content\/uploads\/sites\/2\/2026\/07\/Soziale-Verantwortung-2.webp 1920w, https:\/\/www.wackler-group.de\/holding\/wp-content\/uploads\/sites\/2\/2026\/07\/Soziale-Verantwortung-2-664x361.webp 664w, https:\/\/www.wackler-group.de\/holding\/wp-content\/uploads\/sites\/2\/2026\/07\/Soziale-Verantwortung-2-1360x740.webp 1360w, https:\/\/www.wackler-group.de\/holding\/wp-content\/uploads\/sites\/2\/2026\/07\/Soziale-Verantwortung-2-300x163.webp 300w\" sizes=\"(max-width: 1920px) 100vw, 1920px\" style=\"object-position: 70% 31%;\" \/>                        <\/div>\n                                    <\/div>\n            <\/div>\n            <div class=\"section__column is-content\">\n                                    <p class=\"section__pretitle section-title-m\">\n                        Soziale Verantwortung                    <\/p>\n                                                    <h2 class=\"section__title headline-l\">\n                        Der Mensch im Mittelpunkt                    <\/h2>\n                                                    <div class=\"section__rte copy-m\">\n                        <p>H\u00f6chste Servicequalit\u00e4t entsteht durch Menschen. Der Mensch im Mittelpunkt ist unser Leitsatz, und das seit 117 Jahren. Wir f\u00f6rdern ein Arbeitsumfeld, in dem sich unsere Mitarbeiterinnen und Mitarbeiter aus \u00fcber 100 Nationen sicher und wertgesch\u00e4tzt f\u00fchlen. Diversit\u00e4t ist unsere St\u00e4rke, die wir durch gezielte integrative Ma\u00dfnahmen und faire Arbeitsbedingungen sichern.<\/p>\n                    <\/div>\n                                                    <div class=\"section__buttons button-group\">\n                                                                                    <a class=\"section__buttons-link button-primary button-primary--arrow\" href=\"https:\/\/www.wackler-group.de\/holding\/nachhaltigkeit\/soziale-verantwortung\/\" >\n                                    <span class=\"button__text\">Mehr erfahren<\/span>\n                                <\/a>\n                                                                        <\/div>\n                            <\/div>\n        <\/div>\n<\/section>\n\n\n<section class=\"align wp-block-lb-media-text\">\n    <div class=\"container\">\n        <div class=\"section__body normal\">\n            <div class=\"section__column is-media\">\n                <div class=\"section__media is-ratio-4-3\">\n                                            <div class=\"section__image\">\n                            <img decoding=\"async\" width=\"1288\" height=\"978\" src=\"https:\/\/www.wackler-group.de\/holding\/wp-content\/uploads\/sites\/2\/2026\/07\/oekonomische-verantwortung-5.webp\" class=\"attachment-full size-full\" alt=\"Zwei Gesch\u00e4ftsleute bei einem Meeting im modernen B\u00fcro.\" loading=\"lazy\" srcset=\"https:\/\/www.wackler-group.de\/holding\/wp-content\/uploads\/sites\/2\/2026\/07\/oekonomische-verantwortung-5.webp 1288w, https:\/\/www.wackler-group.de\/holding\/wp-content\/uploads\/sites\/2\/2026\/07\/oekonomische-verantwortung-5-664x504.webp 664w, https:\/\/www.wackler-group.de\/holding\/wp-content\/uploads\/sites\/2\/2026\/07\/oekonomische-verantwortung-5-300x228.webp 300w\" sizes=\"(max-width: 1288px) 100vw, 1288px\" \/>                        <\/div>\n                                    <\/div>\n            <\/div>\n            <div class=\"section__column is-content\">\n                                    <p class=\"section__pretitle section-title-m\">\n                        \u00d6konomische Verantwortung                    <\/p>\n                                                    <h2 class=\"section__title headline-l\">\n                        Mit Weitsicht Werte schaffen                    <\/h2>\n                                                    <div class=\"section__rte copy-m\">\n                        <p>Langfristiger Unternehmenserfolg entsteht durch vorausschauendes Handeln. Wackler erkennt Ver\u00e4nderungen fr\u00fchzeitig, nutzt neue Marktchancen und entwickelt sich konsequent weiter.<br \/>\nEin professionelles Risikomanagement, kontinuierliche Innovation und der gezielte Ausbau von Wissen und Kompetenzen bilden die Grundlage f\u00fcr nachhaltiges Wachstum, wirtschaftliche Stabilit\u00e4t und Wettbewerbsf\u00e4higkeit.<\/p>\n                    <\/div>\n                                                    <div class=\"section__buttons button-group\">\n                                                                                    <a class=\"section__buttons-link button-primary button-primary--arrow\" href=\"https:\/\/www.wackler-group.de\/holding\/nachhaltigkeit\/oekonomische-verantwortung\/\" >\n                                    <span class=\"button__text\">Mehr erfahren<\/span>\n                                <\/a>\n                                                                        <\/div>\n                            <\/div>\n        <\/div>\n<\/section>\n\n\n<section class=\"align wp-block-lb-media-text has-background has-container-fill-bright-background-color\">\n    <div class=\"container\">\n        <div class=\"section__body reversed\">\n            <div class=\"section__column is-media\">\n                <div class=\"section__media is-ratio-4-3\">\n                                            <div class=\"section__image\">\n                            <img decoding=\"async\" width=\"1288\" height=\"978\" src=\"https:\/\/www.wackler-group.de\/holding\/wp-content\/uploads\/sites\/2\/2026\/07\/Bildschirmfoto-2026-07-21-um-15.40.41-1.webp\" class=\"attachment-full size-full\" alt=\"Symbol f\u00fcr nachhaltige Geb\u00e4udereinigung mit Solar, Windkraft und Recycling.\" loading=\"lazy\" srcset=\"https:\/\/www.wackler-group.de\/holding\/wp-content\/uploads\/sites\/2\/2026\/07\/Bildschirmfoto-2026-07-21-um-15.40.41-1.webp 1288w, https:\/\/www.wackler-group.de\/holding\/wp-content\/uploads\/sites\/2\/2026\/07\/Bildschirmfoto-2026-07-21-um-15.40.41-1-664x504.webp 664w, https:\/\/www.wackler-group.de\/holding\/wp-content\/uploads\/sites\/2\/2026\/07\/Bildschirmfoto-2026-07-21-um-15.40.41-1-300x228.webp 300w\" sizes=\"(max-width: 1288px) 100vw, 1288px\" \/>                        <\/div>\n                                    <\/div>\n            <\/div>\n            <div class=\"section__column is-content\">\n                                    <p class=\"section__pretitle section-title-m\">\n                        Transparenz                    <\/p>\n                                                    <h2 class=\"section__title headline-l\">\n                        Nachhaltigkeitsbericht der Wackler Group                    <\/h2>\n                                                    <div class=\"section__rte copy-m\">\n                        <p>Transparenz ist ein wesentlicher Bestandteil unseres Nachhaltigkeitsverst\u00e4ndnisses. Deshalb berichten wir j\u00e4hrlich \u00fcber unsere Strategie, unsere Ma\u00dfnahmen und die Fortschritte, die wir in unserem Nachhaltigkeitsbericht dokumentieren.<\/p>\n                    <\/div>\n                                                    <div class=\"section__buttons button-group\">\n                                                                                    <a class=\"section__buttons-link button-primary button-primary--arrow\" href=\"https:\/\/www.wackler-group.de\/holding\/nachhaltigkeitsberichte\/\" >\n                                    <span class=\"button__text\">Zu den Nachhaltigkeitsberichten<\/span>\n                                <\/a>\n                                                                        <\/div>\n                            <\/div>\n        <\/div>\n<\/section>\n\n\n<section class=\"align wp-block-lb-cross-link-tabs\">\n    <div class=\"container\">\n        <div class=\"section__body\">\n            <div class=\"section__row section__row-text\">\n                                    <p class=\"section__pretitle section-title-m\">\n                        Weitere Informationen                    <\/p>\n                                                    <h2 class=\"section__title headline-l\">\n                        Weitere Themen, die Sie interessieren k\u00f6nnen                    <\/h2>\n                            <\/div>\n                            <div class=\"section__row section__row-cards\">\n                    <div class=\"cards\">\n                                                                                                                <a class=\"cards-item\" href=\"https:\/\/www.wackler-group.de\/holding\/ueber-wackler\/geschaeftsleitung\/\" aria-label=\"Gesch\u00e4ftsleitung\">\n                                                            <div class=\"cards-item__content\">\n                                                                            <h3 class=\"cards-item__title headline-ms\">\n                                            Gesch\u00e4ftsleitung                                        <\/h3>\n                                                                                                                <div class=\"cards-item__text copy-m\">\n                                            Erleben Sie Geb\u00e4udereinigung, die weiterdenkt, live vor Ort und tauschen Sie sich mit unseren Spezialisten \u00fcber modernste Technologien aus.                                        <\/div>\n                                                                    <\/div>\n                                                                    <span class=\"cards-item__arrow\" aria-hidden=\"true\"><\/span>\n                                                                                            <\/a>\n                                                                                                                                            <a class=\"cards-item\" href=\"https:\/\/www.wackler-group.de\/holding\/ueber-wackler\/qualitaet-und-engagement\/\" aria-label=\"Qualit\u00e4t &amp; Engagement\">\n                                                            <div class=\"cards-item__content\">\n                                                                            <h3 class=\"cards-item__title headline-ms\">\n                                            Qualit\u00e4t &amp; Engagement                                        <\/h3>\n                                                                                                                <div class=\"cards-item__text copy-m\">\n                                            8 Zertifikate und EcoVadis Platin: Entdecken Sie unsere gepr\u00fcften Standards f\u00fcr Ihre Sicherheit.                                        <\/div>\n                                                                    <\/div>\n                                                                    <span class=\"cards-item__arrow\" aria-hidden=\"true\"><\/span>\n                                                                                            <\/a>\n                                                                                                                                            <a class=\"cards-item\" href=\"https:\/\/www.wackler-group.de\/holding\/ueber-wackler\/historie\/\" aria-label=\"Historie\">\n                                                            <div class=\"cards-item__content\">\n                                                                            <h3 class=\"cards-item__title headline-ms\">\n                                            Historie                                        <\/h3>\n                                                                                                                <div class=\"cards-item__text copy-m\">\n                                            Seit 117 Jahren am Markt: Finden Sie heraus, warum uns Marktf\u00fchrer vertrauen.                                        <\/div>\n                                                                    <\/div>\n                                                                    <span class=\"cards-item__arrow\" aria-hidden=\"true\"><\/span>\n                                                                                            <\/a>\n                                                                        <\/div>\n                <\/div>\n                    <\/div>\n    <\/div>\n<\/section>\n","protected":false},"excerpt":{"rendered":"","protected":false},"author":1,"featured_media":0,"parent":0,"menu_order":0,"comment_status":"closed","ping_status":"closed","template":"","meta":{"_acf_changed":false,"footnotes":""},"class_list":["post-386","page","type-page","status-publish","hentry"],"acf":[],"ase":null,"_links":{"self":[{"href":"https:\/\/www.wackler-group.de\/holding\/wp-json\/wp\/v2\/pages\/386","targetHints":{"allow":["GET"]}}],"collection":[{"href":"https:\/\/www.wackler-group.de\/holding\/wp-json\/wp\/v2\/pages"}],"about":[{"href":"https:\/\/www.wackler-group.de\/holding\/wp-json\/wp\/v2\/types\/page"}],"author":[{"embeddable":true,"href":"https:\/\/www.wackler-group.de\/holding\/wp-json\/wp\/v2\/users\/1"}],"replies":[{"embeddable":true,"href":"https:\/\/www.wackler-group.de\/holding\/wp-json\/wp\/v2\/comments?post=386"}],"version-history":[{"count":0,"href":"https:\/\/www.wackler-group.de\/holding\/wp-json\/wp\/v2\/pages\/386\/revisions"}],"wp:attachment":[{"href":"https:\/\/www.wackler-group.de\/holding\/wp-json\/wp\/v2\/media?parent=386"}],"curies":[{"name":"wp","href":"https:\/\/api.w.org\/{rel}","templated":true}]}}