{"id":384,"date":"2026-07-21T12:21:03","date_gmt":"2026-07-21T12:21:03","guid":{"rendered":"https:\/\/holding.wackler.dev.lichtblick.io\/?page_id=384"},"modified":"2026-08-26T10:48:02","modified_gmt":"2026-08-26T10:48:02","slug":"historie","status":"publish","type":"page","link":"https:\/\/www.wackler-group.de\/holding\/ueber-wackler\/historie\/","title":{"rendered":"Historie"},"content":{"rendered":"\n<section class=\"align wp-block-lb-hero-section\">\n    <div class=\"section__body\">\n        <div class=\"container\">\n            <div class=\"section-content\">\n                                    <h1 class=\"section-content__title headline-xl\">\n                        Tradition verpflichtet                    <\/h1>\n                                                    <p class=\"section-content__text copy-l\">\n                        Seit 1909 pr\u00e4gt Wackler die Reinigungsbranche mit Kompetenz und Servicequalit\u00e4t. Was in M\u00fcnchen begann, ist heute eine deutschlandweit t\u00e4tige Multi-Brand-Unternehmensgruppe mit \u00fcber 8.300 Mitarbeitenden, die Tradition mit Innovation verbindet.                    <\/p>\n                                            <\/div>\n        <\/div>\n                    <picture class=\"background-image\">\n                                    <source srcset=\"https:\/\/www.wackler-group.de\/holding\/wp-content\/uploads\/sites\/2\/2026\/07\/Historie.webp\"\n                            media=\"(max-width: 991px)\"\/>\n                                <img loading=\"lazy\" decoding=\"async\" width=\"2560\" height=\"1393\" src=\"https:\/\/www.wackler-group.de\/holding\/wp-content\/uploads\/sites\/2\/2026\/07\/bg-container-1-scaled.webp\" class=\"attachment-full size-full\" alt=\"Sammlung historischer Fotos und Dokumente der Wackler Service Group.\" srcset=\"https:\/\/www.wackler-group.de\/holding\/wp-content\/uploads\/sites\/2\/2026\/07\/bg-container-1-scaled.webp 2560w, https:\/\/www.wackler-group.de\/holding\/wp-content\/uploads\/sites\/2\/2026\/07\/bg-container-1-664x361.webp 664w, https:\/\/www.wackler-group.de\/holding\/wp-content\/uploads\/sites\/2\/2026\/07\/bg-container-1-1360x740.webp 1360w, https:\/\/www.wackler-group.de\/holding\/wp-content\/uploads\/sites\/2\/2026\/07\/bg-container-1-300x163.webp 300w\" sizes=\"(max-width: 2560px) 100vw, 2560px\" \/>            <\/picture>\n            <\/div>\n    <\/section>\n\n\n<section class=\"align wp-block-lb-historie\">\n    <div class=\"container\">\n        <div class=\"section__body\">\n            <div class=\"section__info\">\n                                                    <h2 class=\"section__title headline-l\">\n                        Von 1909 bis heute \u2014 die Meilensteine der Wackler Group                    <\/h2>\n                                                    <div class=\"section__text copy-m\">\n                        <p>Die Wackler Group blickt auf 117 Jahre Firmengeschichte zur\u00fcck, die zugleich Familiengeschichte ist. Den Grundstein legte Friedrich Wackler im Jahr 1909, als er in M\u00fcnchen ein Fensterreinigungsunternehmen gr\u00fcndete. Seitdem haben wir zahlreiche Unternehmensbereiche hinzugewonnen und uns zu einer Holding mit \u00fcber 8.300 Mitarbeitern entwickelt. Denn die Tradition unseres Unternehmens wird heute bereits in der vierten Generation fortgef\u00fchrt.<\/p>\n<p>Nat\u00fcrlich ist in unserer Erfolgsgeschichte auch in der Welt viel passiert. Ob gro\u00dfe Politik, weltbewegende Erfindungen oder Fortschritte bei Hygiene und Sauberkeit: Die Entwicklung der Wackler Group ist immer auch ein Spiegelbild der jeweiligen Zeit.<\/p>\n                    <\/div>\n                            <\/div>\n                            <div class=\"section__slider--wrapper\">\n                    <div class=\"section__slider js-quote-slider swiper\">\n                        <div class=\"section__slider-wrapper swiper-wrapper\">\n                                                            <div class=\"section__slide swiper-slide\">\n                                    <div class=\"section__slide--item\">\n                                                                                                                            <div class=\"section__slide--item__image\">\n                                                <img decoding=\"async\" width=\"710\" height=\"400\" src=\"https:\/\/www.wackler-group.de\/holding\/wp-content\/uploads\/sites\/2\/2026\/07\/1909.webp\" class=\"attachment-full size-full\" alt=\"Schwarz-Wei\u00df-Bild eines Jungen im Anzug mit Krawatte, historische Aufnahme.\" loading=\"lazy\" srcset=\"https:\/\/www.wackler-group.de\/holding\/wp-content\/uploads\/sites\/2\/2026\/07\/1909.webp 710w, https:\/\/www.wackler-group.de\/holding\/wp-content\/uploads\/sites\/2\/2026\/07\/1909-664x374.webp 664w, https:\/\/www.wackler-group.de\/holding\/wp-content\/uploads\/sites\/2\/2026\/07\/1909-300x169.webp 300w\" sizes=\"(max-width: 710px) 100vw, 710px\" \/>                                            <\/div>\n                                                                                <div class=\"section__slide--item__info\">\n                                                                                            <h4 class=\"headline-s section__slide--item__info-title\">\n                                                    1909 Der Beginn                                                <\/h4>\n                                                                                                                                        <p class=\"section__slide--item__info-text\">\n                                                    Friedrich Wackler (1876\u20131967) gr\u00fcndet am 12. Juni 1909 in der M\u00fcnchner Steinheilstra\u00dfe einen Handwerksbetrieb zur Fensterreinigung.                                                <\/p>\n                                                                                    <\/div>\n                                    <\/div>\n                                <\/div>\n                                                            <div class=\"section__slide swiper-slide\">\n                                    <div class=\"section__slide--item\">\n                                                                                                                            <div class=\"section__slide--item__image\">\n                                                <img decoding=\"async\" width=\"710\" height=\"400\" src=\"https:\/\/www.wackler-group.de\/holding\/wp-content\/uploads\/sites\/2\/2026\/07\/1949.webp\" class=\"attachment-full size-full\" alt=\"Team bei Geb\u00e4udereinigung und Facility Management im Einsatz.\" loading=\"lazy\" srcset=\"https:\/\/www.wackler-group.de\/holding\/wp-content\/uploads\/sites\/2\/2026\/07\/1949.webp 710w, https:\/\/www.wackler-group.de\/holding\/wp-content\/uploads\/sites\/2\/2026\/07\/1949-664x374.webp 664w, https:\/\/www.wackler-group.de\/holding\/wp-content\/uploads\/sites\/2\/2026\/07\/1949-300x169.webp 300w\" sizes=\"(max-width: 710px) 100vw, 710px\" \/>                                            <\/div>\n                                                                                <div class=\"section__slide--item__info\">\n                                                                                            <h4 class=\"headline-s section__slide--item__info-title\">\n                                                    1949: Die lokale Marke                                                <\/h4>\n                                                                                                                                        <p class=\"section__slide--item__info-text\">\n                                                    Richtig wieder los geht es am 3. August 1949: Neuanmeldung unter dem Namen \u201eDie M\u00fcnchner Heinzelm\u00e4nnchen\u201c \u2013 die\u00a0amerikanischen Kasernen werden neuer Gro\u00dfkunde.                                                <\/p>\n                                                                                    <\/div>\n                                    <\/div>\n                                <\/div>\n                                                            <div class=\"section__slide swiper-slide\">\n                                    <div class=\"section__slide--item\">\n                                                                                                                            <div class=\"section__slide--item__image\">\n                                                <img decoding=\"async\" width=\"710\" height=\"400\" src=\"https:\/\/www.wackler-group.de\/holding\/wp-content\/uploads\/sites\/2\/2026\/07\/1968.webp\" class=\"attachment-full size-full\" alt=\"Alter Mercedes-Benz Bus mit Wackler Service Group Logo.\" loading=\"lazy\" srcset=\"https:\/\/www.wackler-group.de\/holding\/wp-content\/uploads\/sites\/2\/2026\/07\/1968.webp 710w, https:\/\/www.wackler-group.de\/holding\/wp-content\/uploads\/sites\/2\/2026\/07\/1968-664x374.webp 664w, https:\/\/www.wackler-group.de\/holding\/wp-content\/uploads\/sites\/2\/2026\/07\/1968-300x169.webp 300w\" sizes=\"(max-width: 710px) 100vw, 710px\" \/>                                            <\/div>\n                                                                                <div class=\"section__slide--item__info\">\n                                                                                            <h4 class=\"headline-s section__slide--item__info-title\">\n                                                    1968: Die Firmengruppe entsteht                                                <\/h4>\n                                                                                                                                        <p class=\"section__slide--item__info-text\">\n                                                    Nach ersten Filialgr\u00fcndungen in Regensburg und Ingolstadt beginnt 1968 der Aufstieg zur Firmengruppe mit der \u00dcbernahme der \u201eCentral Geb\u00e4udereinigung\u201c in Frankfurt, heute Sitz der Wackler Service Group.\u00a0                                                <\/p>\n                                                                                    <\/div>\n                                    <\/div>\n                                <\/div>\n                                                            <div class=\"section__slide swiper-slide\">\n                                    <div class=\"section__slide--item\">\n                                                                                                                            <div class=\"section__slide--item__image\">\n                                                <img decoding=\"async\" width=\"710\" height=\"400\" src=\"https:\/\/www.wackler-group.de\/holding\/wp-content\/uploads\/sites\/2\/2026\/07\/1970.webp\" class=\"attachment-full size-full\" alt=\"Mann in Anzug mit Brille neben Reinigungsfirma-Logo.\" loading=\"lazy\" srcset=\"https:\/\/www.wackler-group.de\/holding\/wp-content\/uploads\/sites\/2\/2026\/07\/1970.webp 710w, https:\/\/www.wackler-group.de\/holding\/wp-content\/uploads\/sites\/2\/2026\/07\/1970-664x374.webp 664w, https:\/\/www.wackler-group.de\/holding\/wp-content\/uploads\/sites\/2\/2026\/07\/1970-300x169.webp 300w\" sizes=\"(max-width: 710px) 100vw, 710px\" \/>                                            <\/div>\n                                                                                <div class=\"section__slide--item__info\">\n                                                                                            <h4 class=\"headline-s section__slide--item__info-title\">\n                                                    1970: Die n\u00e4chste Generation                                                <\/h4>\n                                                                                                                                        <p class=\"section__slide--item__info-text\">\n                                                    Friedrich Peter Wackler wird Gesch\u00e4ftsf\u00fchrer der \u201eCentral in Frankfurt\u201c. Die dritte Generation geht an den Start!                                                <\/p>\n                                                                                    <\/div>\n                                    <\/div>\n                                <\/div>\n                                                            <div class=\"section__slide swiper-slide\">\n                                    <div class=\"section__slide--item\">\n                                                                                                                            <div class=\"section__slide--item__image\">\n                                                <img decoding=\"async\" width=\"710\" height=\"400\" src=\"https:\/\/www.wackler-group.de\/holding\/wp-content\/uploads\/sites\/2\/2026\/07\/1981.webp\" class=\"attachment-full size-full\" alt=\"Modernes B\u00fcrogeb\u00e4ude mit Fokus auf Geb\u00e4udereinigung und Facility Management.\" loading=\"lazy\" srcset=\"https:\/\/www.wackler-group.de\/holding\/wp-content\/uploads\/sites\/2\/2026\/07\/1981.webp 710w, https:\/\/www.wackler-group.de\/holding\/wp-content\/uploads\/sites\/2\/2026\/07\/1981-664x374.webp 664w, https:\/\/www.wackler-group.de\/holding\/wp-content\/uploads\/sites\/2\/2026\/07\/1981-300x169.webp 300w\" sizes=\"(max-width: 710px) 100vw, 710px\" \/>                                            <\/div>\n                                                                                <div class=\"section__slide--item__info\">\n                                                                                            <h4 class=\"headline-s section__slide--item__info-title\">\n                                                    1981: Schatzbogen                                                <\/h4>\n                                                                                                                                        <p class=\"section__slide--item__info-text\">\n                                                    Umzug an den Schatzbogen 39 (B\u00fcro und Lager).                                                <\/p>\n                                                                                    <\/div>\n                                    <\/div>\n                                <\/div>\n                                                            <div class=\"section__slide swiper-slide\">\n                                    <div class=\"section__slide--item\">\n                                                                                                                            <div class=\"section__slide--item__image\">\n                                                <img decoding=\"async\" width=\"710\" height=\"400\" src=\"https:\/\/www.wackler-group.de\/holding\/wp-content\/uploads\/sites\/2\/2026\/07\/1990.webp\" class=\"attachment-full size-full\" alt=\"Hinweisschild f\u00fcr Geb\u00e4udedienstleistungen in Karl-Marx-Stadt.\" loading=\"lazy\" srcset=\"https:\/\/www.wackler-group.de\/holding\/wp-content\/uploads\/sites\/2\/2026\/07\/1990.webp 710w, https:\/\/www.wackler-group.de\/holding\/wp-content\/uploads\/sites\/2\/2026\/07\/1990-664x374.webp 664w, https:\/\/www.wackler-group.de\/holding\/wp-content\/uploads\/sites\/2\/2026\/07\/1990-300x169.webp 300w\" sizes=\"(max-width: 710px) 100vw, 710px\" \/>                                            <\/div>\n                                                                                <div class=\"section__slide--item__info\">\n                                                                                            <h4 class=\"headline-s section__slide--item__info-title\">\n                                                    1990: Ausbau der Gruppe                                                <\/h4>\n                                                                                                                                        <p class=\"section__slide--item__info-text\">\n                                                    Erwerb der OMNIclean \u201eGmbH in Chemnitz\u201c, vormals Dienstleistungs-Kombinat Karl-Marx-Stadt.                                                <\/p>\n                                                                                    <\/div>\n                                    <\/div>\n                                <\/div>\n                                                            <div class=\"section__slide swiper-slide\">\n                                    <div class=\"section__slide--item\">\n                                                                                                                            <div class=\"section__slide--item__image\">\n                                                <img decoding=\"async\" width=\"710\" height=\"400\" src=\"https:\/\/www.wackler-group.de\/holding\/wp-content\/uploads\/sites\/2\/2026\/07\/1991.webp\" class=\"attachment-full size-full\" alt=\"Logo der Wackler Service Group f\u00fcr Geb\u00e4udereinigung und Facility Management.\" loading=\"lazy\" srcset=\"https:\/\/www.wackler-group.de\/holding\/wp-content\/uploads\/sites\/2\/2026\/07\/1991.webp 710w, https:\/\/www.wackler-group.de\/holding\/wp-content\/uploads\/sites\/2\/2026\/07\/1991-664x374.webp 664w, https:\/\/www.wackler-group.de\/holding\/wp-content\/uploads\/sites\/2\/2026\/07\/1991-300x169.webp 300w\" sizes=\"(max-width: 710px) 100vw, 710px\" \/>                                            <\/div>\n                                                                                <div class=\"section__slide--item__info\">\n                                                                                            <h4 class=\"headline-s section__slide--item__info-title\">\n                                                    1991: Die Gruppe w\u00e4chst weiter                                                <\/h4>\n                                                                                                                                        <p class=\"section__slide--item__info-text\">\n                                                    Gr\u00fcndung der \u201eCity Clean GmbH\u201c, und umbenannt in \u201eDMH\u201c \u2013\u00a0 heute \u201eWackler Facility Management GmbH\u201c.                                                <\/p>\n                                                                                    <\/div>\n                                    <\/div>\n                                <\/div>\n                                                            <div class=\"section__slide swiper-slide\">\n                                    <div class=\"section__slide--item\">\n                                                                                                                            <div class=\"section__slide--item__image\">\n                                                <img decoding=\"async\" width=\"710\" height=\"400\" src=\"https:\/\/www.wackler-group.de\/holding\/wp-content\/uploads\/sites\/2\/2026\/07\/1998.webp\" class=\"attachment-full size-full\" alt=\"Certas Security Logo auf wei\u00dfem Hintergrund.\" loading=\"lazy\" srcset=\"https:\/\/www.wackler-group.de\/holding\/wp-content\/uploads\/sites\/2\/2026\/07\/1998.webp 710w, https:\/\/www.wackler-group.de\/holding\/wp-content\/uploads\/sites\/2\/2026\/07\/1998-664x374.webp 664w, https:\/\/www.wackler-group.de\/holding\/wp-content\/uploads\/sites\/2\/2026\/07\/1998-300x169.webp 300w\" sizes=\"(max-width: 710px) 100vw, 710px\" \/>                                            <\/div>\n                                                                                <div class=\"section__slide--item__info\">\n                                                                                            <h4 class=\"headline-s section__slide--item__info-title\">\n                                                    1998: Sicherheit als neuer Service                                                <\/h4>\n                                                                                                                                        <p class=\"section__slide--item__info-text\">\n                                                    Gr\u00fcndung der \u201eCertas Security\u201c mit Sitz in Chemnitz, heute \u201eWackler Security\u201c.                                                <\/p>\n                                                                                    <\/div>\n                                    <\/div>\n                                <\/div>\n                                                            <div class=\"section__slide swiper-slide\">\n                                    <div class=\"section__slide--item\">\n                                                                                                                            <div class=\"section__slide--item__image\">\n                                                <img decoding=\"async\" width=\"710\" height=\"400\" src=\"https:\/\/www.wackler-group.de\/holding\/wp-content\/uploads\/sites\/2\/2026\/07\/2009.webp\" class=\"attachment-full size-full\" alt=\"Zwei M\u00e4nner in formeller Kleidung, l\u00e4chelnd, professionell.\" loading=\"lazy\" srcset=\"https:\/\/www.wackler-group.de\/holding\/wp-content\/uploads\/sites\/2\/2026\/07\/2009.webp 710w, https:\/\/www.wackler-group.de\/holding\/wp-content\/uploads\/sites\/2\/2026\/07\/2009-664x374.webp 664w, https:\/\/www.wackler-group.de\/holding\/wp-content\/uploads\/sites\/2\/2026\/07\/2009-300x169.webp 300w\" sizes=\"(max-width: 710px) 100vw, 710px\" \/>                                            <\/div>\n                                                                                <div class=\"section__slide--item__info\">\n                                                                                            <h4 class=\"headline-s section__slide--item__info-title\">\n                                                    2009: Personelle Weichenstellungen                                                <\/h4>\n                                                                                                                                        <p class=\"section__slide--item__info-text\">\n                                                    Friedrich P. Wackler wird Vorsitzender des Aufsichtsrates und Peter Blenke wird CEO der Wackler Holding SE.                                                <\/p>\n                                                                                    <\/div>\n                                    <\/div>\n                                <\/div>\n                                                            <div class=\"section__slide swiper-slide\">\n                                    <div class=\"section__slide--item\">\n                                                                                                                            <div class=\"section__slide--item__image\">\n                                                <img decoding=\"async\" width=\"710\" height=\"400\" src=\"https:\/\/www.wackler-group.de\/holding\/wp-content\/uploads\/sites\/2\/2026\/07\/2010@2x.webp\" class=\"attachment-full size-full\" alt=\"Mann zeigt auf Text \u00fcber Job finden mit Zeitarbeit und Personalvermittlung.\" loading=\"lazy\" srcset=\"https:\/\/www.wackler-group.de\/holding\/wp-content\/uploads\/sites\/2\/2026\/07\/2010@2x.webp 710w, https:\/\/www.wackler-group.de\/holding\/wp-content\/uploads\/sites\/2\/2026\/07\/2010@2x-664x374.webp 664w, https:\/\/www.wackler-group.de\/holding\/wp-content\/uploads\/sites\/2\/2026\/07\/2010@2x-300x169.webp 300w\" sizes=\"(max-width: 710px) 100vw, 710px\" \/>                                            <\/div>\n                                                                                <div class=\"section__slide--item__info\">\n                                                                                            <h4 class=\"headline-s section__slide--item__info-title\">\n                                                    2010: Breit aufgestellt                                                <\/h4>\n                                                                                                                                        <p class=\"section__slide--item__info-text\">\n                                                    Gr\u00fcndung der Wackler Personal-Service. Der Schritt in die Diversifikation der Gruppe!                                                <\/p>\n                                                                                    <\/div>\n                                    <\/div>\n                                <\/div>\n                                                            <div class=\"section__slide swiper-slide\">\n                                    <div class=\"section__slide--item\">\n                                                                                                                            <div class=\"section__slide--item__image\">\n                                                <img decoding=\"async\" width=\"710\" height=\"400\" src=\"https:\/\/www.wackler-group.de\/holding\/wp-content\/uploads\/sites\/2\/2026\/07\/2020.webp\" class=\"attachment-full size-full\" alt=\"\u00dcbersicht eines gr\u00fcnen, nachhaltigen Geb\u00e4udekomplexes mit B\u00e4umen und Wegen.\" loading=\"lazy\" srcset=\"https:\/\/www.wackler-group.de\/holding\/wp-content\/uploads\/sites\/2\/2026\/07\/2020.webp 710w, https:\/\/www.wackler-group.de\/holding\/wp-content\/uploads\/sites\/2\/2026\/07\/2020-664x374.webp 664w, https:\/\/www.wackler-group.de\/holding\/wp-content\/uploads\/sites\/2\/2026\/07\/2020-300x169.webp 300w\" sizes=\"(max-width: 710px) 100vw, 710px\" \/>                                            <\/div>\n                                                                                <div class=\"section__slide--item__info\">\n                                                                                            <h4 class=\"headline-s section__slide--item__info-title\">\n                                                    2020: Beratung f\u00fcr Klimaschutz und Nachhaltigkeit                                                <\/h4>\n                                                                                                                                        <p class=\"section__slide--item__info-text\">\n                                                    Gr\u00fcndung der ConClimate GmbH mit Sitz in M\u00fcnchen. Das Beratungsunternehmen f\u00fcr Klimaschutz und ESG-Management unterst\u00fctzt Unternehmen bei der Entwicklung und Umsetzung von zukunftsf\u00e4higen Nachhaltigkeitsstrategien mit wissenschaftlich fundierten Klimazielen.                                                <\/p>\n                                                                                    <\/div>\n                                    <\/div>\n                                <\/div>\n                                                            <div class=\"section__slide swiper-slide\">\n                                    <div class=\"section__slide--item\">\n                                                                                                                            <div class=\"section__slide--item__image\">\n                                                <img decoding=\"async\" width=\"710\" height=\"400\" src=\"https:\/\/www.wackler-group.de\/holding\/wp-content\/uploads\/sites\/2\/2026\/07\/2024-02.webp\" class=\"attachment-full size-full\" alt=\"Team der Wackler Service Group mit Reinigungsrobotern f\u00fcr Geb\u00e4udereinigung.\" loading=\"lazy\" srcset=\"https:\/\/www.wackler-group.de\/holding\/wp-content\/uploads\/sites\/2\/2026\/07\/2024-02.webp 710w, https:\/\/www.wackler-group.de\/holding\/wp-content\/uploads\/sites\/2\/2026\/07\/2024-02-664x374.webp 664w, https:\/\/www.wackler-group.de\/holding\/wp-content\/uploads\/sites\/2\/2026\/07\/2024-02-300x169.webp 300w\" sizes=\"(max-width: 710px) 100vw, 710px\" \/>                                            <\/div>\n                                                                                <div class=\"section__slide--item__info\">\n                                                                                            <h4 class=\"headline-s section__slide--item__info-title\">\n                                                    2024: Integrierte L\u00f6sungen f\u00fcr Service- und Reinigungsrobotik                                                <\/h4>\n                                                                                                                                        <p class=\"section__slide--item__info-text\">\n                                                    Gr\u00fcndung der RoboPlanet GmbH mit Sitz in M\u00fcnchen. Unter der Marke ROBOPLANET bieten wir Service- und Reinigungsroboter verschiedener Modelle und Hersteller zum Kauf, Leasing oder Miete zur Testphase an. Das Angebot umfasst neben den Ger\u00e4ten auch Beratung, Service mit Wartung und Instandsetzung, sowie technischen Support.                                                <\/p>\n                                                                                    <\/div>\n                                    <\/div>\n                                <\/div>\n                                                            <div class=\"section__slide swiper-slide\">\n                                    <div class=\"section__slide--item\">\n                                                                                                                            <div class=\"section__slide--item__image\">\n                                                <img decoding=\"async\" width=\"710\" height=\"400\" src=\"https:\/\/www.wackler-group.de\/holding\/wp-content\/uploads\/sites\/2\/2026\/07\/2024.webp\" class=\"attachment-full size-full\" alt=\"Screenshot einer ESG-Software f\u00fcr nachhaltiges Facility Management.\" loading=\"lazy\" srcset=\"https:\/\/www.wackler-group.de\/holding\/wp-content\/uploads\/sites\/2\/2026\/07\/2024.webp 710w, https:\/\/www.wackler-group.de\/holding\/wp-content\/uploads\/sites\/2\/2026\/07\/2024-664x374.webp 664w, https:\/\/www.wackler-group.de\/holding\/wp-content\/uploads\/sites\/2\/2026\/07\/2024-300x169.webp 300w\" sizes=\"(max-width: 710px) 100vw, 710px\" \/>                                            <\/div>\n                                                                                <div class=\"section__slide--item__info\">\n                                                                                            <h4 class=\"headline-s section__slide--item__info-title\">\n                                                    2024: Software f\u00fcr Nachhaltigkeit\/ESG                                                <\/h4>\n                                                                                                                                        <p class=\"section__slide--item__info-text\">\n                                                    Gr\u00fcndung der Substain GmbH mit Sitz in M\u00fcnchen. Mit Substain wurde eine der leistungsf\u00e4higsten und flexibelsten Softwarel\u00f6sungen f\u00fcr digitales Nachhaltigkeitsmanagement und ESG-Berichterstattung (Environmental, Social, Governance) am Markt entwickelt. Einfach in der Anwendung, flexible Datenstruktur, vielseitige Auswertungsm\u00f6glichkeiten.                                                <\/p>\n                                                                                    <\/div>\n                                    <\/div>\n                                <\/div>\n                                                            <div class=\"section__slide swiper-slide\">\n                                    <div class=\"section__slide--item\">\n                                                                                                                            <div class=\"section__slide--item__image\">\n                                                <img decoding=\"async\" width=\"710\" height=\"400\" src=\"https:\/\/www.wackler-group.de\/holding\/wp-content\/uploads\/sites\/2\/2026\/07\/1934.webp\" class=\"attachment-full size-full\" alt=\"Drei Reinigungskr\u00e4fte reinigen die Fenster eines Geb\u00e4udes mit Leitern.\" loading=\"lazy\" srcset=\"https:\/\/www.wackler-group.de\/holding\/wp-content\/uploads\/sites\/2\/2026\/07\/1934.webp 710w, https:\/\/www.wackler-group.de\/holding\/wp-content\/uploads\/sites\/2\/2026\/07\/1934-664x374.webp 664w, https:\/\/www.wackler-group.de\/holding\/wp-content\/uploads\/sites\/2\/2026\/07\/1934-300x169.webp 300w\" sizes=\"(max-width: 710px) 100vw, 710px\" \/>                                            <\/div>\n                                                                                <div class=\"section__slide--item__info\">\n                                                                                            <h4 class=\"headline-s section__slide--item__info-title\">\n                                                    1934 Neuer Name                                                <\/h4>\n                                                                                                                                        <p class=\"section__slide--item__info-text\">\n                                                    Die Geb\u00e4udereinigung wird als Vollhandwerk anerkannt. Umbenennung in \u201eAllgemeine Reinigungsanstalt Bavaria\u201c.                                                <\/p>\n                                                                                    <\/div>\n                                    <\/div>\n                                <\/div>\n                                                    <\/div>\n                    <\/div>\n                                            <div class=\"swiper-controls-wrapper\">\n    <button type=\"button\" aria-label=\"Show prevent slide\" class=\"swiper-button swiper-button-prev\">\n        <svg xmlns=\"http:\/\/www.w3.org\/2000\/svg\" width=\"32\" height=\"32\" viewBox=\"0 0 32 32\" fill=\"none\">\n<path fill-rule=\"evenodd\" clip-rule=\"evenodd\" d=\"M11.7222 5.31592L10.9376 6.10045L15.8876 11.0506L20.8376 16.0006L15.8875 20.9507L10.9375 25.9008L11.7296 26.6926L12.5219 27.4843L18.2638 21.7424L24.0056 16.0006L18.271 10.2659C15.117 7.11192 12.5296 4.53125 12.5216 4.53125C12.5135 4.53125 12.1538 4.88432 11.7222 5.31592Z\" fill=\"currentColor\"\/>\n<\/svg>\n    <\/button>\n    <div class=\"swiper-pagination\"><\/div>\n    <button type=\"button\" aria-label=\"Show next slide\" class=\"swiper-button swiper-button-next\">\n        <svg xmlns=\"http:\/\/www.w3.org\/2000\/svg\" width=\"32\" height=\"32\" viewBox=\"0 0 32 32\" fill=\"none\">\n<path fill-rule=\"evenodd\" clip-rule=\"evenodd\" d=\"M11.7222 5.31592L10.9376 6.10045L15.8876 11.0506L20.8376 16.0006L15.8875 20.9507L10.9375 25.9008L11.7296 26.6926L12.5219 27.4843L18.2638 21.7424L24.0056 16.0006L18.271 10.2659C15.117 7.11192 12.5296 4.53125 12.5216 4.53125C12.5135 4.53125 12.1538 4.88432 11.7222 5.31592Z\" fill=\"currentColor\"\/>\n<\/svg>\n    <\/button>\n<\/div>\n                                        <\/div>\n                                        <\/div>\n    <\/div><\/section>\n\n\n<section class=\"align wp-block-lb-media-text has-background has-container-fill-bright-background-color\">\n    <div class=\"container\">\n        <div class=\"section__body reversed\">\n            <div class=\"section__column is-media\">\n                <div class=\"section__media is-ratio-4-3\">\n                                            <div class=\"section__image\">\n                            <img decoding=\"async\" width=\"1328\" height=\"996\" src=\"https:\/\/www.wackler-group.de\/holding\/wp-content\/uploads\/sites\/2\/2026\/07\/wackler-dachmarke-1.webp\" class=\"attachment-full size-full\" alt=\"Logo der Wackler Service Group mit Geb\u00e4udedienstleistungen.\" loading=\"lazy\" srcset=\"https:\/\/www.wackler-group.de\/holding\/wp-content\/uploads\/sites\/2\/2026\/07\/wackler-dachmarke-1.webp 1328w, https:\/\/www.wackler-group.de\/holding\/wp-content\/uploads\/sites\/2\/2026\/07\/wackler-dachmarke-1-664x498.webp 664w, https:\/\/www.wackler-group.de\/holding\/wp-content\/uploads\/sites\/2\/2026\/07\/wackler-dachmarke-1-300x225.webp 300w\" sizes=\"(max-width: 1328px) 100vw, 1328px\" \/>                        <\/div>\n                                    <\/div>\n            <\/div>\n            <div class=\"section__column is-content\">\n                                                    <h2 class=\"section__title headline-l\">\n                        Die Wackler Group heute                    <\/h2>\n                                                    <div class=\"section__rte copy-m\">\n                        <p>Die WACKLER GROUP z\u00e4hlt heute mit rund 8.500 Mitarbeitenden an 44 Standorten zu den f\u00fchrenden Dienstleistungsunternehmen in Deutschland. Unsere Unternehmensgruppe vereint Facility Management, Geb\u00e4udereinigung, Personaldienstleistungen, Robotik-L\u00f6sungen sowie Consulting f\u00fcr ESG-Themen und Transformation.<\/p>\n                    <\/div>\n                                                    <div class=\"section__buttons button-group\">\n                                                                                    <a class=\"section__buttons-link button-primary button-primary--arrow\" href=\"https:\/\/www.wackler-group.de\/holding\/gesellschaften\/\" >\n                                    <span class=\"button__text\">Mehr zu unseren Gesellschaften<\/span>\n                                <\/a>\n                                                                        <\/div>\n                            <\/div>\n        <\/div>\n<\/section>\n\n\n<section class=\"align wp-block-lb-cross-link-tabs\">\n    <div class=\"container\">\n        <div class=\"section__body\">\n            <div class=\"section__row section__row-text\">\n                                    <p class=\"section__pretitle section-title-m\">\n                        Weitere Informationen                    <\/p>\n                                                    <h2 class=\"section__title headline-l\">\n                        Weitere Themen, die Sie interessieren k\u00f6nnen                    <\/h2>\n                            <\/div>\n                            <div class=\"section__row section__row-cards\">\n                    <div class=\"cards\">\n                                                                                                                <a class=\"cards-item\" href=\"https:\/\/www.wackler-group.de\/holding\/ueber-wackler\/geschaeftsleitung\/\" aria-label=\"Gesch\u00e4ftsleitung\">\n                                                            <div class=\"cards-item__content\">\n                                                                            <h3 class=\"cards-item__title headline-ms\">\n                                            Gesch\u00e4ftsleitung                                        <\/h3>\n                                                                                                                <div class=\"cards-item__text copy-m\">\n                                            Erleben Sie Geb\u00e4udereinigung, die weiterdenkt, live vor Ort und tauschen Sie sich mit unseren Spezialisten \u00fcber modernste Technologien aus.                                        <\/div>\n                                                                    <\/div>\n                                                                    <span class=\"cards-item__arrow\" aria-hidden=\"true\"><\/span>\n                                                                                            <\/a>\n                                                                                                                                            <a class=\"cards-item\" href=\"https:\/\/www.wackler-group.de\/holding\/ueber-wackler\/qualitaet-und-engagement\/\" aria-label=\"Qualit\u00e4t &amp; Engagement\">\n                                                            <div class=\"cards-item__content\">\n                                                                            <h3 class=\"cards-item__title headline-ms\">\n                                            Qualit\u00e4t &amp; Engagement                                        <\/h3>\n                                                                                                                <div class=\"cards-item__text copy-m\">\n                                            8 Zertifikate und EcoVadis Platin: Entdecken Sie unsere gepr\u00fcften Standards f\u00fcr Ihre Sicherheit.                                        <\/div>\n                                                                    <\/div>\n                                                                    <span class=\"cards-item__arrow\" aria-hidden=\"true\"><\/span>\n                                                                                            <\/a>\n                                                                                                                                            <a class=\"cards-item\" href=\"https:\/\/www.wackler-group.de\/holding\/ueber-wackler\/historie\/\" aria-label=\"Historie\">\n                                                            <div class=\"cards-item__content\">\n                                                                            <h3 class=\"cards-item__title headline-ms\">\n                                            Historie                                        <\/h3>\n                                                                                                                <div class=\"cards-item__text copy-m\">\n                                            Seit 117 Jahren am Markt: Finden Sie heraus, warum uns Marktf\u00fchrer vertrauen.                                        <\/div>\n                                                                    <\/div>\n                                                                    <span class=\"cards-item__arrow\" aria-hidden=\"true\"><\/span>\n                                                                                            <\/a>\n                                                                        <\/div>\n                <\/div>\n                    <\/div>\n    <\/div>\n<\/section>\n","protected":false},"excerpt":{"rendered":"<p>Seit 117 Jahren am Markt: Finden Sie heraus, warum uns Marktf\u00fchrer vertrauen.<\/p>\n","protected":false},"author":1,"featured_media":0,"parent":105,"menu_order":0,"comment_status":"closed","ping_status":"closed","template":"","meta":{"_acf_changed":false,"footnotes":""},"class_list":["post-384","page","type-page","status-publish","hentry"],"acf":[],"ase":null,"_links":{"self":[{"href":"https:\/\/www.wackler-group.de\/holding\/wp-json\/wp\/v2\/pages\/384","targetHints":{"allow":["GET"]}}],"collection":[{"href":"https:\/\/www.wackler-group.de\/holding\/wp-json\/wp\/v2\/pages"}],"about":[{"href":"https:\/\/www.wackler-group.de\/holding\/wp-json\/wp\/v2\/types\/page"}],"author":[{"embeddable":true,"href":"https:\/\/www.wackler-group.de\/holding\/wp-json\/wp\/v2\/users\/1"}],"replies":[{"embeddable":true,"href":"https:\/\/www.wackler-group.de\/holding\/wp-json\/wp\/v2\/comments?post=384"}],"version-history":[{"count":0,"href":"https:\/\/www.wackler-group.de\/holding\/wp-json\/wp\/v2\/pages\/384\/revisions"}],"up":[{"embeddable":true,"href":"https:\/\/www.wackler-group.de\/holding\/wp-json\/wp\/v2\/pages\/105"}],"wp:attachment":[{"href":"https:\/\/www.wackler-group.de\/holding\/wp-json\/wp\/v2\/media?parent=384"}],"curies":[{"name":"wp","href":"https:\/\/api.w.org\/{rel}","templated":true}]}}