{"id":378,"date":"2026-07-21T12:20:22","date_gmt":"2026-07-21T12:20:22","guid":{"rendered":"https:\/\/holding.wackler.dev.lichtblick.io\/?page_id=378"},"modified":"2026-08-26T10:46:26","modified_gmt":"2026-08-26T10:46:26","slug":"geschaeftsleitung","status":"publish","type":"page","link":"https:\/\/www.wackler-group.de\/holding\/ueber-wackler\/geschaeftsleitung\/","title":{"rendered":"Gesch\u00e4ftsleitung"},"content":{"rendered":"\n<section class=\"align wp-block-lb-hero-section has-background has-container-bg-blue-bright-background-color\">\n    <div class=\"section__body\">\n        <div class=\"container\">\n            <div class=\"section-content\">\n                                    <h1 class=\"section-content__title headline-xl\">\n                        F\u00fchrung mit Weitblick                    <\/h1>\n                                                    <p class=\"section-content__text copy-l\">\n                        Bestens f\u00fcr Sie aufgestellt: Die f\u00fchrenden K\u00f6pfe bei Wackler stehen mit ihrer Erfahrung und Expertise f\u00fcr Qualit\u00e4t und Innovation in allen Unternehmensbereichen.                    <\/p>\n                                            <\/div>\n        <\/div>\n                    <picture class=\"background-image\">\n                                    <source srcset=\"https:\/\/www.wackler-group.de\/holding\/wp-content\/uploads\/sites\/2\/2026\/07\/magnific_please-expand-the-picture_cDwJ2lh0eP-1-1.webp\"\n                            media=\"(max-width: 991px)\"\/>\n                                <img loading=\"lazy\" decoding=\"async\" width=\"2560\" height=\"1393\" src=\"https:\/\/www.wackler-group.de\/holding\/wp-content\/uploads\/sites\/2\/2026\/07\/Geschaeftleitung-1-scaled.webp\" class=\"attachment-full size-full\" alt=\"Drei Gesch\u00e4ftsleiter der Wackler Service Group im modernen B\u00fcro.\" srcset=\"https:\/\/www.wackler-group.de\/holding\/wp-content\/uploads\/sites\/2\/2026\/07\/Geschaeftleitung-1-scaled.webp 2560w, https:\/\/www.wackler-group.de\/holding\/wp-content\/uploads\/sites\/2\/2026\/07\/Geschaeftleitung-1-664x361.webp 664w, https:\/\/www.wackler-group.de\/holding\/wp-content\/uploads\/sites\/2\/2026\/07\/Geschaeftleitung-1-1360x740.webp 1360w, https:\/\/www.wackler-group.de\/holding\/wp-content\/uploads\/sites\/2\/2026\/07\/Geschaeftleitung-1-300x163.webp 300w\" sizes=\"(max-width: 2560px) 100vw, 2560px\" \/>            <\/picture>\n            <\/div>\n    <\/section>\n\n\n<section class=\"align wp-block-lb-quote-single\">\n    <div class=\"container container--narrow\">\n                <div class=\"section__body \">\n                            <div class=\"section__image\">\n                    <img decoding=\"async\" width=\"1707\" height=\"2560\" src=\"https:\/\/www.wackler-group.de\/holding\/wp-content\/uploads\/sites\/2\/2026\/07\/e81635459eaaff623d6f6bba441d642cd68370a5-scaled.webp\" class=\"attachment-full size-full\" alt=\"Gesch\u00e4ftsmann in Anzug vor See mit B\u00e4umen im Hintergrund.\" loading=\"lazy\" srcset=\"https:\/\/www.wackler-group.de\/holding\/wp-content\/uploads\/sites\/2\/2026\/07\/e81635459eaaff623d6f6bba441d642cd68370a5-scaled.webp 1707w, https:\/\/www.wackler-group.de\/holding\/wp-content\/uploads\/sites\/2\/2026\/07\/e81635459eaaff623d6f6bba441d642cd68370a5-664x996.webp 664w, https:\/\/www.wackler-group.de\/holding\/wp-content\/uploads\/sites\/2\/2026\/07\/e81635459eaaff623d6f6bba441d642cd68370a5-1360x2040.webp 1360w, https:\/\/www.wackler-group.de\/holding\/wp-content\/uploads\/sites\/2\/2026\/07\/e81635459eaaff623d6f6bba441d642cd68370a5-300x450.webp 300w\" sizes=\"(max-width: 1707px) 100vw, 1707px\" style=\"object-position: 48% 21%;\" \/>                <\/div>\n                        <div class=\"section__content\">\n                                    <blockquote class=\"section__quote quote-m\">\n                        &#8222;Die Wackler Group steht f\u00fcr Nachhaltigkeit, Innovation und Qualit\u00e4t \u2013 vereint in Dienstleistungen, die Ihr Unternehmen voranbringen. Dabei orientieren wir uns am Menschen, an der Umwelt und an den individuellen Anspr\u00fcchen unserer Kunden. Besonders stolz sind wir auf unsere engagierten und gut ausgebildeten Mitarbeiterinnen und Mitarbeiter. Denn nur mit ihnen konnten und k\u00f6nnen wir gesund wachsen.&#8220;                    <\/blockquote>\n                                                    <div class=\"section__person\">\n                                                    <cite class=\"section__name headline-xxs\">\n                                Peter Blenke                            <\/cite>\n                                                                            <p class=\"section__position\">\n                                Vorstandsvorsitzender\/ CEO der Wackler Holding SE                            <\/p>\n                                            <\/div>\n                                            <\/div>\n        <\/div>\n    <\/div>\n<\/section>\n\n\n<section class=\"align wp-block-lb-title-text\">\n    <div class=\"container\">\n        <div class=\"section__body\">\n                            <span class=\"section__pretitle \">\n                    Gemeinsam weiterdenken            <\/span>\n                                        <h2 class=\"section__title headline-l\">\n                    Die Gesch\u00e4ftsleitung der Wackler Group            <\/h2>\n                                        <div class=\"section__text\">\n                    <p>Unsere Gesch\u00e4ftsf\u00fchrung setzt strategische Impulse, treibt Innovationen voran und entwickelt die Unternehmensgruppe konsequent weiter \u2013 verantwortungsvoll, nachhaltig und zukunftsorientiert. Lernen Sie die Menschen kennen, die die Wackler Group und ihre Gesellschaften mit Erfahrung und unternehmerischem Weitblick f\u00fchren.<\/p>\n                <\/div>\n                    <\/div>\n    <\/div>\n<\/section>\n\n\n<section class=\"align wp-block-lb-team\">\n    <div class=\"container\">\n        <div class=\"section__body\">\n                            <div class=\"section__content\">\n                                            <h2 class=\"always-visually-hidden\">\n                            Gesch\u00e4ftsleitung Wackler                        <\/h2>\n                                                                                            <h3 class=\"section__content--title headline-m\">\n                                Vorstand der Wackler Holding SE                            <\/h3>\n                                                <div class=\"section__content--grid\">\n                                                            <div class=\"section__content--item\">\n                                                                                                                <div class=\"section__content--item__image\">\n                                            <img decoding=\"async\" width=\"382\" height=\"575\" src=\"https:\/\/www.wackler-group.de\/holding\/wp-content\/uploads\/sites\/2\/2026\/07\/3d7d924f39b3e097b700425b4d8e971fd9e845cf.jpg\" class=\"attachment-full size-full\" alt=\"Portr\u00e4t von Manfred von Dahlen vor Wasser mit Geb\u00e4uden im Hintergrund.\" loading=\"lazy\" srcset=\"https:\/\/www.wackler-group.de\/holding\/wp-content\/uploads\/sites\/2\/2026\/07\/3d7d924f39b3e097b700425b4d8e971fd9e845cf.jpg 382w, https:\/\/www.wackler-group.de\/holding\/wp-content\/uploads\/sites\/2\/2026\/07\/3d7d924f39b3e097b700425b4d8e971fd9e845cf-300x452.jpg 300w\" sizes=\"(max-width: 382px) 100vw, 382px\" \/>                                        <\/div>\n                                                                        <div class=\"section__content--item__info\">\n                                                                                    <h4 class=\"headline-s section__content--item__info-title\">\n                                                Manfred von Dahlen                                            <\/h4>\n                                                                                                                            <p class=\"section__content--item__info-location\">\n                                                M\u00fcnchen                                            <\/p>\n                                                                                                                            <div class=\"section__content--item__info-position\">\n                                                <p>Vorstand\/COO\u200b<\/p>\n                                        <\/div>\n                                                                            <\/div>\n                                <\/div>\n                                                            <div class=\"section__content--item\">\n                                                                                                                <div class=\"section__content--item__image\">\n                                            <img decoding=\"async\" width=\"382\" height=\"575\" src=\"https:\/\/www.wackler-group.de\/holding\/wp-content\/uploads\/sites\/2\/2026\/07\/8cc17ea3effff921082c42ae2cf812764761dfa7.png\" class=\"attachment-full size-full\" alt=\"Peter Blenke in einem dunklen Anzug vor gr\u00fcner Natur.\" loading=\"lazy\" srcset=\"https:\/\/www.wackler-group.de\/holding\/wp-content\/uploads\/sites\/2\/2026\/07\/8cc17ea3effff921082c42ae2cf812764761dfa7.png 382w, https:\/\/www.wackler-group.de\/holding\/wp-content\/uploads\/sites\/2\/2026\/07\/8cc17ea3effff921082c42ae2cf812764761dfa7-300x452.png 300w\" sizes=\"(max-width: 382px) 100vw, 382px\" \/>                                        <\/div>\n                                                                        <div class=\"section__content--item__info\">\n                                                                                    <h4 class=\"headline-s section__content--item__info-title\">\n                                                Peter Blenke                                            <\/h4>\n                                                                                                                            <p class=\"section__content--item__info-location\">\n                                                M\u00fcnchen                                            <\/p>\n                                                                                                                            <div class=\"section__content--item__info-position\">\n                                                <p>Vorstandsvorsitzender\/CEO<\/p>\n                                        <\/div>\n                                                                            <\/div>\n                                <\/div>\n                                                            <div class=\"section__content--item\">\n                                                                                                                <div class=\"section__content--item__image\">\n                                            <img decoding=\"async\" width=\"382\" height=\"575\" src=\"https:\/\/www.wackler-group.de\/holding\/wp-content\/uploads\/sites\/2\/2026\/07\/b7d1e1c6d6ad3448467570ca57c0dbc21ce6ff46.jpg\" class=\"attachment-full size-full\" alt=\"Professioneller Gesch\u00e4ftsmann tr\u00e4gt Anzug und Brille am Wasser.\" loading=\"lazy\" srcset=\"https:\/\/www.wackler-group.de\/holding\/wp-content\/uploads\/sites\/2\/2026\/07\/b7d1e1c6d6ad3448467570ca57c0dbc21ce6ff46.jpg 382w, https:\/\/www.wackler-group.de\/holding\/wp-content\/uploads\/sites\/2\/2026\/07\/b7d1e1c6d6ad3448467570ca57c0dbc21ce6ff46-300x452.jpg 300w\" sizes=\"(max-width: 382px) 100vw, 382px\" \/>                                        <\/div>\n                                                                        <div class=\"section__content--item__info\">\n                                                                                    <h4 class=\"headline-s section__content--item__info-title\">\n                                                Markus Mayr                                            <\/h4>\n                                                                                                                            <p class=\"section__content--item__info-location\">\n                                                M\u00fcnchen                                            <\/p>\n                                                                                                                            <div class=\"section__content--item__info-position\">\n                                                <p>Vorstand\/CFO<\/p>\n                                        <\/div>\n                                                                            <\/div>\n                                <\/div>\n                                                    <\/div>\n                                                                            <h3 class=\"section__content--title headline-m\">\n                                Aufsichts\u00adrat der Wackler Holding SE                            <\/h3>\n                                                <div class=\"section__content--grid\">\n                                                            <div class=\"section__content--item\">\n                                                                                                                <div class=\"section__content--item__image\">\n                                            <img decoding=\"async\" width=\"382\" height=\"573\" src=\"https:\/\/www.wackler-group.de\/holding\/wp-content\/uploads\/sites\/2\/2026\/07\/dd76f38b5af1d1937048fec52baa1db2885f2b8d.jpg\" class=\"attachment-full size-full\" alt=\"Portr\u00e4t eines \u00e4lteren Mannes in Anzug vor Berglandschaft.\" loading=\"lazy\" srcset=\"https:\/\/www.wackler-group.de\/holding\/wp-content\/uploads\/sites\/2\/2026\/07\/dd76f38b5af1d1937048fec52baa1db2885f2b8d.jpg 382w, https:\/\/www.wackler-group.de\/holding\/wp-content\/uploads\/sites\/2\/2026\/07\/dd76f38b5af1d1937048fec52baa1db2885f2b8d-300x450.jpg 300w\" sizes=\"(max-width: 382px) 100vw, 382px\" style=\"object-position: 47% 33%;\" \/>                                        <\/div>\n                                                                        <div class=\"section__content--item__info\">\n                                                                                    <h4 class=\"headline-s section__content--item__info-title\">\n                                                Dr. Ingo Friedrich                                            <\/h4>\n                                                                                                                            <p class=\"section__content--item__info-location\">\n                                                Br\u00fcssel                                            <\/p>\n                                                                                                                            <div class=\"section__content--item__info-position\">\n                                                <p>Vize\u00adpr\u00e4sident des Europ\u00e4ischen Parlaments a.D.,<br \/>\nMitglied im CSU- Parteivorstand,<br \/>\nPr\u00e4sident des Europ\u00e4ischen Wirtschafts\u00adsenats,<br \/>\nstellvertretender Aufsichts\u00adrats\u00advorsitzender<\/p>\n                                        <\/div>\n                                                                            <\/div>\n                                <\/div>\n                                                            <div class=\"section__content--item\">\n                                                                                                                <div class=\"section__content--item__image\">\n                                            <img decoding=\"async\" width=\"382\" height=\"573\" src=\"https:\/\/www.wackler-group.de\/holding\/wp-content\/uploads\/sites\/2\/2026\/07\/5df19eaf30f1f51d91ddaa19ca2c4e9961bff4ef.jpg\" class=\"attachment-full size-full\" alt=\"Friedrich P. Wackler in Anzug vor Berglandschaft.\" loading=\"lazy\" srcset=\"https:\/\/www.wackler-group.de\/holding\/wp-content\/uploads\/sites\/2\/2026\/07\/5df19eaf30f1f51d91ddaa19ca2c4e9961bff4ef.jpg 382w, https:\/\/www.wackler-group.de\/holding\/wp-content\/uploads\/sites\/2\/2026\/07\/5df19eaf30f1f51d91ddaa19ca2c4e9961bff4ef-300x450.jpg 300w\" sizes=\"(max-width: 382px) 100vw, 382px\" style=\"object-position: 55% 32%;\" \/>                                        <\/div>\n                                                                        <div class=\"section__content--item__info\">\n                                                                                    <h4 class=\"headline-s section__content--item__info-title\">\n                                                Friedrich P. Wackler                                            <\/h4>\n                                                                                                                            <p class=\"section__content--item__info-location\">\n                                                M\u00fcnchen                                            <\/p>\n                                                                                                                            <div class=\"section__content--item__info-position\">\n                                                <p>Vorsitzender des Aufsichts\u00adrats<\/p>\n                                        <\/div>\n                                                                            <\/div>\n                                <\/div>\n                                                            <div class=\"section__content--item\">\n                                                                                                                <div class=\"section__content--item__image\">\n                                            <img decoding=\"async\" width=\"382\" height=\"574\" src=\"https:\/\/www.wackler-group.de\/holding\/wp-content\/uploads\/sites\/2\/2026\/07\/c7beb9125e047bc5b02ef60f0cb18cab0cdd6562.png\" class=\"attachment-full size-full\" alt=\"Professioneller Mann in Anzug vor Berglandschaft.\" loading=\"lazy\" srcset=\"https:\/\/www.wackler-group.de\/holding\/wp-content\/uploads\/sites\/2\/2026\/07\/c7beb9125e047bc5b02ef60f0cb18cab0cdd6562.png 382w, https:\/\/www.wackler-group.de\/holding\/wp-content\/uploads\/sites\/2\/2026\/07\/c7beb9125e047bc5b02ef60f0cb18cab0cdd6562-300x451.png 300w\" sizes=\"(max-width: 382px) 100vw, 382px\" style=\"object-position: 47% 33%;\" \/>                                        <\/div>\n                                                                        <div class=\"section__content--item__info\">\n                                                                                    <h4 class=\"headline-s section__content--item__info-title\">\n                                                Arthur Kiederle                                            <\/h4>\n                                                                                                                            <p class=\"section__content--item__info-location\">\n                                                Frankfurt                                            <\/p>\n                                                                                                                            <div class=\"section__content--item__info-position\">\n                                                <p>Rechts\u00adanwalt, Fach\u00adanwalt f\u00fcr Steuerrecht,<br \/>\nPartner bei Winterstein Rechts\u00adanw\u00e4lte PartG mbB,<br \/>\nAufsichts\u00adrat<\/p>\n                                        <\/div>\n                                                                            <\/div>\n                                <\/div>\n                                                    <\/div>\n                                            <\/div>\n\n                    <\/div>\n    <\/div>\n<\/section>\n\n\n<section class=\"align wp-block-lb-team\">\n    <div class=\"container\">\n        <div class=\"section__body\">\n                            <div class=\"section__content\">\n                                                                                            <h3 class=\"section__content--title headline-m\">\n                                Gesch\u00e4ftsf\u00fchrung                            <\/h3>\n                                                <div class=\"section__content--grid\">\n                                                            <div class=\"section__content--item\">\n                                                                                                                <div class=\"section__content--item__image\">\n                                            <img decoding=\"async\" width=\"811\" height=\"811\" src=\"https:\/\/www.wackler-group.de\/holding\/wp-content\/uploads\/sites\/2\/2026\/07\/image-avatar-Jens-Riemann.webp\" class=\"attachment-full size-full\" alt=\"Portr\u00e4t von Markus Mayr, Gesch\u00e4ftsf\u00fchrer der Wackler Service Group.\" loading=\"lazy\" srcset=\"https:\/\/www.wackler-group.de\/holding\/wp-content\/uploads\/sites\/2\/2026\/07\/image-avatar-Jens-Riemann.webp 811w, https:\/\/www.wackler-group.de\/holding\/wp-content\/uploads\/sites\/2\/2026\/07\/image-avatar-Jens-Riemann-664x664.webp 664w, https:\/\/www.wackler-group.de\/holding\/wp-content\/uploads\/sites\/2\/2026\/07\/image-avatar-Jens-Riemann-300x300.webp 300w\" sizes=\"(max-width: 811px) 100vw, 811px\" \/>                                        <\/div>\n                                                                        <div class=\"section__content--item__info\">\n                                                                                    <h4 class=\"headline-s section__content--item__info-title\">\n                                                Jens Riemann                                            <\/h4>\n                                                                                                                            <p class=\"section__content--item__info-location\">\n                                                Chemnitz\/Leipzig                                            <\/p>\n                                                                                                                            <div class=\"section__content--item__info-position\">\n                                                <p>Gesch\u00e4ftsf\u00fchrer<br \/>\nWackler Service Group GmbH &#038; Co. KG Nord<\/p>\n                                        <\/div>\n                                                                            <\/div>\n                                <\/div>\n                                                            <div class=\"section__content--item\">\n                                                                                                                <div class=\"section__content--item__image\">\n                                            <img decoding=\"async\" width=\"811\" height=\"811\" src=\"https:\/\/www.wackler-group.de\/holding\/wp-content\/uploads\/sites\/2\/2026\/07\/image-avatar-Bernd-Buehler.webp\" class=\"attachment-full size-full\" alt=\"Portr\u00e4t von Markus Mayr vor Wasserlandschaft, professionell und freundlich.\" loading=\"lazy\" srcset=\"https:\/\/www.wackler-group.de\/holding\/wp-content\/uploads\/sites\/2\/2026\/07\/image-avatar-Bernd-Buehler.webp 811w, https:\/\/www.wackler-group.de\/holding\/wp-content\/uploads\/sites\/2\/2026\/07\/image-avatar-Bernd-Buehler-664x664.webp 664w, https:\/\/www.wackler-group.de\/holding\/wp-content\/uploads\/sites\/2\/2026\/07\/image-avatar-Bernd-Buehler-300x300.webp 300w\" sizes=\"(max-width: 811px) 100vw, 811px\" \/>                                        <\/div>\n                                                                        <div class=\"section__content--item__info\">\n                                                                                    <h4 class=\"headline-s section__content--item__info-title\">\n                                                Bernd B\u00fchler                                            <\/h4>\n                                                                                                                            <p class=\"section__content--item__info-location\">\n                                                M\u00fcnchen                                            <\/p>\n                                                                                                                            <div class=\"section__content--item__info-position\">\n                                                <p>Gesch\u00e4ftsf\u00fchrer<br \/>\nWackler Service Group GmbH &#038; Co. KG S\u00fcd\u200b<\/p>\n                                        <\/div>\n                                                                            <\/div>\n                                <\/div>\n                                                            <div class=\"section__content--item\">\n                                                                                                                <div class=\"section__content--item__image\">\n                                            <img decoding=\"async\" width=\"811\" height=\"811\" src=\"https:\/\/www.wackler-group.de\/holding\/wp-content\/uploads\/sites\/2\/2026\/07\/image-avatar-Falk-Damerow.webp\" class=\"attachment-full size-full\" alt=\"Portr\u00e4t von Markus Mayr in Businesskleidung vor Wasserhintergrund.\" loading=\"lazy\" srcset=\"https:\/\/www.wackler-group.de\/holding\/wp-content\/uploads\/sites\/2\/2026\/07\/image-avatar-Falk-Damerow.webp 811w, https:\/\/www.wackler-group.de\/holding\/wp-content\/uploads\/sites\/2\/2026\/07\/image-avatar-Falk-Damerow-664x664.webp 664w, https:\/\/www.wackler-group.de\/holding\/wp-content\/uploads\/sites\/2\/2026\/07\/image-avatar-Falk-Damerow-300x300.webp 300w\" sizes=\"(max-width: 811px) 100vw, 811px\" \/>                                        <\/div>\n                                                                        <div class=\"section__content--item__info\">\n                                                                                    <h4 class=\"headline-s section__content--item__info-title\">\n                                                Falk Damerow                                            <\/h4>\n                                                                                                                            <p class=\"section__content--item__info-location\">\n                                                Chemnitz                                            <\/p>\n                                                                                                                            <div class=\"section__content--item__info-position\">\n                                                <p>Gesch\u00e4ftsf\u00fchrer\u2028<br \/>\nAvento Personal GmbH<\/p>\n                                        <\/div>\n                                                                            <\/div>\n                                <\/div>\n                                                            <div class=\"section__content--item\">\n                                                                                                                <div class=\"section__content--item__image\">\n                                            <img decoding=\"async\" width=\"811\" height=\"811\" src=\"https:\/\/www.wackler-group.de\/holding\/wp-content\/uploads\/sites\/2\/2026\/07\/Dr.-Christian-Reisinger.webp\" class=\"attachment-full size-full\" alt=\"Markus Mayr in Businesskleidung vor Wasserlandschaft.\" loading=\"lazy\" srcset=\"https:\/\/www.wackler-group.de\/holding\/wp-content\/uploads\/sites\/2\/2026\/07\/Dr.-Christian-Reisinger.webp 811w, https:\/\/www.wackler-group.de\/holding\/wp-content\/uploads\/sites\/2\/2026\/07\/Dr.-Christian-Reisinger-664x664.webp 664w, https:\/\/www.wackler-group.de\/holding\/wp-content\/uploads\/sites\/2\/2026\/07\/Dr.-Christian-Reisinger-300x300.webp 300w\" sizes=\"(max-width: 811px) 100vw, 811px\" \/>                                        <\/div>\n                                                                        <div class=\"section__content--item__info\">\n                                                                                    <h4 class=\"headline-s section__content--item__info-title\">\n                                                Dr. Christian Reisinger                                            <\/h4>\n                                                                                                                            <p class=\"section__content--item__info-location\">\n                                                M\u00fcnchen                                            <\/p>\n                                                                                                                            <div class=\"section__content--item__info-position\">\n                                                <p>Vorsitzender Gesch\u00e4ftsf\u00fchrer\u00a0ConClimate\u00a0GmbH<br \/>\nGesch\u00e4ftsf\u00fchrer\u00a0Substain GmbH<\/p>\n                                        <\/div>\n                                                                            <\/div>\n                                <\/div>\n                                                            <div class=\"section__content--item\">\n                                                                                                                <div class=\"section__content--item__image\">\n                                            <img decoding=\"async\" width=\"811\" height=\"811\" src=\"https:\/\/www.wackler-group.de\/holding\/wp-content\/uploads\/sites\/2\/2026\/07\/Axel-Banoth.webp\" class=\"attachment-full size-full\" alt=\"Mann mit Brille und Anzug vor Wasser mit Geb\u00e4uden im Hintergrund.\" loading=\"lazy\" srcset=\"https:\/\/www.wackler-group.de\/holding\/wp-content\/uploads\/sites\/2\/2026\/07\/Axel-Banoth.webp 811w, https:\/\/www.wackler-group.de\/holding\/wp-content\/uploads\/sites\/2\/2026\/07\/Axel-Banoth-664x664.webp 664w, https:\/\/www.wackler-group.de\/holding\/wp-content\/uploads\/sites\/2\/2026\/07\/Axel-Banoth-300x300.webp 300w\" sizes=\"(max-width: 811px) 100vw, 811px\" \/>                                        <\/div>\n                                                                        <div class=\"section__content--item__info\">\n                                                                                    <h4 class=\"headline-s section__content--item__info-title\">\n                                                Axel Banoth                                            <\/h4>\n                                                                                                                            <p class=\"section__content--item__info-location\">\n                                                M\u00fcnchen                                            <\/p>\n                                                                                                                            <div class=\"section__content--item__info-position\">\n                                                <p>Gesch\u00e4ftsf\u00fchrer RoboPlanet\u00a0GmbH<br \/>\nGesch\u00e4ftsf\u00fchrer ConClimate\u00a0GmbH<\/p>\n                                        <\/div>\n                                                                            <\/div>\n                                <\/div>\n                                                            <div class=\"section__content--item\">\n                                                                                                                <div class=\"section__content--item__image\">\n                                            <img decoding=\"async\" width=\"811\" height=\"811\" src=\"https:\/\/www.wackler-group.de\/holding\/wp-content\/uploads\/sites\/2\/2026\/07\/Willi-Fottner.webp\" class=\"attachment-full size-full\" alt=\"Markus Mayr l\u00e4chelnd bei Geb\u00e4udereinigung im Freien mit Wasser im Hintergrund.\" loading=\"lazy\" srcset=\"https:\/\/www.wackler-group.de\/holding\/wp-content\/uploads\/sites\/2\/2026\/07\/Willi-Fottner.webp 811w, https:\/\/www.wackler-group.de\/holding\/wp-content\/uploads\/sites\/2\/2026\/07\/Willi-Fottner-664x664.webp 664w, https:\/\/www.wackler-group.de\/holding\/wp-content\/uploads\/sites\/2\/2026\/07\/Willi-Fottner-300x300.webp 300w\" sizes=\"(max-width: 811px) 100vw, 811px\" \/>                                        <\/div>\n                                                                        <div class=\"section__content--item__info\">\n                                                                                    <h4 class=\"headline-s section__content--item__info-title\">\n                                                Willi Fottner                                            <\/h4>\n                                                                                                                            <p class=\"section__content--item__info-location\">\n                                                M\u00fcnchen                                            <\/p>\n                                                                                                                            <div class=\"section__content--item__info-position\">\n                                                <p>Leiter Vertrieb Deutschland<\/p>\n                                        <\/div>\n                                                                            <\/div>\n                                <\/div>\n                                                            <div class=\"section__content--item\">\n                                                                                                                <div class=\"section__content--item__image\">\n                                            <img decoding=\"async\" width=\"811\" height=\"811\" src=\"https:\/\/www.wackler-group.de\/holding\/wp-content\/uploads\/sites\/2\/2026\/07\/Julia-Thoms.webp\" class=\"attachment-full size-full\" alt=\"Frau mit dunklem Blazer vor Wasserhintergrund, l\u00e4chelnd.\" loading=\"lazy\" srcset=\"https:\/\/www.wackler-group.de\/holding\/wp-content\/uploads\/sites\/2\/2026\/07\/Julia-Thoms.webp 811w, https:\/\/www.wackler-group.de\/holding\/wp-content\/uploads\/sites\/2\/2026\/07\/Julia-Thoms-664x664.webp 664w, https:\/\/www.wackler-group.de\/holding\/wp-content\/uploads\/sites\/2\/2026\/07\/Julia-Thoms-300x300.webp 300w\" sizes=\"(max-width: 811px) 100vw, 811px\" \/>                                        <\/div>\n                                                                        <div class=\"section__content--item__info\">\n                                                                                    <h4 class=\"headline-s section__content--item__info-title\">\n                                                Julia Thoms                                            <\/h4>\n                                                                                                                            <p class=\"section__content--item__info-location\">\n                                                M\u00fcnchen                                            <\/p>\n                                                                                                                            <div class=\"section__content--item__info-position\">\n                                                <p>Leiterin Marketing &#038; Kommunikation\u200b<\/p>\n                                        <\/div>\n                                                                            <\/div>\n                                <\/div>\n                                                            <div class=\"section__content--item\">\n                                                                                                                <div class=\"section__content--item__image\">\n                                            <img decoding=\"async\" width=\"811\" height=\"811\" src=\"https:\/\/www.wackler-group.de\/holding\/wp-content\/uploads\/sites\/2\/2026\/07\/Alexander-Keil.webp\" class=\"attachment-full size-full\" alt=\"Portr\u00e4t von Markus Mayr, Gesch\u00e4ftsf\u00fchrer der Wackler Service Group.\" loading=\"lazy\" srcset=\"https:\/\/www.wackler-group.de\/holding\/wp-content\/uploads\/sites\/2\/2026\/07\/Alexander-Keil.webp 811w, https:\/\/www.wackler-group.de\/holding\/wp-content\/uploads\/sites\/2\/2026\/07\/Alexander-Keil-664x664.webp 664w, https:\/\/www.wackler-group.de\/holding\/wp-content\/uploads\/sites\/2\/2026\/07\/Alexander-Keil-300x300.webp 300w\" sizes=\"(max-width: 811px) 100vw, 811px\" \/>                                        <\/div>\n                                                                        <div class=\"section__content--item__info\">\n                                                                                    <h4 class=\"headline-s section__content--item__info-title\">\n                                                Alexander Keil                                            <\/h4>\n                                                                                                                            <p class=\"section__content--item__info-location\">\n                                                M\u00fcnchen                                            <\/p>\n                                                                                                                            <div class=\"section__content--item__info-position\">\n                                                <p>Bereichsleiter Group Personal &#038; Recht\u200b<\/p>\n                                        <\/div>\n                                                                            <\/div>\n                                <\/div>\n                                                            <div class=\"section__content--item\">\n                                                                                                                <div class=\"section__content--item__image\">\n                                            <img decoding=\"async\" width=\"811\" height=\"811\" src=\"https:\/\/www.wackler-group.de\/holding\/wp-content\/uploads\/sites\/2\/2026\/07\/Michael-Mars.webp\" class=\"attachment-full size-full\" alt=\"Portr\u00e4t von Markus Mayr vor Wasser mit Geb\u00e4udereinigung im Hintergrund.\" loading=\"lazy\" srcset=\"https:\/\/www.wackler-group.de\/holding\/wp-content\/uploads\/sites\/2\/2026\/07\/Michael-Mars.webp 811w, https:\/\/www.wackler-group.de\/holding\/wp-content\/uploads\/sites\/2\/2026\/07\/Michael-Mars-664x664.webp 664w, https:\/\/www.wackler-group.de\/holding\/wp-content\/uploads\/sites\/2\/2026\/07\/Michael-Mars-300x300.webp 300w\" sizes=\"(max-width: 811px) 100vw, 811px\" \/>                                        <\/div>\n                                                                        <div class=\"section__content--item__info\">\n                                                                                    <h4 class=\"headline-s section__content--item__info-title\">\n                                                Michael Mars                                            <\/h4>\n                                                                                                                            <p class=\"section__content--item__info-location\">\n                                                M\u00fcnchen                                            <\/p>\n                                                                                                                            <div class=\"section__content--item__info-position\">\n                                                <p>Bereichsleiter Group Digital &#038; IT<\/p>\n                                        <\/div>\n                                                                            <\/div>\n                                <\/div>\n                                                            <div class=\"section__content--item\">\n                                                                                                                <div class=\"section__content--item__image\">\n                                            <img decoding=\"async\" width=\"811\" height=\"811\" src=\"https:\/\/www.wackler-group.de\/holding\/wp-content\/uploads\/sites\/2\/2026\/07\/Silvio-Waldheim.webp\" class=\"attachment-full size-full\" alt=\"Portr\u00e4t von Markus Mayr vor Wasser mit Bergen im Hintergrund.\" loading=\"lazy\" srcset=\"https:\/\/www.wackler-group.de\/holding\/wp-content\/uploads\/sites\/2\/2026\/07\/Silvio-Waldheim.webp 811w, https:\/\/www.wackler-group.de\/holding\/wp-content\/uploads\/sites\/2\/2026\/07\/Silvio-Waldheim-664x664.webp 664w, https:\/\/www.wackler-group.de\/holding\/wp-content\/uploads\/sites\/2\/2026\/07\/Silvio-Waldheim-300x300.webp 300w\" sizes=\"(max-width: 811px) 100vw, 811px\" \/>                                        <\/div>\n                                                                        <div class=\"section__content--item__info\">\n                                                                                    <h4 class=\"headline-s section__content--item__info-title\">\n                                                Silvio Waldheim                                            <\/h4>\n                                                                                                                            <p class=\"section__content--item__info-location\">\n                                                Chemnitz                                            <\/p>\n                                                                                                                            <div class=\"section__content--item__info-position\">\n                                                <p>Leiter Konzerncontrolling<\/p>\n                                        <\/div>\n                                                                            <\/div>\n                                <\/div>\n                                                    <\/div>\n                                            <\/div>\n\n                    <\/div>\n    <\/div>\n<\/section>\n\n\n<section class=\"align wp-block-lb-team\">\n    <div class=\"container\">\n        <div class=\"section__body\">\n                            <div class=\"section__content\">\n                                                                                            <h3 class=\"section__content--title headline-m\">\n                                Beir\u00e4te der Wackler Group                            <\/h3>\n                                                <div class=\"section__content--grid\">\n                                                            <div class=\"section__content--item\">\n                                                                                                                <div class=\"section__content--item__image\">\n                                            <img decoding=\"async\" width=\"811\" height=\"811\" src=\"https:\/\/www.wackler-group.de\/holding\/wp-content\/uploads\/sites\/2\/2026\/07\/Prof.-Dieter-Kempf.webp\" class=\"attachment-full size-full\" alt=\"Portr\u00e4t von Markus Mayr vor verschneiter Winterkulisse.\" loading=\"lazy\" srcset=\"https:\/\/www.wackler-group.de\/holding\/wp-content\/uploads\/sites\/2\/2026\/07\/Prof.-Dieter-Kempf.webp 811w, https:\/\/www.wackler-group.de\/holding\/wp-content\/uploads\/sites\/2\/2026\/07\/Prof.-Dieter-Kempf-664x664.webp 664w, https:\/\/www.wackler-group.de\/holding\/wp-content\/uploads\/sites\/2\/2026\/07\/Prof.-Dieter-Kempf-300x300.webp 300w\" sizes=\"(max-width: 811px) 100vw, 811px\" \/>                                        <\/div>\n                                                                        <div class=\"section__content--item__info\">\n                                                                                    <h4 class=\"headline-s section__content--item__info-title\">\n                                                Prof. Dieter Kempf                                            <\/h4>\n                                                                                                                            <p class=\"section__content--item__info-location\">\n                                                Beirat der Wackler Holding SE \u2028<br \/>Wirtschaft und Regulatorik                                            <\/p>\n                                                                                                                            <div class=\"section__content--item__info-position\">\n                                                <p>Honorar\u00adprofessor f\u00fcr Betriebs\u00adwirtschafts\u00adlehre an der Wirtschafts- und Sozial\u00adwissen\u00adschaftlichen Fakult\u00e4t der Friedrich-Alexander-Universit\u00e4t Erlangen-N\u00fcrnberg.<\/p>\n<p>Dr. Kempf war langj\u00e4hriger Vorstands\u00advorsitzender der DATEV eG, von 2011 bis 2015 Pr\u00e4sident des BDI-Mitglieds\u00adverbandes Bitkom und danach 4 Jahre Pr\u00e4sident des Bundes\u00adverbandes der Deutschen Industrie e.V. (BDI).<\/p>\n                                        <\/div>\n                                                                            <\/div>\n                                <\/div>\n                                                            <div class=\"section__content--item\">\n                                                                                                                <div class=\"section__content--item__image\">\n                                            <img decoding=\"async\" width=\"811\" height=\"811\" src=\"https:\/\/www.wackler-group.de\/holding\/wp-content\/uploads\/sites\/2\/2026\/07\/Prof.-Dr.-Ing.-Dr.-Christian-Berg.webp\" class=\"attachment-full size-full\" alt=\"Portr\u00e4t von Markus Mayr, Geb\u00e4udereinigungs- und Facility Management Spezialist.\" loading=\"lazy\" srcset=\"https:\/\/www.wackler-group.de\/holding\/wp-content\/uploads\/sites\/2\/2026\/07\/Prof.-Dr.-Ing.-Dr.-Christian-Berg.webp 811w, https:\/\/www.wackler-group.de\/holding\/wp-content\/uploads\/sites\/2\/2026\/07\/Prof.-Dr.-Ing.-Dr.-Christian-Berg-664x664.webp 664w, https:\/\/www.wackler-group.de\/holding\/wp-content\/uploads\/sites\/2\/2026\/07\/Prof.-Dr.-Ing.-Dr.-Christian-Berg-300x300.webp 300w\" sizes=\"(max-width: 811px) 100vw, 811px\" \/>                                        <\/div>\n                                                                        <div class=\"section__content--item__info\">\n                                                                                    <h4 class=\"headline-s section__content--item__info-title\">\n                                                Prof. Dr. Christian Berg                                            <\/h4>\n                                                                                                                            <p class=\"section__content--item__info-location\">\n                                                Beirat der Wackler Holding SE\u2028<br \/>Nachhaltigkeit und ESG                                            <\/p>\n                                                                                                                            <div class=\"section__content--item__info-position\">\n                                                <p>Honorar\u00adprofessor f\u00fcr Nach\u00adhaltig\u00adkeit und Globaler Wandel an der TU Clausthal, Pr\u00e4sidiums\u00admitglied der Deutschen Gesellschaft Club of Rome.<\/p>\n<p>Prof. Dr. Berg hat 10 Jahre bei SAP das Thema Nach\u00adhaltig\u00adkeit vorangetrieben und leitete im Experten\u00addialog der Bundes\u00adkanzlerin zur Zukunft Deutschlands die Arbeits\u00adgruppe &#8222;Nach\u00adhaltiges Wirtschaften und Wachstum&#8220;.<\/p>\n                                        <\/div>\n                                                                            <\/div>\n                                <\/div>\n                                                            <div class=\"section__content--item\">\n                                                                                                                <div class=\"section__content--item__image\">\n                                            <img decoding=\"async\" width=\"811\" height=\"811\" src=\"https:\/\/www.wackler-group.de\/holding\/wp-content\/uploads\/sites\/2\/2026\/07\/Prof.-Dr.-Johann-Wilhelm-Weidringer.webp\" class=\"attachment-full size-full\" alt=\"Markus Mayr vor winterlicher Bergkulisse, l\u00e4chelnd.\" loading=\"lazy\" srcset=\"https:\/\/www.wackler-group.de\/holding\/wp-content\/uploads\/sites\/2\/2026\/07\/Prof.-Dr.-Johann-Wilhelm-Weidringer.webp 811w, https:\/\/www.wackler-group.de\/holding\/wp-content\/uploads\/sites\/2\/2026\/07\/Prof.-Dr.-Johann-Wilhelm-Weidringer-664x664.webp 664w, https:\/\/www.wackler-group.de\/holding\/wp-content\/uploads\/sites\/2\/2026\/07\/Prof.-Dr.-Johann-Wilhelm-Weidringer-300x300.webp 300w\" sizes=\"(max-width: 811px) 100vw, 811px\" \/>                                        <\/div>\n                                                                        <div class=\"section__content--item__info\">\n                                                                                    <h4 class=\"headline-s section__content--item__info-title\">\n                                                Prof. Dr. med. Johann W. Weidringer                                            <\/h4>\n                                                                                                                            <p class=\"section__content--item__info-location\">\n                                                Beirat der Wackler Holding SE\u2028<br \/>Betriebliches Gesundheits\u00admanagement                                            <\/p>\n                                                                                                                            <div class=\"section__content--item__info-position\">\n                                                <p>Der Professor f\u00fcr Gesundheits\u00admanagement und Gesundheits\u00adwissenschaften lehrte u.a. an der Hochschule f\u00fcr Gesundheit und Sport in Berlin und war \u00c4rztlicher Direktor an der Hochschule Fresenius. Er ist als Notarzt t\u00e4tig und wirkt u.a. mit im Umweltausschuss des \u00c4rztlichen Kreis-u. Bezirksverbands, M\u00fcnchen. Er engagierte sich in div. Experten\u00adgremien f\u00fcr Gesundheitswesen (u.a. Bayerische Landes\u00e4rzte\u00adkammer, Bundes\u00e4rztekammer, Deutsches Institut f\u00fcr Normung, Schutz\u00adkommission beim Bundes\u00administerium des Innern).<\/p>\n                                        <\/div>\n                                                                            <\/div>\n                                <\/div>\n                                                    <\/div>\n                                            <\/div>\n\n                    <\/div>\n    <\/div>\n<\/section>\n\n\n<section class=\"align wp-block-lb-cross-link-tabs\">\n    <div class=\"container\">\n        <div class=\"section__body\">\n            <div class=\"section__row section__row-text\">\n                                    <p class=\"section__pretitle section-title-m\">\n                        Weitere Informationen                    <\/p>\n                                                    <h2 class=\"section__title headline-l\">\n                        Weitere Themen, die Sie interessieren k\u00f6nnen                    <\/h2>\n                            <\/div>\n                            <div class=\"section__row section__row-cards\">\n                    <div class=\"cards\">\n                                                                                                                <a class=\"cards-item\" href=\"https:\/\/www.wackler-group.de\/holding\/ueber-wackler\/\" aria-label=\"\u00dcber uns\">\n                                                            <div class=\"cards-item__content\">\n                                                                            <h3 class=\"cards-item__title headline-ms\">\n                                            \u00dcber uns                                        <\/h3>\n                                                                                                                <div class=\"cards-item__text copy-m\">\n                                            Erfahren Sie mehr \u00fcber unsere Werte und 117 Jahre Praxiserfahrung.                                        <\/div>\n                                                                    <\/div>\n                                                                    <span class=\"cards-item__arrow\" aria-hidden=\"true\"><\/span>\n                                                                                            <\/a>\n                                                                                                                                            <a class=\"cards-item\" href=\"https:\/\/www.wackler-group.de\/holding\/news-und-presse\/\" aria-label=\"Aktuelle News\">\n                                                            <div class=\"cards-item__content\">\n                                                                            <h3 class=\"cards-item__title headline-ms\">\n                                            Aktuelle News                                        <\/h3>\n                                                                                                                <div class=\"cards-item__text copy-m\">\n                                            Erfahren Sie mehr zu aktuellen Meldungen, Berichten und offizielle Statements.                                        <\/div>\n                                                                    <\/div>\n                                                                    <span class=\"cards-item__arrow\" aria-hidden=\"true\"><\/span>\n                                                                                            <\/a>\n                                                                                                                                            <a class=\"cards-item\" href=\"https:\/\/www.wackler-group.de\/holding\/ueber-wackler\/historie\/\" aria-label=\"Historie\">\n                                                            <div class=\"cards-item__content\">\n                                                                            <h3 class=\"cards-item__title headline-ms\">\n                                            Historie                                        <\/h3>\n                                                                                                                <div class=\"cards-item__text copy-m\">\n                                            Seit 117 Jahren am Markt: Finden Sie heraus, warum uns Marktf\u00fchrer vertrauen.                                        <\/div>\n                                                                    <\/div>\n                                                                    <span class=\"cards-item__arrow\" aria-hidden=\"true\"><\/span>\n                                                                                            <\/a>\n                                                                        <\/div>\n                <\/div>\n                    <\/div>\n    <\/div>\n<\/section>\n","protected":false},"excerpt":{"rendered":"<p>Erleben Sie Geb\u00e4udereinigung, die weiterdenkt, live vor Ort und tauschen Sie sich mit unseren Spezialisten \u00fcber modernste Technologien aus.<\/p>\n","protected":false},"author":1,"featured_media":519,"parent":105,"menu_order":0,"comment_status":"closed","ping_status":"closed","template":"","meta":{"_acf_changed":false,"footnotes":""},"class_list":["post-378","page","type-page","status-publish","has-post-thumbnail","hentry"],"acf":[],"ase":null,"_links":{"self":[{"href":"https:\/\/www.wackler-group.de\/holding\/wp-json\/wp\/v2\/pages\/378","targetHints":{"allow":["GET"]}}],"collection":[{"href":"https:\/\/www.wackler-group.de\/holding\/wp-json\/wp\/v2\/pages"}],"about":[{"href":"https:\/\/www.wackler-group.de\/holding\/wp-json\/wp\/v2\/types\/page"}],"author":[{"embeddable":true,"href":"https:\/\/www.wackler-group.de\/holding\/wp-json\/wp\/v2\/users\/1"}],"replies":[{"embeddable":true,"href":"https:\/\/www.wackler-group.de\/holding\/wp-json\/wp\/v2\/comments?post=378"}],"version-history":[{"count":0,"href":"https:\/\/www.wackler-group.de\/holding\/wp-json\/wp\/v2\/pages\/378\/revisions"}],"up":[{"embeddable":true,"href":"https:\/\/www.wackler-group.de\/holding\/wp-json\/wp\/v2\/pages\/105"}],"wp:featuredmedia":[{"embeddable":true,"href":"https:\/\/www.wackler-group.de\/holding\/wp-json\/wp\/v2\/media\/519"}],"wp:attachment":[{"href":"https:\/\/www.wackler-group.de\/holding\/wp-json\/wp\/v2\/media?parent=378"}],"curies":[{"name":"wp","href":"https:\/\/api.w.org\/{rel}","templated":true}]}}