{"id":105,"date":"2026-06-25T09:54:40","date_gmt":"2026-06-25T09:54:40","guid":{"rendered":"https:\/\/holding.wackler.dev.lichtblick.io\/?page_id=105"},"modified":"2026-08-26T10:45:27","modified_gmt":"2026-08-26T10:45:27","slug":"ueber-wackler","status":"publish","type":"page","link":"https:\/\/www.wackler-group.de\/holding\/ueber-wackler\/","title":{"rendered":"\u00dcber uns"},"content":{"rendered":"\n<section class=\"align wp-block-lb-hero-section\">\n    <div class=\"section__body\">\n        <div class=\"container\">\n            <div class=\"section-content\">\n                                    <h1 class=\"section-content__title headline-xl\">\n                        Innovativ aus \u00dcberzeugung. Menschlich im Service.                    <\/h1>\n                                                    <p class=\"section-content__text copy-l\">\n                        Als moderne Multi-Brand-Gruppe verbinden wir operative Exzellenz mit menschlichen Werten. Von Facility Management \u00fcber Robotik bis zur ESG-Beratung b\u00fcndeln wir unsere Expertise, um bundesweit ganzheitliche L\u00f6sungen und nachhaltigen Mehrwert f\u00fcr Ihr Unternehmen zu schaffen.                    <\/p>\n                                            <\/div>\n        <\/div>\n                    <picture class=\"background-image\">\n                                    <source srcset=\"https:\/\/www.wackler-group.de\/holding\/wp-content\/uploads\/sites\/2\/2026\/07\/mobile-heroshot-besprechung-mit-mitarbeitenden.webp\"\n                            media=\"(max-width: 991px)\"\/>\n                                <img loading=\"lazy\" decoding=\"async\" width=\"1920\" height=\"1045\" src=\"https:\/\/www.wackler-group.de\/holding\/wp-content\/uploads\/sites\/2\/2026\/07\/heroshot-besprechung-mit-mitarbeitenden.webp\" class=\"attachment-full size-full\" alt=\"Gesch\u00e4ftsmann erkl\u00e4rt Geb\u00e4udereinigung im B\u00fcro.\" srcset=\"https:\/\/www.wackler-group.de\/holding\/wp-content\/uploads\/sites\/2\/2026\/07\/heroshot-besprechung-mit-mitarbeitenden.webp 1920w, https:\/\/www.wackler-group.de\/holding\/wp-content\/uploads\/sites\/2\/2026\/07\/heroshot-besprechung-mit-mitarbeitenden-664x361.webp 664w, https:\/\/www.wackler-group.de\/holding\/wp-content\/uploads\/sites\/2\/2026\/07\/heroshot-besprechung-mit-mitarbeitenden-1360x740.webp 1360w, https:\/\/www.wackler-group.de\/holding\/wp-content\/uploads\/sites\/2\/2026\/07\/heroshot-besprechung-mit-mitarbeitenden-300x163.webp 300w\" sizes=\"(max-width: 1920px) 100vw, 1920px\" \/>            <\/picture>\n            <\/div>\n    <\/section>\n\n\n<section class=\"align wp-block-lb-media-text\">\n    <div class=\"container\">\n        <div class=\"section__body reversed\">\n            <div class=\"section__column is-media\">\n                <div class=\"section__media is-ratio-4-3\">\n                                            <div class=\"section__image\">\n                            <img decoding=\"async\" width=\"2560\" height=\"1707\" src=\"https:\/\/www.wackler-group.de\/holding\/wp-content\/uploads\/sites\/2\/2026\/07\/9cd2dc12f88fadbe7548e5cfd40cd629def6354a-scaled.webp\" class=\"attachment-full size-full\" alt=\"Drei Gesch\u00e4ftsleiter der Wackler Service Group im Business-Outfit vor Pflanzenregal.\" loading=\"lazy\" srcset=\"https:\/\/www.wackler-group.de\/holding\/wp-content\/uploads\/sites\/2\/2026\/07\/9cd2dc12f88fadbe7548e5cfd40cd629def6354a-scaled.webp 2560w, https:\/\/www.wackler-group.de\/holding\/wp-content\/uploads\/sites\/2\/2026\/07\/9cd2dc12f88fadbe7548e5cfd40cd629def6354a-664x443.webp 664w, https:\/\/www.wackler-group.de\/holding\/wp-content\/uploads\/sites\/2\/2026\/07\/9cd2dc12f88fadbe7548e5cfd40cd629def6354a-1360x907.webp 1360w, https:\/\/www.wackler-group.de\/holding\/wp-content\/uploads\/sites\/2\/2026\/07\/9cd2dc12f88fadbe7548e5cfd40cd629def6354a-300x200.webp 300w, https:\/\/www.wackler-group.de\/holding\/wp-content\/uploads\/sites\/2\/2026\/07\/9cd2dc12f88fadbe7548e5cfd40cd629def6354a-652x436.webp 652w\" sizes=\"(max-width: 2560px) 100vw, 2560px\" \/>                        <\/div>\n                                    <\/div>\n            <\/div>\n            <div class=\"section__column is-content\">\n                                    <p class=\"section__pretitle section-title-m\">\n                        \u00dcber uns                    <\/p>\n                                                    <h2 class=\"section__title headline-l\">\n                        Wer wir sind                    <\/h2>\n                                                    <div class=\"section__rte copy-m\">\n                        <p>Die WACKLER GROUP z\u00e4hlt mit rund 8.300 Mitarbeiterinnen und Mitarbeitern an 44 Standorten zu den f\u00fchrenden Dienstleistungsunternehmen in Deutschland. Vor 117 Jahren in M\u00fcnchen gegr\u00fcndet steht WACKLER heute f\u00fcr exzellenten Service und h\u00f6chste Qualit\u00e4tsstandards \u2013 siebenfach-zertifiziert, innovativ und zuverl\u00e4ssig. Hinter unseren 5 Tochtergesellschaften steht eine starke Holding, die Tradition mit Innovation verbindet.<\/p>\n                    <\/div>\n                                                    <div class=\"section__buttons button-group\">\n                                                                                    <a class=\"section__buttons-link button-primary button-primary--arrow\" href=\"https:\/\/www.wackler-group.de\/holding\/ueber-wackler\/gesellschaften\/\" >\n                                    <span class=\"button__text\">Unsere Gesellschaften<\/span>\n                                <\/a>\n                                                                        <\/div>\n                            <\/div>\n        <\/div>\n<\/section>\n\n\n<section class=\"align wp-block-lb-media-text\">\n    <div class=\"container\">\n        <div class=\"section__body normal\">\n            <div class=\"section__column is-media\">\n                <div class=\"section__media is-ratio-4-3\">\n                                            <div class=\"section__image\">\n                            <img decoding=\"async\" width=\"2117\" height=\"1153\" src=\"https:\/\/www.wackler-group.de\/holding\/wp-content\/uploads\/sites\/2\/2026\/07\/73c8c1f1eb5d327a3e9b355e8c0b7c4b37591abf.webp\" class=\"attachment-full size-full\" alt=\"Bilder von Geb\u00e4udereinigung, Facility Management und Reinigungsrobotik.\" loading=\"lazy\" srcset=\"https:\/\/www.wackler-group.de\/holding\/wp-content\/uploads\/sites\/2\/2026\/07\/73c8c1f1eb5d327a3e9b355e8c0b7c4b37591abf.webp 2117w, https:\/\/www.wackler-group.de\/holding\/wp-content\/uploads\/sites\/2\/2026\/07\/73c8c1f1eb5d327a3e9b355e8c0b7c4b37591abf-664x362.webp 664w, https:\/\/www.wackler-group.de\/holding\/wp-content\/uploads\/sites\/2\/2026\/07\/73c8c1f1eb5d327a3e9b355e8c0b7c4b37591abf-1360x741.webp 1360w, https:\/\/www.wackler-group.de\/holding\/wp-content\/uploads\/sites\/2\/2026\/07\/73c8c1f1eb5d327a3e9b355e8c0b7c4b37591abf-300x163.webp 300w\" sizes=\"(max-width: 2117px) 100vw, 2117px\" style=\"object-position: 60% 50%;\" \/>                        <\/div>\n                                    <\/div>\n            <\/div>\n            <div class=\"section__column is-content\">\n                                    <p class=\"section__pretitle section-title-m\">\n                        Historie                    <\/p>\n                                                    <h2 class=\"section__title headline-l\">\n                        Verl\u00e4sslichkeit seit 1909                    <\/h2>\n                                                    <div class=\"section__rte copy-m\">\n                        <p>Die Geschichte der Wackler Group ist gepr\u00e4gt von Pioniergeist und Best\u00e4ndigkeit. Was vor 117 Jahren als regionaler Betrieb f\u00fcr Fensterreinigung begann, hat sich \u00fcber vier Generationen hinweg zu einem der f\u00fchrenden Dienstleistungsunternehmen in Deutschland entwickelt.<br \/>\nUnser Erfolg beruht auf einem soliden Fundament aus menschlichen Werten, h\u00f6chster Servicequalit\u00e4t und gro\u00dfer Innovationsbereitschaft. Unsere Leidenschaft und Freude am Service hat sich seit der Gr\u00fcndung 1909 nicht ver\u00e4ndert. Seitdem sind viele Unternehmensbereiche und Mitarbeitende hinzugekommen. Unver\u00e4ndert geblieben ist unser Versprechen, unseren Kunden zukunftsweisende L\u00f6sungen in bew\u00e4hrter Qualit\u00e4t und Zuverl\u00e4ssigkeit zu bieten.<\/p>\n                    <\/div>\n                                                    <div class=\"section__buttons button-group\">\n                                                                                    <a class=\"section__buttons-link button-primary button-primary--arrow\" href=\"https:\/\/www.wackler-group.de\/holding\/ueber-wackler\/historie\/\" >\n                                    <span class=\"button__text\">Mehr zur Historie<\/span>\n                                <\/a>\n                                                                        <\/div>\n                            <\/div>\n        <\/div>\n<\/section>\n\n\n<section class=\"align wp-block-lb-media-text\">\n    <div class=\"container\">\n        <div class=\"section__body reversed\">\n            <div class=\"section__column is-media\">\n                <div class=\"section__media is-ratio-4-3\">\n                                            <div class=\"section__image\">\n                            <img decoding=\"async\" width=\"1244\" height=\"933\" src=\"https:\/\/www.wackler-group.de\/holding\/wp-content\/uploads\/sites\/2\/2026\/07\/image-1.webp\" class=\"attachment-full size-full\" alt=\"Grafik zeigt die Marken der Wackler Service Group im Kreis.\" loading=\"lazy\" srcset=\"https:\/\/www.wackler-group.de\/holding\/wp-content\/uploads\/sites\/2\/2026\/07\/image-1.webp 1244w, https:\/\/www.wackler-group.de\/holding\/wp-content\/uploads\/sites\/2\/2026\/07\/image-1-664x498.webp 664w, https:\/\/www.wackler-group.de\/holding\/wp-content\/uploads\/sites\/2\/2026\/07\/image-1-300x225.webp 300w\" sizes=\"(max-width: 1244px) 100vw, 1244px\" \/>                        <\/div>\n                                    <\/div>\n            <\/div>\n            <div class=\"section__column is-content\">\n                                    <p class=\"section__pretitle section-title-m\">\n                        Gesellschaften                    <\/p>\n                                                    <h2 class=\"section__title headline-l\">\n                        Starke Marken unter einem Dach.                    <\/h2>\n                                                    <div class=\"section__rte copy-m\">\n                        <p>Wir sind ein starker und zuverl\u00e4ssiger Partner f\u00fcr Unternehmen unterschiedlichster Branchen und Gr\u00f6\u00dfen. Mit der geb\u00fcndelten Expertise unserer f\u00fcnf Tochtergesellschaften sorgen wir bundesweit daf\u00fcr, dass Ihre Betriebsprozesse reibungslos und wirtschaftlich funktionieren.<\/p>\n<p>Unser Spektrum reicht von klassischem Facility Management (Wackler Service Group) \u00fcber integrierte Robotik-L\u00f6sungen (RoboPlanet), kompetenten Personaldienstleistungen (Avento) bis hin zur strategischen Beratung f\u00fcr nachhaltige Transformation (ConClimate) und passender ESG-Software-L\u00f6sung (Substain). Durch die Vernetzung unserer Fachkompetenzen schaffen wir Synergien, die Ihren Unternehmenserfolg langfristig sichern.<\/p>\n                    <\/div>\n                                                    <div class=\"section__buttons button-group\">\n                                                                                    <a class=\"section__buttons-link button-primary button-primary--arrow\" href=\"https:\/\/www.wackler-group.de\/holding\/ueber-wackler\/gesellschaften\/\" >\n                                    <span class=\"button__text\">Mehr zu unseren Gesellschaften<\/span>\n                                <\/a>\n                                                                        <\/div>\n                            <\/div>\n        <\/div>\n<\/section>\n\n\n<section class=\"align wp-block-lb-text-feature has-background has-container-bg-blue-dark-background-color\">\n    <div class=\"container container--small\">\n        <div class=\"section__body\">\n            <div class=\"section__column section__column-text\">\n                                    <p class=\"section__pretitle section-title-m\">\n                        Gesch\u00e4ftsleitung                    <\/p>\n                                                    <h2 class=\"section__title headline-l\">\n                        Die Treiber unserer Vision und Mission                    <\/h2>\n                                                    <div class=\"section__buttons button-group\">\n                                                                                    <a class=\"section__buttons-link button-primary button-primary--arrow\"\n                                   href=\"https:\/\/www.wackler-group.de\/holding\/ueber-wackler\/geschaeftsleitung\/\" >\n                                    <span class=\"button__text\">Zur Gesch\u00e4ftsleitung<\/span>\n                                <\/a>\n                                                                        <\/div>\n                            <\/div>\n            <div class=\"section__column section__column-features\">\n                                    <div class=\"section__rte copy-m\">\n                        <p>Lernen Sie die Menschen kennen, die die Wackler Group mit Erfahrung und unternehmerischem Weitblick f\u00fchren. Unsere Gesch\u00e4ftsf\u00fchrung setzt strategische Impulse, treibt Innovationen voran und entwickelt die Unternehmensgruppe konsequent weiter \u2013 verantwortungsvoll, nachhaltig und zukunftsorientiert.<\/p>\n                    <\/div>\n                                            <\/div>\n        <\/div>\n    <\/div>\n<\/section>\n\n\n<section class=\"align wp-block-lb-text-feature\">\n    <div class=\"container container--small\">\n        <div class=\"section__body\">\n            <div class=\"section__column section__column-text\">\n                                    <p class=\"section__pretitle section-title-m\">\n                        Gesch\u00e4ftsleitung                    <\/p>\n                                                    <h2 class=\"section__title headline-l\">\n                        Daf\u00fcr stehen wir als Wackler Holding                    <\/h2>\n                                            <\/div>\n            <div class=\"section__column section__column-features\">\n                                    <div class=\"section__rte copy-m\">\n                        <p>Lernen Sie die Menschen kennen, die die Wackler Group mit Erfahrung und unternehmerischem Weitblick f\u00fchren. Unsere Gesch\u00e4ftsf\u00fchrung setzt strategische Impulse, treibt Innovationen voran und entwickelt die Unternehmensgruppe konsequent weiter \u2013 verantwortungsvoll, nachhaltig und zukunftsorientiert.<\/p>\n                    <\/div>\n                                                    <div class=\"section__features\">\n                        <ul class=\"decor checkmark-list\">\n<li><span class=\"checkmark-list__text\"><strong>Verl\u00e4sslichkeit &amp; Vertrauen:<\/strong> Als inhabergef\u00fchrtes Unternehmen stehen wir zu unserem Wort und pflegen langfristige, transparente Beziehungen zu unseren Kunden und Mitarbeitenden.<\/span><\/li>\n<li><span class=\"checkmark-list__text\"><strong>Innovation &amp; Mut:<\/strong> Wir setzen auf zukunftsweisende Technologien wie Robotik und digitale ESG-L\u00f6sungen, um die Standards der Geb\u00e4udebewirtschaftung kontinuierlich zu verbessern.<\/span><\/li>\n<li><span class=\"checkmark-list__text\"><strong>Nachhaltige Verantwortung:<\/strong> Wir handeln \u00f6kologisch, sozial und verantwortlich, um einen messbaren Beitrag f\u00fcr eine lebenswerte Zukunft zu leisten.<\/span><\/li>\n<\/ul>\n                    <\/div>\n                            <\/div>\n        <\/div>\n    <\/div>\n<\/section>\n\n\n<section class=\"align wp-block-lb-media-text\">\n    <div class=\"container\">\n        <div class=\"section__body normal\">\n            <div class=\"section__column is-media\">\n                <div class=\"section__media is-ratio-4-3\">\n                                            <div class=\"section__image\">\n                            <img decoding=\"async\" width=\"1244\" height=\"928\" src=\"https:\/\/www.wackler-group.de\/holding\/wp-content\/uploads\/sites\/2\/2026\/07\/a341f9e6d4277efd426321fb4791fbd76a4827db.webp\" class=\"attachment-full size-full\" alt=\"Symbol f\u00fcr nachhaltige Geb\u00e4udereinigung und Facility Management.\" loading=\"lazy\" srcset=\"https:\/\/www.wackler-group.de\/holding\/wp-content\/uploads\/sites\/2\/2026\/07\/a341f9e6d4277efd426321fb4791fbd76a4827db.webp 1244w, https:\/\/www.wackler-group.de\/holding\/wp-content\/uploads\/sites\/2\/2026\/07\/a341f9e6d4277efd426321fb4791fbd76a4827db-664x495.webp 664w, https:\/\/www.wackler-group.de\/holding\/wp-content\/uploads\/sites\/2\/2026\/07\/a341f9e6d4277efd426321fb4791fbd76a4827db-300x224.webp 300w\" sizes=\"(max-width: 1244px) 100vw, 1244px\" \/>                        <\/div>\n                                    <\/div>\n            <\/div>\n            <div class=\"section__column is-content\">\n                                    <p class=\"section__pretitle section-title-m\">\n                        Nachhaltigkeit                    <\/p>\n                                                    <h2 class=\"section__title headline-l\">\n                        Verantwortung, die wir ernst nehmen.                    <\/h2>\n                                                    <div class=\"section__rte copy-m\">\n                        <p>Nachhaltigkeit ist fest in unserer Unternehmens-DNA verankert: mit SBTi-validierten Klimazielen und umweltschonenden Services, die schon heute die Standards von morgen erf\u00fcllen. Unsere Entscheidungen und Ma\u00dfnahmen im Rahmen unserer Corporate Social Responsibility orientieren sich an den Nachhaltigkeitszielen der Vereinten Nationen. Wir begleiten unsere Kunden bei ihrer nachhaltigen Transformation &#8211; technologisch f\u00fchrend, \u00f6kologisch und sozial verantwortlich und wirtschaftlich erfolgreich.<\/p>\n                    <\/div>\n                                                    <div class=\"section__buttons button-group\">\n                                                                                    <a class=\"section__buttons-link button-primary button-primary--arrow\" href=\"https:\/\/www.wackler-group.de\/holding\/nachhaltigkeit\/\" >\n                                    <span class=\"button__text\">Mehr zu Nachhaltigkeit<\/span>\n                                <\/a>\n                                                                        <\/div>\n                            <\/div>\n        <\/div>\n<\/section>\n\n\n<section class=\"align wp-block-lb-media-text\">\n    <div class=\"container\">\n        <div class=\"section__body reversed\">\n            <div class=\"section__column is-media\">\n                <div class=\"section__media is-ratio-4-3\">\n                                            <div class=\"section__image\">\n                            <img decoding=\"async\" width=\"1244\" height=\"933\" src=\"https:\/\/www.wackler-group.de\/holding\/wp-content\/uploads\/sites\/2\/2026\/07\/roboter-1.webp\" class=\"attachment-full size-full\" alt=\"Autonomer Reinigungsroboter in moderner B\u00fcrofl\u00e4che.\" loading=\"lazy\" srcset=\"https:\/\/www.wackler-group.de\/holding\/wp-content\/uploads\/sites\/2\/2026\/07\/roboter-1.webp 1244w, https:\/\/www.wackler-group.de\/holding\/wp-content\/uploads\/sites\/2\/2026\/07\/roboter-1-664x498.webp 664w, https:\/\/www.wackler-group.de\/holding\/wp-content\/uploads\/sites\/2\/2026\/07\/roboter-1-300x225.webp 300w\" sizes=\"(max-width: 1244px) 100vw, 1244px\" \/>                        <\/div>\n                                    <\/div>\n            <\/div>\n            <div class=\"section__column is-content\">\n                                    <p class=\"section__pretitle section-title-m\">\n                        Innovationen                    <\/p>\n                                                    <h2 class=\"section__title headline-l\">\n                        Vorsprung durch Innovation                    <\/h2>\n                                                    <div class=\"section__rte copy-m\">\n                        <p>Wir integrieren innovative Techniken dort, wo sie einen direkten Kundennutzen stiften: zur Entlastung unserer Teams, zur Messbarkeit von Ergebnissen und zur Steigerung der Ressourceneffizienz.<\/p>\n                    <\/div>\n                                                    <div class=\"section__buttons button-group\">\n                                                                                    <a class=\"section__buttons-link button-primary button-primary--arrow\" href=\"https:\/\/www.wackler-group.de\/holding\/ueber-wackler\/innovationen\/\" >\n                                    <span class=\"button__text\">Mehr zu Innovationen<\/span>\n                                <\/a>\n                                                                        <\/div>\n                            <\/div>\n        <\/div>\n<\/section>\n\n\n\n\n<section class=\"align wp-block-lb-media-text has-background has-container-fill-bright-background-color\">\n    <div class=\"container\">\n        <div class=\"section__body reversed\">\n            <div class=\"section__column is-media\">\n                <div class=\"section__media is-ratio-4-3\">\n                                            <div class=\"section__image\">\n                            <img decoding=\"async\" width=\"1244\" height=\"933\" src=\"https:\/\/www.wackler-group.de\/holding\/wp-content\/uploads\/sites\/2\/2026\/07\/Luenedonk-Award.webp\" class=\"attachment-full size-full\" alt=\"Zwei M\u00e4nner in Anz\u00fcgen bei Preisverleihung, einer h\u00e4lt Troph\u00e4e.\" loading=\"lazy\" srcset=\"https:\/\/www.wackler-group.de\/holding\/wp-content\/uploads\/sites\/2\/2026\/07\/Luenedonk-Award.webp 1244w, https:\/\/www.wackler-group.de\/holding\/wp-content\/uploads\/sites\/2\/2026\/07\/Luenedonk-Award-664x498.webp 664w, https:\/\/www.wackler-group.de\/holding\/wp-content\/uploads\/sites\/2\/2026\/07\/Luenedonk-Award-300x225.webp 300w\" sizes=\"(max-width: 1244px) 100vw, 1244px\" \/>                        <\/div>\n                                    <\/div>\n            <\/div>\n            <div class=\"section__column is-content\">\n                                                    <h2 class=\"section__title headline-l\">\n                        Wackler Group erh\u00e4lt L\u00fcnendonk B2B-Service-Award 2025 in der Kategorie \u201eInnovation\u201c                    <\/h2>\n                                                    <div class=\"section__rte copy-m\">\n                        <p>Die Wackler Group wurde mit dem renommierten L\u00fcnendonk &amp; Hossenfelder B2B-Service-Award 2025 in der Kategorie \u201eInnovation\u201c ausgezeichnet.<\/p>\n                    <\/div>\n                                                    <div class=\"section__buttons button-group\">\n                                                                                    <a class=\"section__buttons-link button-primary button-primary--arrow\" href=\"https:\/\/www.wackler-group.de\/holding\/news-presse\/\" >\n                                    <span class=\"button__text\">Zum Beitrag<\/span>\n                                <\/a>\n                                                                        <\/div>\n                            <\/div>\n        <\/div>\n<\/section>\n","protected":false},"excerpt":{"rendered":"<p>Erfahren Sie mehr \u00fcber unsere Werte und 117 Jahre Praxiserfahrung.<\/p>\n","protected":false},"author":1,"featured_media":0,"parent":0,"menu_order":0,"comment_status":"closed","ping_status":"closed","template":"","meta":{"_acf_changed":false,"footnotes":""},"class_list":["post-105","page","type-page","status-publish","hentry"],"acf":[],"ase":null,"_links":{"self":[{"href":"https:\/\/www.wackler-group.de\/holding\/wp-json\/wp\/v2\/pages\/105","targetHints":{"allow":["GET"]}}],"collection":[{"href":"https:\/\/www.wackler-group.de\/holding\/wp-json\/wp\/v2\/pages"}],"about":[{"href":"https:\/\/www.wackler-group.de\/holding\/wp-json\/wp\/v2\/types\/page"}],"author":[{"embeddable":true,"href":"https:\/\/www.wackler-group.de\/holding\/wp-json\/wp\/v2\/users\/1"}],"replies":[{"embeddable":true,"href":"https:\/\/www.wackler-group.de\/holding\/wp-json\/wp\/v2\/comments?post=105"}],"version-history":[{"count":0,"href":"https:\/\/www.wackler-group.de\/holding\/wp-json\/wp\/v2\/pages\/105\/revisions"}],"wp:attachment":[{"href":"https:\/\/www.wackler-group.de\/holding\/wp-json\/wp\/v2\/media?parent=105"}],"curies":[{"name":"wp","href":"https:\/\/api.w.org\/{rel}","templated":true}]}}